{"id":21220,"date":"2018-06-07T18:55:15","date_gmt":"2018-06-07T16:55:15","guid":{"rendered":"http:\/\/intervalphoto.fr\/photographe-architecture-et-industrie\/?post_type=portfolio&#038;p=21220"},"modified":"2024-10-04T13:42:02","modified_gmt":"2024-10-04T11:42:02","slug":"briand-renault-dependance-rennes","status":"publish","type":"portfolio","link":"https:\/\/intervalphoto.fr\/photographe-architecture-et-industrie\/portfolio\/briand-renault-dependance-rennes\/","title":{"rendered":"Briand &amp; Renault Architectes, r\u00e9habilitation d&rsquo;une D\u00e9pendance, maison individuelle, Rennes (35)"},"content":{"rendered":"<div class=\"wa-comp wa-text wa-bg-gradient param[grad(rgba(0,0,0,0)) border(0 #969696)] \">\n<div>\n<div style=\"text-align: left;\" align=\"center\">\n<h1><strong>Briand &amp; Renault Architectes, r\u00e9habilitation, Rennes.<\/strong><\/h1>\n<p>r\u00e9habilitation d&rsquo;une D\u00e9pendance,<br \/>maison individuelle,<br \/>Rennes (35)<br \/>2018<\/p>\n<div><a href=\"http:\/\/www.briand-renault.com\/\" target=\"_blank\" rel=\"noopener\">www.briand-renault.com<\/a><\/div>\n<\/div>\n<\/div>\n<\/div>\n<p>\u00a0<\/p>\n\n\n<div class=\"wp-block-jetpack-tiled-gallery aligncenter is-style-rectangular\"><div class=\"\"><div class=\"tiled-gallery__gallery\"><div class=\"tiled-gallery__row\"><div class=\"tiled-gallery__col\" style=\"flex-basis:66.74718%\"><figure class=\"tiled-gallery__item\"><img data-recalc-dims=\"1\" decoding=\"async\" data-attachment-id=\"21223\" data-permalink=\"https:\/\/intervalphoto.fr\/photographe-architecture-et-industrie\/portfolio\/briand-renault-dependance-rennes\/br-ext-k-rennes-5\/\" data-orig-file=\"https:\/\/i0.wp.com\/intervalphoto.fr\/wp-content\/uploads\/2018\/06\/BR-ext-K-rennes-5.jpg?fit=%2C&amp;ssl=1\" data-orig-size=\"\" data-comments-opened=\"0\" data-image-meta=\"[]\" data-image-title=\"B&amp;#038;R-ext-K-rennes-5\" data-image-description=\"&lt;p&gt;photographe d&amp;rsquo;architecture \u00c2\u00a9INTERVALphoto : Briand &amp;#038; Renault Architectes, r\u00c3\u00a9habilitation d&amp;rsquo;une D\u00c3\u00a9pendance, maison individuelle, Rennes (35)&lt;\/p&gt;\n\" data-image-caption=\"&lt;p&gt;Briand &amp;#038; Renault Architectes, r\u00e9habilitation d&amp;rsquo;une D\u00e9pendance, maison individuelle, Rennes (35) \u00a9INTERVAL photo&lt;\/p&gt;\n\" data-large-file=\"https:\/\/i0.wp.com\/intervalphoto.fr\/wp-content\/uploads\/2018\/06\/BR-ext-K-rennes-5.jpg?fit=1024%2C1024&amp;ssl=1\" data-attachment-id=\"21223\" data-permalink=\"https:\/\/intervalphoto.fr\/photographe-architecture-et-industrie\/portfolio\/briand-renault-dependance-rennes\/br-ext-k-rennes-5\/\" data-orig-file=\"https:\/\/i0.wp.com\/intervalphoto.fr\/wp-content\/uploads\/2018\/06\/BR-ext-K-rennes-5.jpg?fit=%2C&amp;ssl=1\" data-orig-size=\"\" data-comments-opened=\"0\" data-image-meta=\"[]\" data-image-title=\"B&amp;#038;R-ext-K-rennes-5\" data-image-description=\"&lt;p&gt;photographe d&amp;rsquo;architecture \u00c2\u00a9INTERVALphoto : Briand &amp;#038; Renault Architectes, r\u00c3\u00a9habilitation d&amp;rsquo;une D\u00c3\u00a9pendance, maison individuelle, Rennes (35)&lt;\/p&gt;\n\" data-image-caption=\"&lt;p&gt;Briand &amp;#038; Renault Architectes, r\u00e9habilitation d&amp;rsquo;une D\u00e9pendance, maison individuelle, Rennes (35) \u00a9INTERVAL photo&lt;\/p&gt;\n\" data-large-file=\"https:\/\/i0.wp.com\/intervalphoto.fr\/wp-content\/uploads\/2018\/06\/BR-ext-K-rennes-5.jpg?fit=1024%2C1024&amp;ssl=1\" alt=\"photographe d'architecture \u00c2\u00a9INTERVALphoto : Briand &amp; Renault Architectes, r\u00c3\u00a9habilitation d'une D\u00c3\u00a9pendance, maison individuelle, Rennes (35)\" data-id=\"21223\" data-link=\"https:\/\/intervalphoto.fr\/photographe-architecture-et-industrie\/portfolio\/briand-renault-dependance-rennes\/br-ext-k-rennes-5\/\" data-url=\"https:\/\/intervalphoto.fr\/wp-content\/uploads\/2018\/06\/BR-ext-K-rennes-5.jpg\" src=\"https:\/\/i0.wp.com\/intervalphoto.fr\/wp-content\/uploads\/2018\/06\/BR-ext-K-rennes-5.jpg?ssl=1\" data-amp-layout=\"responsive\" tabindex=\"0\" role=\"button\" aria-label=\"Ouvrir l\u2019image 1 sur 25 en plein \u00e9cran\"\/><\/figure><\/div><div class=\"tiled-gallery__col\" style=\"flex-basis:33.25282%\"><figure class=\"tiled-gallery__item\"><img data-recalc-dims=\"1\" decoding=\"async\" data-attachment-id=\"21247\" data-permalink=\"https:\/\/intervalphoto.fr\/photographe-architecture-et-industrie\/portfolio\/briand-renault-dependance-rennes\/br-ext-k-rennes-3\/\" data-orig-file=\"https:\/\/i0.wp.com\/intervalphoto.fr\/wp-content\/uploads\/2018\/06\/BR-ext-K-rennes-3.jpg?fit=%2C&amp;ssl=1\" data-orig-size=\"\" data-comments-opened=\"0\" data-image-meta=\"[]\" data-image-title=\"B&amp;#038;R-ext-K-rennes-3\" data-image-description=\"&lt;p&gt;photographe d&amp;rsquo;architecture \u00c2\u00a9INTERVALphoto : Briand &amp;#038; Renault Architectes, r\u00c3\u00a9habilitation d&amp;rsquo;une D\u00c3\u00a9pendance, maison individuelle, Rennes (35)&lt;\/p&gt;\n\" data-image-caption=\"&lt;p&gt;Briand &amp;#038; Renault Architectes, r\u00e9habilitation d&amp;rsquo;une D\u00e9pendance, maison individuelle, Rennes (35) \u00a9INTERVAL photo&lt;\/p&gt;\n\" data-large-file=\"https:\/\/i0.wp.com\/intervalphoto.fr\/wp-content\/uploads\/2018\/06\/BR-ext-K-rennes-3.jpg?fit=1024%2C1024&amp;ssl=1\" data-attachment-id=\"21247\" data-permalink=\"https:\/\/intervalphoto.fr\/photographe-architecture-et-industrie\/portfolio\/briand-renault-dependance-rennes\/br-ext-k-rennes-3\/\" data-orig-file=\"https:\/\/i0.wp.com\/intervalphoto.fr\/wp-content\/uploads\/2018\/06\/BR-ext-K-rennes-3.jpg?fit=%2C&amp;ssl=1\" data-orig-size=\"\" data-comments-opened=\"0\" data-image-meta=\"[]\" data-image-title=\"B&amp;#038;R-ext-K-rennes-3\" data-image-description=\"&lt;p&gt;photographe d&amp;rsquo;architecture \u00c2\u00a9INTERVALphoto : Briand &amp;#038; Renault Architectes, r\u00c3\u00a9habilitation d&amp;rsquo;une D\u00c3\u00a9pendance, maison individuelle, Rennes (35)&lt;\/p&gt;\n\" data-image-caption=\"&lt;p&gt;Briand &amp;#038; Renault Architectes, r\u00e9habilitation d&amp;rsquo;une D\u00e9pendance, maison individuelle, Rennes (35) \u00a9INTERVAL photo&lt;\/p&gt;\n\" data-large-file=\"https:\/\/i0.wp.com\/intervalphoto.fr\/wp-content\/uploads\/2018\/06\/BR-ext-K-rennes-3.jpg?fit=1024%2C1024&amp;ssl=1\" alt=\"photographe d'architecture \u00c2\u00a9INTERVALphoto : Briand &amp; Renault Architectes, r\u00c3\u00a9habilitation d'une D\u00c3\u00a9pendance, maison individuelle, Rennes (35)\" data-id=\"21247\" data-link=\"https:\/\/intervalphoto.fr\/photographe-architecture-et-industrie\/portfolio\/briand-renault-dependance-rennes\/br-ext-k-rennes-3\/\" data-url=\"https:\/\/intervalphoto.fr\/wp-content\/uploads\/2018\/06\/BR-ext-K-rennes-3.jpg\" src=\"https:\/\/i0.wp.com\/intervalphoto.fr\/wp-content\/uploads\/2018\/06\/BR-ext-K-rennes-3.jpg?ssl=1\" data-amp-layout=\"responsive\" tabindex=\"0\" role=\"button\" aria-label=\"Ouvrir l\u2019image 2 sur 25 en plein \u00e9cran\"\/><\/figure><figure class=\"tiled-gallery__item\"><img data-recalc-dims=\"1\" decoding=\"async\" data-attachment-id=\"21224\" data-permalink=\"https:\/\/intervalphoto.fr\/photographe-architecture-et-industrie\/portfolio\/briand-renault-dependance-rennes\/br-ext-k-rennes-7\/\" data-orig-file=\"https:\/\/i0.wp.com\/intervalphoto.fr\/wp-content\/uploads\/2018\/06\/BR-ext-K-rennes-7.jpg?fit=%2C&amp;ssl=1\" data-orig-size=\"\" data-comments-opened=\"0\" data-image-meta=\"[]\" data-image-title=\"B&amp;#038;R-ext-K-rennes-7\" data-image-description=\"&lt;p&gt;photographe d&amp;rsquo;architecture \u00c2\u00a9INTERVALphoto : Briand &amp;#038; Renault Architectes, r\u00c3\u00a9habilitation d&amp;rsquo;une D\u00c3\u00a9pendance, maison individuelle, Rennes (35)&lt;\/p&gt;\n\" data-image-caption=\"&lt;p&gt;Briand &amp;#038; Renault Architectes, r\u00c3\u00a9habilitation d&amp;rsquo;une D\u00c3\u00a9pendance, maison individuelle, Rennes (35) \u00c2\u00a9INTERVAL photo&lt;\/p&gt;\n\" data-large-file=\"https:\/\/i0.wp.com\/intervalphoto.fr\/wp-content\/uploads\/2018\/06\/BR-ext-K-rennes-7.jpg?fit=1024%2C1024&amp;ssl=1\" data-attachment-id=\"21224\" data-permalink=\"https:\/\/intervalphoto.fr\/photographe-architecture-et-industrie\/portfolio\/briand-renault-dependance-rennes\/br-ext-k-rennes-7\/\" data-orig-file=\"https:\/\/i0.wp.com\/intervalphoto.fr\/wp-content\/uploads\/2018\/06\/BR-ext-K-rennes-7.jpg?fit=%2C&amp;ssl=1\" data-orig-size=\"\" data-comments-opened=\"0\" data-image-meta=\"[]\" data-image-title=\"B&amp;#038;R-ext-K-rennes-7\" data-image-description=\"&lt;p&gt;photographe d&amp;rsquo;architecture \u00c2\u00a9INTERVALphoto : Briand &amp;#038; Renault Architectes, r\u00c3\u00a9habilitation d&amp;rsquo;une D\u00c3\u00a9pendance, maison individuelle, Rennes (35)&lt;\/p&gt;\n\" data-image-caption=\"&lt;p&gt;Briand &amp;#038; Renault Architectes, r\u00c3\u00a9habilitation d&amp;rsquo;une D\u00c3\u00a9pendance, maison individuelle, Rennes (35) \u00c2\u00a9INTERVAL photo&lt;\/p&gt;\n\" data-large-file=\"https:\/\/i0.wp.com\/intervalphoto.fr\/wp-content\/uploads\/2018\/06\/BR-ext-K-rennes-7.jpg?fit=1024%2C1024&amp;ssl=1\" alt=\"photographe d'architecture \u00c2\u00a9INTERVALphoto : Briand &amp; Renault Architectes, r\u00c3\u00a9habilitation d'une D\u00c3\u00a9pendance, maison individuelle, Rennes (35)\" data-id=\"21224\" data-link=\"https:\/\/intervalphoto.fr\/photographe-architecture-et-industrie\/portfolio\/briand-renault-dependance-rennes\/br-ext-k-rennes-7\/\" data-url=\"https:\/\/intervalphoto.fr\/wp-content\/uploads\/2018\/06\/BR-ext-K-rennes-7.jpg\" src=\"https:\/\/i0.wp.com\/intervalphoto.fr\/wp-content\/uploads\/2018\/06\/BR-ext-K-rennes-7.jpg?ssl=1\" data-amp-layout=\"responsive\" tabindex=\"0\" role=\"button\" aria-label=\"Ouvrir l\u2019image 3 sur 25 en plein \u00e9cran\"\/><\/figure><\/div><\/div><div class=\"tiled-gallery__row\"><div class=\"tiled-gallery__col\" style=\"flex-basis:33.33333%\"><figure class=\"tiled-gallery__item\"><img data-recalc-dims=\"1\" decoding=\"async\" data-attachment-id=\"21225\" data-permalink=\"https:\/\/intervalphoto.fr\/photographe-architecture-et-industrie\/portfolio\/briand-renault-dependance-rennes\/br-ext-k-rennes-8\/\" data-orig-file=\"https:\/\/i0.wp.com\/intervalphoto.fr\/wp-content\/uploads\/2018\/06\/BR-ext-K-rennes-8.jpg?fit=%2C&amp;ssl=1\" data-orig-size=\"\" data-comments-opened=\"0\" data-image-meta=\"[]\" data-image-title=\"B&amp;#038;R-ext-K-rennes-8\" data-image-description=\"&lt;p&gt;photographe d&amp;rsquo;architecture \u00c2\u00a9INTERVALphoto : Briand &amp;#038; Renault Architectes, r\u00c3\u00a9habilitation d&amp;rsquo;une D\u00c3\u00a9pendance, maison individuelle, Rennes (35)&lt;\/p&gt;\n\" data-image-caption=\"&lt;p&gt;Briand &amp;#038; Renault Architectes, r\u00e9habilitation d&amp;rsquo;une D\u00e9pendance, maison individuelle, Rennes (35) \u00a9INTERVAL photo&lt;\/p&gt;\n\" data-large-file=\"https:\/\/i0.wp.com\/intervalphoto.fr\/wp-content\/uploads\/2018\/06\/BR-ext-K-rennes-8.jpg?fit=1024%2C1024&amp;ssl=1\" data-attachment-id=\"21225\" data-permalink=\"https:\/\/intervalphoto.fr\/photographe-architecture-et-industrie\/portfolio\/briand-renault-dependance-rennes\/br-ext-k-rennes-8\/\" data-orig-file=\"https:\/\/i0.wp.com\/intervalphoto.fr\/wp-content\/uploads\/2018\/06\/BR-ext-K-rennes-8.jpg?fit=%2C&amp;ssl=1\" data-orig-size=\"\" data-comments-opened=\"0\" data-image-meta=\"[]\" data-image-title=\"B&amp;#038;R-ext-K-rennes-8\" data-image-description=\"&lt;p&gt;photographe d&amp;rsquo;architecture \u00c2\u00a9INTERVALphoto : Briand &amp;#038; Renault Architectes, r\u00c3\u00a9habilitation d&amp;rsquo;une D\u00c3\u00a9pendance, maison individuelle, Rennes (35)&lt;\/p&gt;\n\" data-image-caption=\"&lt;p&gt;Briand &amp;#038; Renault Architectes, r\u00e9habilitation d&amp;rsquo;une D\u00e9pendance, maison individuelle, Rennes (35) \u00a9INTERVAL photo&lt;\/p&gt;\n\" data-large-file=\"https:\/\/i0.wp.com\/intervalphoto.fr\/wp-content\/uploads\/2018\/06\/BR-ext-K-rennes-8.jpg?fit=1024%2C1024&amp;ssl=1\" alt=\"photographe d'architecture \u00c2\u00a9INTERVALphoto : Briand &amp; Renault Architectes, r\u00c3\u00a9habilitation d'une D\u00c3\u00a9pendance, maison individuelle, Rennes (35)\" data-id=\"21225\" data-link=\"https:\/\/intervalphoto.fr\/photographe-architecture-et-industrie\/portfolio\/briand-renault-dependance-rennes\/br-ext-k-rennes-8\/\" data-url=\"https:\/\/intervalphoto.fr\/wp-content\/uploads\/2018\/06\/BR-ext-K-rennes-8.jpg\" src=\"https:\/\/i0.wp.com\/intervalphoto.fr\/wp-content\/uploads\/2018\/06\/BR-ext-K-rennes-8.jpg?ssl=1\" data-amp-layout=\"responsive\" tabindex=\"0\" role=\"button\" aria-label=\"Ouvrir l\u2019image 4 sur 25 en plein \u00e9cran\"\/><\/figure><\/div><div class=\"tiled-gallery__col\" style=\"flex-basis:33.33333%\"><figure class=\"tiled-gallery__item\"><img data-recalc-dims=\"1\" decoding=\"async\" data-attachment-id=\"21226\" data-permalink=\"https:\/\/intervalphoto.fr\/photographe-architecture-et-industrie\/portfolio\/briand-renault-dependance-rennes\/br-ext-k-rennes-10\/\" data-orig-file=\"https:\/\/i0.wp.com\/intervalphoto.fr\/wp-content\/uploads\/2018\/06\/BR-ext-K-rennes-10.jpg?fit=%2C&amp;ssl=1\" data-orig-size=\"\" data-comments-opened=\"0\" data-image-meta=\"[]\" data-image-title=\"B&amp;#038;R-ext-K-rennes-10\" data-image-description=\"&lt;p&gt;photographe d&amp;rsquo;architecture \u00c2\u00a9INTERVALphoto : Briand &amp;#038; Renault Architectes, r\u00c3\u00a9habilitation d&amp;rsquo;une D\u00c3\u00a9pendance, maison individuelle, Rennes (35)&lt;\/p&gt;\n\" data-image-caption=\"&lt;p&gt;Briand &amp;#038; Renault Architectes, r\u00e9habilitation d&amp;rsquo;une D\u00e9pendance, maison individuelle, Rennes (35) \u00a9INTERVAL photo&lt;\/p&gt;\n\" data-large-file=\"https:\/\/i0.wp.com\/intervalphoto.fr\/wp-content\/uploads\/2018\/06\/BR-ext-K-rennes-10.jpg?fit=1024%2C1024&amp;ssl=1\" data-attachment-id=\"21226\" data-permalink=\"https:\/\/intervalphoto.fr\/photographe-architecture-et-industrie\/portfolio\/briand-renault-dependance-rennes\/br-ext-k-rennes-10\/\" data-orig-file=\"https:\/\/i0.wp.com\/intervalphoto.fr\/wp-content\/uploads\/2018\/06\/BR-ext-K-rennes-10.jpg?fit=%2C&amp;ssl=1\" data-orig-size=\"\" data-comments-opened=\"0\" data-image-meta=\"[]\" data-image-title=\"B&amp;#038;R-ext-K-rennes-10\" data-image-description=\"&lt;p&gt;photographe d&amp;rsquo;architecture \u00c2\u00a9INTERVALphoto : Briand &amp;#038; Renault Architectes, r\u00c3\u00a9habilitation d&amp;rsquo;une D\u00c3\u00a9pendance, maison individuelle, Rennes (35)&lt;\/p&gt;\n\" data-image-caption=\"&lt;p&gt;Briand &amp;#038; Renault Architectes, r\u00e9habilitation d&amp;rsquo;une D\u00e9pendance, maison individuelle, Rennes (35) \u00a9INTERVAL photo&lt;\/p&gt;\n\" data-large-file=\"https:\/\/i0.wp.com\/intervalphoto.fr\/wp-content\/uploads\/2018\/06\/BR-ext-K-rennes-10.jpg?fit=1024%2C1024&amp;ssl=1\" alt=\"photographe d'architecture \u00c2\u00a9INTERVALphoto : Briand &amp; Renault Architectes, r\u00c3\u00a9habilitation d'une D\u00c3\u00a9pendance, maison individuelle, Rennes (35)\" data-id=\"21226\" data-link=\"https:\/\/intervalphoto.fr\/photographe-architecture-et-industrie\/portfolio\/briand-renault-dependance-rennes\/br-ext-k-rennes-10\/\" data-url=\"https:\/\/intervalphoto.fr\/wp-content\/uploads\/2018\/06\/BR-ext-K-rennes-10.jpg\" src=\"https:\/\/i0.wp.com\/intervalphoto.fr\/wp-content\/uploads\/2018\/06\/BR-ext-K-rennes-10.jpg?ssl=1\" data-amp-layout=\"responsive\" tabindex=\"0\" role=\"button\" aria-label=\"Ouvrir l\u2019image 5 sur 25 en plein \u00e9cran\"\/><\/figure><\/div><div class=\"tiled-gallery__col\" style=\"flex-basis:33.33333%\"><figure class=\"tiled-gallery__item\"><img data-recalc-dims=\"1\" decoding=\"async\" data-attachment-id=\"21227\" data-permalink=\"https:\/\/intervalphoto.fr\/photographe-architecture-et-industrie\/portfolio\/briand-renault-dependance-rennes\/br-ext-k-rennes-13\/\" data-orig-file=\"https:\/\/i0.wp.com\/intervalphoto.fr\/wp-content\/uploads\/2018\/06\/BR-ext-K-rennes-13.jpg?fit=%2C&amp;ssl=1\" data-orig-size=\"\" data-comments-opened=\"0\" data-image-meta=\"[]\" data-image-title=\"B&amp;#038;R-ext-K-rennes-13\" data-image-description=\"&lt;p&gt;photographe d&amp;rsquo;architecture \u00c2\u00a9INTERVALphoto : Briand &amp;#038; Renault Architectes, r\u00c3\u00a9habilitation d&amp;rsquo;une D\u00c3\u00a9pendance, maison individuelle, Rennes (35)&lt;\/p&gt;\n\" data-image-caption=\"&lt;p&gt;Briand &amp;#038; Renault Architectes, r\u00e9habilitation d&amp;rsquo;une D\u00e9pendance, maison individuelle, Rennes (35) \u00a9INTERVAL photo&lt;\/p&gt;\n\" data-large-file=\"https:\/\/i0.wp.com\/intervalphoto.fr\/wp-content\/uploads\/2018\/06\/BR-ext-K-rennes-13.jpg?fit=1024%2C1024&amp;ssl=1\" data-attachment-id=\"21227\" data-permalink=\"https:\/\/intervalphoto.fr\/photographe-architecture-et-industrie\/portfolio\/briand-renault-dependance-rennes\/br-ext-k-rennes-13\/\" data-orig-file=\"https:\/\/i0.wp.com\/intervalphoto.fr\/wp-content\/uploads\/2018\/06\/BR-ext-K-rennes-13.jpg?fit=%2C&amp;ssl=1\" data-orig-size=\"\" data-comments-opened=\"0\" data-image-meta=\"[]\" data-image-title=\"B&amp;#038;R-ext-K-rennes-13\" data-image-description=\"&lt;p&gt;photographe d&amp;rsquo;architecture \u00c2\u00a9INTERVALphoto : Briand &amp;#038; Renault Architectes, r\u00c3\u00a9habilitation d&amp;rsquo;une D\u00c3\u00a9pendance, maison individuelle, Rennes (35)&lt;\/p&gt;\n\" data-image-caption=\"&lt;p&gt;Briand &amp;#038; Renault Architectes, r\u00e9habilitation d&amp;rsquo;une D\u00e9pendance, maison individuelle, Rennes (35) \u00a9INTERVAL photo&lt;\/p&gt;\n\" data-large-file=\"https:\/\/i0.wp.com\/intervalphoto.fr\/wp-content\/uploads\/2018\/06\/BR-ext-K-rennes-13.jpg?fit=1024%2C1024&amp;ssl=1\" alt=\"photographe d'architecture \u00c2\u00a9INTERVALphoto : Briand &amp; Renault Architectes, r\u00c3\u00a9habilitation d'une D\u00c3\u00a9pendance, maison individuelle, Rennes (35)\" data-id=\"21227\" data-link=\"https:\/\/intervalphoto.fr\/photographe-architecture-et-industrie\/portfolio\/briand-renault-dependance-rennes\/br-ext-k-rennes-13\/\" data-url=\"https:\/\/intervalphoto.fr\/wp-content\/uploads\/2018\/06\/BR-ext-K-rennes-13.jpg\" src=\"https:\/\/i0.wp.com\/intervalphoto.fr\/wp-content\/uploads\/2018\/06\/BR-ext-K-rennes-13.jpg?ssl=1\" data-amp-layout=\"responsive\" tabindex=\"0\" role=\"button\" aria-label=\"Ouvrir l\u2019image 6 sur 25 en plein \u00e9cran\"\/><\/figure><\/div><\/div><div class=\"tiled-gallery__row\"><div class=\"tiled-gallery__col\" style=\"flex-basis:33.25282%\"><figure class=\"tiled-gallery__item\"><img data-recalc-dims=\"1\" decoding=\"async\" data-attachment-id=\"21228\" data-permalink=\"https:\/\/intervalphoto.fr\/photographe-architecture-et-industrie\/portfolio\/briand-renault-dependance-rennes\/br-ext-k-rennes-16\/\" data-orig-file=\"https:\/\/i0.wp.com\/intervalphoto.fr\/wp-content\/uploads\/2018\/06\/BR-ext-K-rennes-16.jpg?fit=%2C&amp;ssl=1\" data-orig-size=\"\" data-comments-opened=\"0\" data-image-meta=\"[]\" data-image-title=\"B&amp;#038;R-ext-K-rennes-16\" data-image-description=\"&lt;p&gt;photographe d&amp;rsquo;architecture \u00c2\u00a9INTERVALphoto : Briand &amp;#038; Renault Architectes, r\u00c3\u00a9habilitation d&amp;rsquo;une D\u00c3\u00a9pendance, maison individuelle, Rennes (35)&lt;\/p&gt;\n\" data-image-caption=\"&lt;p&gt;Briand &amp;#038; Renault Architectes, r\u00e9habilitation d&amp;rsquo;une D\u00e9pendance, maison individuelle, Rennes (35) \u00a9INTERVAL photo&lt;\/p&gt;\n\" data-large-file=\"https:\/\/i0.wp.com\/intervalphoto.fr\/wp-content\/uploads\/2018\/06\/BR-ext-K-rennes-16.jpg?fit=1024%2C1024&amp;ssl=1\" data-attachment-id=\"21228\" data-permalink=\"https:\/\/intervalphoto.fr\/photographe-architecture-et-industrie\/portfolio\/briand-renault-dependance-rennes\/br-ext-k-rennes-16\/\" data-orig-file=\"https:\/\/i0.wp.com\/intervalphoto.fr\/wp-content\/uploads\/2018\/06\/BR-ext-K-rennes-16.jpg?fit=%2C&amp;ssl=1\" data-orig-size=\"\" data-comments-opened=\"0\" data-image-meta=\"[]\" data-image-title=\"B&amp;#038;R-ext-K-rennes-16\" data-image-description=\"&lt;p&gt;photographe d&amp;rsquo;architecture \u00c2\u00a9INTERVALphoto : Briand &amp;#038; Renault Architectes, r\u00c3\u00a9habilitation d&amp;rsquo;une D\u00c3\u00a9pendance, maison individuelle, Rennes (35)&lt;\/p&gt;\n\" data-image-caption=\"&lt;p&gt;Briand &amp;#038; Renault Architectes, r\u00e9habilitation d&amp;rsquo;une D\u00e9pendance, maison individuelle, Rennes (35) \u00a9INTERVAL photo&lt;\/p&gt;\n\" data-large-file=\"https:\/\/i0.wp.com\/intervalphoto.fr\/wp-content\/uploads\/2018\/06\/BR-ext-K-rennes-16.jpg?fit=1024%2C1024&amp;ssl=1\" alt=\"photographe d'architecture \u00c2\u00a9INTERVALphoto : Briand &amp; Renault Architectes, r\u00c3\u00a9habilitation d'une D\u00c3\u00a9pendance, maison individuelle, Rennes (35)\" data-id=\"21228\" data-link=\"https:\/\/intervalphoto.fr\/photographe-architecture-et-industrie\/portfolio\/briand-renault-dependance-rennes\/br-ext-k-rennes-16\/\" data-url=\"https:\/\/intervalphoto.fr\/wp-content\/uploads\/2018\/06\/BR-ext-K-rennes-16.jpg\" src=\"https:\/\/i0.wp.com\/intervalphoto.fr\/wp-content\/uploads\/2018\/06\/BR-ext-K-rennes-16.jpg?ssl=1\" data-amp-layout=\"responsive\" tabindex=\"0\" role=\"button\" aria-label=\"Ouvrir l\u2019image 7 sur 25 en plein \u00e9cran\"\/><\/figure><figure class=\"tiled-gallery__item\"><img data-recalc-dims=\"1\" decoding=\"async\" data-attachment-id=\"21229\" data-permalink=\"https:\/\/intervalphoto.fr\/photographe-architecture-et-industrie\/portfolio\/briand-renault-dependance-rennes\/br-ext-k-rennes-18\/\" data-orig-file=\"https:\/\/i0.wp.com\/intervalphoto.fr\/wp-content\/uploads\/2018\/06\/BR-ext-K-rennes-18.jpg?fit=%2C&amp;ssl=1\" data-orig-size=\"\" data-comments-opened=\"0\" data-image-meta=\"[]\" data-image-title=\"B&amp;#038;R-ext-K-rennes-18\" data-image-description=\"&lt;p&gt;photographe d&amp;rsquo;architecture \u00c2\u00a9INTERVALphoto : Briand &amp;#038; Renault Architectes, r\u00c3\u00a9habilitation d&amp;rsquo;une D\u00c3\u00a9pendance, maison individuelle, Rennes (35)&lt;\/p&gt;\n\" data-image-caption=\"&lt;p&gt;Briand &amp;#038; Renault Architectes, r\u00e9habilitation d&amp;rsquo;une D\u00e9pendance, maison individuelle, Rennes (35) \u00a9INTERVAL photo&lt;\/p&gt;\n\" data-large-file=\"https:\/\/i0.wp.com\/intervalphoto.fr\/wp-content\/uploads\/2018\/06\/BR-ext-K-rennes-18.jpg?fit=1024%2C1024&amp;ssl=1\" data-attachment-id=\"21229\" data-permalink=\"https:\/\/intervalphoto.fr\/photographe-architecture-et-industrie\/portfolio\/briand-renault-dependance-rennes\/br-ext-k-rennes-18\/\" data-orig-file=\"https:\/\/i0.wp.com\/intervalphoto.fr\/wp-content\/uploads\/2018\/06\/BR-ext-K-rennes-18.jpg?fit=%2C&amp;ssl=1\" data-orig-size=\"\" data-comments-opened=\"0\" data-image-meta=\"[]\" data-image-title=\"B&amp;#038;R-ext-K-rennes-18\" data-image-description=\"&lt;p&gt;photographe d&amp;rsquo;architecture \u00c2\u00a9INTERVALphoto : Briand &amp;#038; Renault Architectes, r\u00c3\u00a9habilitation d&amp;rsquo;une D\u00c3\u00a9pendance, maison individuelle, Rennes (35)&lt;\/p&gt;\n\" data-image-caption=\"&lt;p&gt;Briand &amp;#038; Renault Architectes, r\u00e9habilitation d&amp;rsquo;une D\u00e9pendance, maison individuelle, Rennes (35) \u00a9INTERVAL photo&lt;\/p&gt;\n\" data-large-file=\"https:\/\/i0.wp.com\/intervalphoto.fr\/wp-content\/uploads\/2018\/06\/BR-ext-K-rennes-18.jpg?fit=1024%2C1024&amp;ssl=1\" alt=\"photographe d'architecture \u00c2\u00a9INTERVALphoto : Briand &amp; Renault Architectes, r\u00c3\u00a9habilitation d'une D\u00c3\u00a9pendance, maison individuelle, Rennes (35)\" data-id=\"21229\" data-link=\"https:\/\/intervalphoto.fr\/photographe-architecture-et-industrie\/portfolio\/briand-renault-dependance-rennes\/br-ext-k-rennes-18\/\" data-url=\"https:\/\/intervalphoto.fr\/wp-content\/uploads\/2018\/06\/BR-ext-K-rennes-18.jpg\" src=\"https:\/\/i0.wp.com\/intervalphoto.fr\/wp-content\/uploads\/2018\/06\/BR-ext-K-rennes-18.jpg?ssl=1\" data-amp-layout=\"responsive\" tabindex=\"0\" role=\"button\" aria-label=\"Ouvrir l\u2019image 8 sur 25 en plein \u00e9cran\"\/><\/figure><\/div><div class=\"tiled-gallery__col\" style=\"flex-basis:66.74718%\"><figure class=\"tiled-gallery__item\"><img data-recalc-dims=\"1\" decoding=\"async\" data-attachment-id=\"21230\" data-permalink=\"https:\/\/intervalphoto.fr\/photographe-architecture-et-industrie\/portfolio\/briand-renault-dependance-rennes\/br-ext-k-rennes-21\/\" data-orig-file=\"https:\/\/i0.wp.com\/intervalphoto.fr\/wp-content\/uploads\/2018\/06\/BR-ext-K-rennes-21.jpg?fit=%2C&amp;ssl=1\" data-orig-size=\"\" data-comments-opened=\"0\" data-image-meta=\"[]\" data-image-title=\"B&amp;#038;R-ext-K-rennes-21\" data-image-description=\"&lt;p&gt;photographe d&amp;rsquo;architecture \u00c2\u00a9INTERVALphoto : Briand &amp;#038; Renault Architectes, r\u00c3\u00a9habilitation d&amp;rsquo;une D\u00c3\u00a9pendance, maison individuelle, Rennes (35)&lt;\/p&gt;\n\" data-image-caption=\"&lt;p&gt;Briand &amp;#038; Renault Architectes, r\u00e9habilitation d&amp;rsquo;une D\u00e9pendance, maison individuelle, Rennes (35) \u00a9INTERVAL photo&lt;\/p&gt;\n\" data-large-file=\"https:\/\/i0.wp.com\/intervalphoto.fr\/wp-content\/uploads\/2018\/06\/BR-ext-K-rennes-21.jpg?fit=1024%2C1024&amp;ssl=1\" data-attachment-id=\"21230\" data-permalink=\"https:\/\/intervalphoto.fr\/photographe-architecture-et-industrie\/portfolio\/briand-renault-dependance-rennes\/br-ext-k-rennes-21\/\" data-orig-file=\"https:\/\/i0.wp.com\/intervalphoto.fr\/wp-content\/uploads\/2018\/06\/BR-ext-K-rennes-21.jpg?fit=%2C&amp;ssl=1\" data-orig-size=\"\" data-comments-opened=\"0\" data-image-meta=\"[]\" data-image-title=\"B&amp;#038;R-ext-K-rennes-21\" data-image-description=\"&lt;p&gt;photographe d&amp;rsquo;architecture \u00c2\u00a9INTERVALphoto : Briand &amp;#038; Renault Architectes, r\u00c3\u00a9habilitation d&amp;rsquo;une D\u00c3\u00a9pendance, maison individuelle, Rennes (35)&lt;\/p&gt;\n\" data-image-caption=\"&lt;p&gt;Briand &amp;#038; Renault Architectes, r\u00e9habilitation d&amp;rsquo;une D\u00e9pendance, maison individuelle, Rennes (35) \u00a9INTERVAL photo&lt;\/p&gt;\n\" data-large-file=\"https:\/\/i0.wp.com\/intervalphoto.fr\/wp-content\/uploads\/2018\/06\/BR-ext-K-rennes-21.jpg?fit=1024%2C1024&amp;ssl=1\" alt=\"photographe d'architecture \u00c2\u00a9INTERVALphoto : Briand &amp; Renault Architectes, r\u00c3\u00a9habilitation d'une D\u00c3\u00a9pendance, maison individuelle, Rennes (35)\" data-id=\"21230\" data-link=\"https:\/\/intervalphoto.fr\/photographe-architecture-et-industrie\/portfolio\/briand-renault-dependance-rennes\/br-ext-k-rennes-21\/\" data-url=\"https:\/\/intervalphoto.fr\/wp-content\/uploads\/2018\/06\/BR-ext-K-rennes-21.jpg\" src=\"https:\/\/i0.wp.com\/intervalphoto.fr\/wp-content\/uploads\/2018\/06\/BR-ext-K-rennes-21.jpg?ssl=1\" data-amp-layout=\"responsive\" tabindex=\"0\" role=\"button\" aria-label=\"Ouvrir l\u2019image 9 sur 25 en plein \u00e9cran\"\/><\/figure><\/div><\/div><div class=\"tiled-gallery__row\"><div class=\"tiled-gallery__col\" style=\"flex-basis:50.00000%\"><figure class=\"tiled-gallery__item\"><img data-recalc-dims=\"1\" decoding=\"async\" data-attachment-id=\"21231\" data-permalink=\"https:\/\/intervalphoto.fr\/photographe-architecture-et-industrie\/portfolio\/briand-renault-dependance-rennes\/br-ext-k-rennes-26\/\" data-orig-file=\"https:\/\/i0.wp.com\/intervalphoto.fr\/wp-content\/uploads\/2018\/06\/BR-ext-K-rennes-26.jpg?fit=%2C&amp;ssl=1\" data-orig-size=\"\" data-comments-opened=\"0\" data-image-meta=\"[]\" data-image-title=\"B&amp;#038;R-ext-K-rennes-26\" data-image-description=\"&lt;p&gt;photographe d&amp;rsquo;architecture \u00c2\u00a9INTERVALphoto : Briand &amp;#038; Renault Architectes, r\u00c3\u00a9habilitation d&amp;rsquo;une D\u00c3\u00a9pendance, maison individuelle, Rennes (35)&lt;\/p&gt;\n\" data-image-caption=\"&lt;p&gt;Briand &amp;#038; Renault Architectes, r\u00e9habilitation d&amp;rsquo;une D\u00e9pendance, maison individuelle, Rennes (35) \u00a9INTERVAL photo&lt;\/p&gt;\n\" data-large-file=\"https:\/\/i0.wp.com\/intervalphoto.fr\/wp-content\/uploads\/2018\/06\/BR-ext-K-rennes-26.jpg?fit=1024%2C1024&amp;ssl=1\" data-attachment-id=\"21231\" data-permalink=\"https:\/\/intervalphoto.fr\/photographe-architecture-et-industrie\/portfolio\/briand-renault-dependance-rennes\/br-ext-k-rennes-26\/\" data-orig-file=\"https:\/\/i0.wp.com\/intervalphoto.fr\/wp-content\/uploads\/2018\/06\/BR-ext-K-rennes-26.jpg?fit=%2C&amp;ssl=1\" data-orig-size=\"\" data-comments-opened=\"0\" data-image-meta=\"[]\" data-image-title=\"B&amp;#038;R-ext-K-rennes-26\" data-image-description=\"&lt;p&gt;photographe d&amp;rsquo;architecture \u00c2\u00a9INTERVALphoto : Briand &amp;#038; Renault Architectes, r\u00c3\u00a9habilitation d&amp;rsquo;une D\u00c3\u00a9pendance, maison individuelle, Rennes (35)&lt;\/p&gt;\n\" data-image-caption=\"&lt;p&gt;Briand &amp;#038; Renault Architectes, r\u00e9habilitation d&amp;rsquo;une D\u00e9pendance, maison individuelle, Rennes (35) \u00a9INTERVAL photo&lt;\/p&gt;\n\" data-large-file=\"https:\/\/i0.wp.com\/intervalphoto.fr\/wp-content\/uploads\/2018\/06\/BR-ext-K-rennes-26.jpg?fit=1024%2C1024&amp;ssl=1\" alt=\"photographe d'architecture \u00c2\u00a9INTERVALphoto : Briand &amp; Renault Architectes, r\u00c3\u00a9habilitation d'une D\u00c3\u00a9pendance, maison individuelle, Rennes (35)\" data-id=\"21231\" data-link=\"https:\/\/intervalphoto.fr\/photographe-architecture-et-industrie\/portfolio\/briand-renault-dependance-rennes\/br-ext-k-rennes-26\/\" data-url=\"https:\/\/intervalphoto.fr\/wp-content\/uploads\/2018\/06\/BR-ext-K-rennes-26.jpg\" src=\"https:\/\/i0.wp.com\/intervalphoto.fr\/wp-content\/uploads\/2018\/06\/BR-ext-K-rennes-26.jpg?ssl=1\" data-amp-layout=\"responsive\" tabindex=\"0\" role=\"button\" aria-label=\"Ouvrir l\u2019image 10 sur 25 en plein \u00e9cran\"\/><\/figure><\/div><div class=\"tiled-gallery__col\" style=\"flex-basis:50.00000%\"><figure class=\"tiled-gallery__item\"><img data-recalc-dims=\"1\" decoding=\"async\" data-attachment-id=\"21232\" data-permalink=\"https:\/\/intervalphoto.fr\/photographe-architecture-et-industrie\/portfolio\/briand-renault-dependance-rennes\/br-ext-k-rennes-28\/\" data-orig-file=\"https:\/\/i0.wp.com\/intervalphoto.fr\/wp-content\/uploads\/2018\/06\/BR-ext-K-rennes-28.jpg?fit=%2C&amp;ssl=1\" data-orig-size=\"\" data-comments-opened=\"0\" data-image-meta=\"[]\" data-image-title=\"B&amp;#038;R-ext-K-rennes-28\" data-image-description=\"&lt;p&gt;photographe d&amp;rsquo;architecture \u00c2\u00a9INTERVALphoto : Briand &amp;#038; Renault Architectes, r\u00c3\u00a9habilitation d&amp;rsquo;une D\u00c3\u00a9pendance, maison individuelle, Rennes (35)&lt;\/p&gt;\n\" data-image-caption=\"&lt;p&gt;Briand &amp;#038; Renault Architectes, r\u00e9habilitation d&amp;rsquo;une D\u00e9pendance, maison individuelle, Rennes (35) \u00a9INTERVAL photo&lt;\/p&gt;\n\" data-large-file=\"https:\/\/i0.wp.com\/intervalphoto.fr\/wp-content\/uploads\/2018\/06\/BR-ext-K-rennes-28.jpg?fit=1024%2C1024&amp;ssl=1\" data-attachment-id=\"21232\" data-permalink=\"https:\/\/intervalphoto.fr\/photographe-architecture-et-industrie\/portfolio\/briand-renault-dependance-rennes\/br-ext-k-rennes-28\/\" data-orig-file=\"https:\/\/i0.wp.com\/intervalphoto.fr\/wp-content\/uploads\/2018\/06\/BR-ext-K-rennes-28.jpg?fit=%2C&amp;ssl=1\" data-orig-size=\"\" data-comments-opened=\"0\" data-image-meta=\"[]\" data-image-title=\"B&amp;#038;R-ext-K-rennes-28\" data-image-description=\"&lt;p&gt;photographe d&amp;rsquo;architecture \u00c2\u00a9INTERVALphoto : Briand &amp;#038; Renault Architectes, r\u00c3\u00a9habilitation d&amp;rsquo;une D\u00c3\u00a9pendance, maison individuelle, Rennes (35)&lt;\/p&gt;\n\" data-image-caption=\"&lt;p&gt;Briand &amp;#038; Renault Architectes, r\u00e9habilitation d&amp;rsquo;une D\u00e9pendance, maison individuelle, Rennes (35) \u00a9INTERVAL photo&lt;\/p&gt;\n\" data-large-file=\"https:\/\/i0.wp.com\/intervalphoto.fr\/wp-content\/uploads\/2018\/06\/BR-ext-K-rennes-28.jpg?fit=1024%2C1024&amp;ssl=1\" alt=\"photographe d'architecture \u00c2\u00a9INTERVALphoto : Briand &amp; Renault Architectes, r\u00c3\u00a9habilitation d'une D\u00c3\u00a9pendance, maison individuelle, Rennes (35)\" data-id=\"21232\" data-link=\"https:\/\/intervalphoto.fr\/photographe-architecture-et-industrie\/portfolio\/briand-renault-dependance-rennes\/br-ext-k-rennes-28\/\" data-url=\"https:\/\/intervalphoto.fr\/wp-content\/uploads\/2018\/06\/BR-ext-K-rennes-28.jpg\" src=\"https:\/\/i0.wp.com\/intervalphoto.fr\/wp-content\/uploads\/2018\/06\/BR-ext-K-rennes-28.jpg?ssl=1\" data-amp-layout=\"responsive\" tabindex=\"0\" role=\"button\" aria-label=\"Ouvrir l\u2019image 11 sur 25 en plein \u00e9cran\"\/><\/figure><\/div><\/div><div class=\"tiled-gallery__row\"><div class=\"tiled-gallery__col\" style=\"flex-basis:66.74718%\"><figure class=\"tiled-gallery__item\"><img data-recalc-dims=\"1\" decoding=\"async\" data-attachment-id=\"21233\" data-permalink=\"https:\/\/intervalphoto.fr\/photographe-architecture-et-industrie\/portfolio\/briand-renault-dependance-rennes\/br-ext-k-rennes-29\/\" data-orig-file=\"https:\/\/i0.wp.com\/intervalphoto.fr\/wp-content\/uploads\/2018\/06\/BR-ext-K-rennes-29.jpg?fit=%2C&amp;ssl=1\" data-orig-size=\"\" data-comments-opened=\"0\" data-image-meta=\"[]\" data-image-title=\"B&amp;#038;R-ext-K-rennes-29\" data-image-description=\"&lt;p&gt;photographe d&amp;rsquo;architecture \u00c2\u00a9INTERVALphoto : Briand &amp;#038; Renault Architectes, r\u00c3\u00a9habilitation d&amp;rsquo;une D\u00c3\u00a9pendance, maison individuelle, Rennes (35)&lt;\/p&gt;\n\" data-image-caption=\"&lt;p&gt;Briand &amp;#038; Renault Architectes, r\u00e9habilitation d&amp;rsquo;une D\u00e9pendance, maison individuelle, Rennes (35) \u00a9INTERVAL photo&lt;\/p&gt;\n\" data-large-file=\"https:\/\/i0.wp.com\/intervalphoto.fr\/wp-content\/uploads\/2018\/06\/BR-ext-K-rennes-29.jpg?fit=1024%2C1024&amp;ssl=1\" data-attachment-id=\"21233\" data-permalink=\"https:\/\/intervalphoto.fr\/photographe-architecture-et-industrie\/portfolio\/briand-renault-dependance-rennes\/br-ext-k-rennes-29\/\" data-orig-file=\"https:\/\/i0.wp.com\/intervalphoto.fr\/wp-content\/uploads\/2018\/06\/BR-ext-K-rennes-29.jpg?fit=%2C&amp;ssl=1\" data-orig-size=\"\" data-comments-opened=\"0\" data-image-meta=\"[]\" data-image-title=\"B&amp;#038;R-ext-K-rennes-29\" data-image-description=\"&lt;p&gt;photographe d&amp;rsquo;architecture \u00c2\u00a9INTERVALphoto : Briand &amp;#038; Renault Architectes, r\u00c3\u00a9habilitation d&amp;rsquo;une D\u00c3\u00a9pendance, maison individuelle, Rennes (35)&lt;\/p&gt;\n\" data-image-caption=\"&lt;p&gt;Briand &amp;#038; Renault Architectes, r\u00e9habilitation d&amp;rsquo;une D\u00e9pendance, maison individuelle, Rennes (35) \u00a9INTERVAL photo&lt;\/p&gt;\n\" data-large-file=\"https:\/\/i0.wp.com\/intervalphoto.fr\/wp-content\/uploads\/2018\/06\/BR-ext-K-rennes-29.jpg?fit=1024%2C1024&amp;ssl=1\" alt=\"photographe d'architecture \u00c2\u00a9INTERVALphoto : Briand &amp; Renault Architectes, r\u00c3\u00a9habilitation d'une D\u00c3\u00a9pendance, maison individuelle, Rennes (35)\" data-id=\"21233\" data-link=\"https:\/\/intervalphoto.fr\/photographe-architecture-et-industrie\/portfolio\/briand-renault-dependance-rennes\/br-ext-k-rennes-29\/\" data-url=\"https:\/\/intervalphoto.fr\/wp-content\/uploads\/2018\/06\/BR-ext-K-rennes-29.jpg\" src=\"https:\/\/i0.wp.com\/intervalphoto.fr\/wp-content\/uploads\/2018\/06\/BR-ext-K-rennes-29.jpg?ssl=1\" data-amp-layout=\"responsive\" tabindex=\"0\" role=\"button\" aria-label=\"Ouvrir l\u2019image 12 sur 25 en plein \u00e9cran\"\/><\/figure><\/div><div class=\"tiled-gallery__col\" style=\"flex-basis:33.25282%\"><figure class=\"tiled-gallery__item\"><img data-recalc-dims=\"1\" decoding=\"async\" data-attachment-id=\"21234\" data-permalink=\"https:\/\/intervalphoto.fr\/photographe-architecture-et-industrie\/portfolio\/briand-renault-dependance-rennes\/br-ext-k-rennes-33\/\" data-orig-file=\"https:\/\/i0.wp.com\/intervalphoto.fr\/wp-content\/uploads\/2018\/06\/BR-ext-K-rennes-33.jpg?fit=%2C&amp;ssl=1\" data-orig-size=\"\" data-comments-opened=\"0\" data-image-meta=\"[]\" data-image-title=\"B&amp;#038;R-ext-K-rennes-33\" data-image-description=\"&lt;p&gt;photographe d&amp;rsquo;architecture \u00c2\u00a9INTERVALphoto : Briand &amp;#038; Renault Architectes, r\u00c3\u00a9habilitation d&amp;rsquo;une D\u00c3\u00a9pendance, maison individuelle, Rennes (35)&lt;\/p&gt;\n\" data-image-caption=\"&lt;p&gt;Briand &amp;#038; Renault Architectes, r\u00e9habilitation d&amp;rsquo;une D\u00e9pendance, maison individuelle, Rennes (35) \u00a9INTERVAL photo&lt;\/p&gt;\n\" data-large-file=\"https:\/\/i0.wp.com\/intervalphoto.fr\/wp-content\/uploads\/2018\/06\/BR-ext-K-rennes-33.jpg?fit=1024%2C1024&amp;ssl=1\" data-attachment-id=\"21234\" data-permalink=\"https:\/\/intervalphoto.fr\/photographe-architecture-et-industrie\/portfolio\/briand-renault-dependance-rennes\/br-ext-k-rennes-33\/\" data-orig-file=\"https:\/\/i0.wp.com\/intervalphoto.fr\/wp-content\/uploads\/2018\/06\/BR-ext-K-rennes-33.jpg?fit=%2C&amp;ssl=1\" data-orig-size=\"\" data-comments-opened=\"0\" data-image-meta=\"[]\" data-image-title=\"B&amp;#038;R-ext-K-rennes-33\" data-image-description=\"&lt;p&gt;photographe d&amp;rsquo;architecture \u00c2\u00a9INTERVALphoto : Briand &amp;#038; Renault Architectes, r\u00c3\u00a9habilitation d&amp;rsquo;une D\u00c3\u00a9pendance, maison individuelle, Rennes (35)&lt;\/p&gt;\n\" data-image-caption=\"&lt;p&gt;Briand &amp;#038; Renault Architectes, r\u00e9habilitation d&amp;rsquo;une D\u00e9pendance, maison individuelle, Rennes (35) \u00a9INTERVAL photo&lt;\/p&gt;\n\" data-large-file=\"https:\/\/i0.wp.com\/intervalphoto.fr\/wp-content\/uploads\/2018\/06\/BR-ext-K-rennes-33.jpg?fit=1024%2C1024&amp;ssl=1\" alt=\"photographe d'architecture \u00c2\u00a9INTERVALphoto : Briand &amp; Renault Architectes, r\u00c3\u00a9habilitation d'une D\u00c3\u00a9pendance, maison individuelle, Rennes (35)\" data-id=\"21234\" data-link=\"https:\/\/intervalphoto.fr\/photographe-architecture-et-industrie\/portfolio\/briand-renault-dependance-rennes\/br-ext-k-rennes-33\/\" data-url=\"https:\/\/intervalphoto.fr\/wp-content\/uploads\/2018\/06\/BR-ext-K-rennes-33.jpg\" src=\"https:\/\/i0.wp.com\/intervalphoto.fr\/wp-content\/uploads\/2018\/06\/BR-ext-K-rennes-33.jpg?ssl=1\" data-amp-layout=\"responsive\" tabindex=\"0\" role=\"button\" aria-label=\"Ouvrir l\u2019image 13 sur 25 en plein \u00e9cran\"\/><\/figure><figure class=\"tiled-gallery__item\"><img data-recalc-dims=\"1\" decoding=\"async\" data-attachment-id=\"21235\" data-permalink=\"https:\/\/intervalphoto.fr\/photographe-architecture-et-industrie\/portfolio\/briand-renault-dependance-rennes\/br-ext-k-rennes-38\/\" data-orig-file=\"https:\/\/i0.wp.com\/intervalphoto.fr\/wp-content\/uploads\/2018\/06\/BR-ext-K-rennes-38.jpg?fit=%2C&amp;ssl=1\" data-orig-size=\"\" data-comments-opened=\"0\" data-image-meta=\"[]\" data-image-title=\"B&amp;#038;R-ext-K-rennes-38\" data-image-description=\"&lt;p&gt;photographe d&amp;rsquo;architecture \u00c2\u00a9INTERVALphoto : Briand &amp;#038; Renault Architectes, r\u00c3\u00a9habilitation d&amp;rsquo;une D\u00c3\u00a9pendance, maison individuelle, Rennes (35)&lt;\/p&gt;\n\" data-image-caption=\"&lt;p&gt;Briand &amp;#038; Renault Architectes, r\u00e9habilitation d&amp;rsquo;une D\u00e9pendance, maison individuelle, Rennes (35) \u00a9INTERVAL photo&lt;\/p&gt;\n\" data-large-file=\"https:\/\/i0.wp.com\/intervalphoto.fr\/wp-content\/uploads\/2018\/06\/BR-ext-K-rennes-38.jpg?fit=1024%2C1024&amp;ssl=1\" data-attachment-id=\"21235\" data-permalink=\"https:\/\/intervalphoto.fr\/photographe-architecture-et-industrie\/portfolio\/briand-renault-dependance-rennes\/br-ext-k-rennes-38\/\" data-orig-file=\"https:\/\/i0.wp.com\/intervalphoto.fr\/wp-content\/uploads\/2018\/06\/BR-ext-K-rennes-38.jpg?fit=%2C&amp;ssl=1\" data-orig-size=\"\" data-comments-opened=\"0\" data-image-meta=\"[]\" data-image-title=\"B&amp;#038;R-ext-K-rennes-38\" data-image-description=\"&lt;p&gt;photographe d&amp;rsquo;architecture \u00c2\u00a9INTERVALphoto : Briand &amp;#038; Renault Architectes, r\u00c3\u00a9habilitation d&amp;rsquo;une D\u00c3\u00a9pendance, maison individuelle, Rennes (35)&lt;\/p&gt;\n\" data-image-caption=\"&lt;p&gt;Briand &amp;#038; Renault Architectes, r\u00e9habilitation d&amp;rsquo;une D\u00e9pendance, maison individuelle, Rennes (35) \u00a9INTERVAL photo&lt;\/p&gt;\n\" data-large-file=\"https:\/\/i0.wp.com\/intervalphoto.fr\/wp-content\/uploads\/2018\/06\/BR-ext-K-rennes-38.jpg?fit=1024%2C1024&amp;ssl=1\" alt=\"photographe d'architecture \u00c2\u00a9INTERVALphoto : Briand &amp; Renault Architectes, r\u00c3\u00a9habilitation d'une D\u00c3\u00a9pendance, maison individuelle, Rennes (35)\" data-id=\"21235\" data-link=\"https:\/\/intervalphoto.fr\/photographe-architecture-et-industrie\/portfolio\/briand-renault-dependance-rennes\/br-ext-k-rennes-38\/\" data-url=\"https:\/\/intervalphoto.fr\/wp-content\/uploads\/2018\/06\/BR-ext-K-rennes-38.jpg\" src=\"https:\/\/i0.wp.com\/intervalphoto.fr\/wp-content\/uploads\/2018\/06\/BR-ext-K-rennes-38.jpg?ssl=1\" data-amp-layout=\"responsive\" tabindex=\"0\" role=\"button\" aria-label=\"Ouvrir l\u2019image 14 sur 25 en plein \u00e9cran\"\/><\/figure><\/div><\/div><div class=\"tiled-gallery__row\"><div class=\"tiled-gallery__col\" style=\"flex-basis:33.33333%\"><figure class=\"tiled-gallery__item\"><img data-recalc-dims=\"1\" decoding=\"async\" data-attachment-id=\"21236\" data-permalink=\"https:\/\/intervalphoto.fr\/photographe-architecture-et-industrie\/portfolio\/briand-renault-dependance-rennes\/br-ext-k-rennes-42\/\" data-orig-file=\"https:\/\/i0.wp.com\/intervalphoto.fr\/wp-content\/uploads\/2018\/06\/BR-ext-K-rennes-42.jpg?fit=%2C&amp;ssl=1\" data-orig-size=\"\" data-comments-opened=\"0\" data-image-meta=\"[]\" data-image-title=\"B&amp;#038;R-ext-K-rennes-42\" data-image-description=\"&lt;p&gt;photographe d&amp;rsquo;architecture \u00c2\u00a9INTERVALphoto : Briand &amp;#038; Renault Architectes, r\u00c3\u00a9habilitation d&amp;rsquo;une D\u00c3\u00a9pendance, maison individuelle, Rennes (35)&lt;\/p&gt;\n\" data-image-caption=\"&lt;p&gt;Briand &amp;#038; Renault Architectes, r\u00e9habilitation d&amp;rsquo;une D\u00e9pendance, maison individuelle, Rennes (35) \u00a9INTERVAL photo&lt;\/p&gt;\n\" data-large-file=\"https:\/\/i0.wp.com\/intervalphoto.fr\/wp-content\/uploads\/2018\/06\/BR-ext-K-rennes-42.jpg?fit=1024%2C1024&amp;ssl=1\" data-attachment-id=\"21236\" data-permalink=\"https:\/\/intervalphoto.fr\/photographe-architecture-et-industrie\/portfolio\/briand-renault-dependance-rennes\/br-ext-k-rennes-42\/\" data-orig-file=\"https:\/\/i0.wp.com\/intervalphoto.fr\/wp-content\/uploads\/2018\/06\/BR-ext-K-rennes-42.jpg?fit=%2C&amp;ssl=1\" data-orig-size=\"\" data-comments-opened=\"0\" data-image-meta=\"[]\" data-image-title=\"B&amp;#038;R-ext-K-rennes-42\" data-image-description=\"&lt;p&gt;photographe d&amp;rsquo;architecture \u00c2\u00a9INTERVALphoto : Briand &amp;#038; Renault Architectes, r\u00c3\u00a9habilitation d&amp;rsquo;une D\u00c3\u00a9pendance, maison individuelle, Rennes (35)&lt;\/p&gt;\n\" data-image-caption=\"&lt;p&gt;Briand &amp;#038; Renault Architectes, r\u00e9habilitation d&amp;rsquo;une D\u00e9pendance, maison individuelle, Rennes (35) \u00a9INTERVAL photo&lt;\/p&gt;\n\" data-large-file=\"https:\/\/i0.wp.com\/intervalphoto.fr\/wp-content\/uploads\/2018\/06\/BR-ext-K-rennes-42.jpg?fit=1024%2C1024&amp;ssl=1\" alt=\"photographe d'architecture \u00c2\u00a9INTERVALphoto : Briand &amp; Renault Architectes, r\u00c3\u00a9habilitation d'une D\u00c3\u00a9pendance, maison individuelle, Rennes (35)\" data-id=\"21236\" data-link=\"https:\/\/intervalphoto.fr\/photographe-architecture-et-industrie\/portfolio\/briand-renault-dependance-rennes\/br-ext-k-rennes-42\/\" data-url=\"https:\/\/intervalphoto.fr\/wp-content\/uploads\/2018\/06\/BR-ext-K-rennes-42.jpg\" src=\"https:\/\/i0.wp.com\/intervalphoto.fr\/wp-content\/uploads\/2018\/06\/BR-ext-K-rennes-42.jpg?ssl=1\" data-amp-layout=\"responsive\" tabindex=\"0\" role=\"button\" aria-label=\"Ouvrir l\u2019image 15 sur 25 en plein \u00e9cran\"\/><\/figure><\/div><div class=\"tiled-gallery__col\" style=\"flex-basis:33.33333%\"><figure class=\"tiled-gallery__item\"><img data-recalc-dims=\"1\" decoding=\"async\" data-attachment-id=\"21237\" data-permalink=\"https:\/\/intervalphoto.fr\/photographe-architecture-et-industrie\/portfolio\/briand-renault-dependance-rennes\/br-ext-k-rennes-43\/\" data-orig-file=\"https:\/\/i0.wp.com\/intervalphoto.fr\/wp-content\/uploads\/2018\/06\/BR-ext-K-rennes-43.jpg?fit=%2C&amp;ssl=1\" data-orig-size=\"\" data-comments-opened=\"0\" data-image-meta=\"[]\" data-image-title=\"B&amp;#038;R-ext-K-rennes-43\" data-image-description=\"&lt;p&gt;photographe d&amp;rsquo;architecture \u00c2\u00a9INTERVALphoto : Briand &amp;#038; Renault Architectes, r\u00c3\u00a9habilitation d&amp;rsquo;une D\u00c3\u00a9pendance, maison individuelle, Rennes (35)&lt;\/p&gt;\n\" data-image-caption=\"&lt;p&gt;Briand &amp;#038; Renault Architectes, r\u00e9habilitation d&amp;rsquo;une D\u00e9pendance, maison individuelle, Rennes (35) \u00a9INTERVAL photo&lt;\/p&gt;\n\" data-large-file=\"https:\/\/i0.wp.com\/intervalphoto.fr\/wp-content\/uploads\/2018\/06\/BR-ext-K-rennes-43.jpg?fit=1024%2C1024&amp;ssl=1\" data-attachment-id=\"21237\" data-permalink=\"https:\/\/intervalphoto.fr\/photographe-architecture-et-industrie\/portfolio\/briand-renault-dependance-rennes\/br-ext-k-rennes-43\/\" data-orig-file=\"https:\/\/i0.wp.com\/intervalphoto.fr\/wp-content\/uploads\/2018\/06\/BR-ext-K-rennes-43.jpg?fit=%2C&amp;ssl=1\" data-orig-size=\"\" data-comments-opened=\"0\" data-image-meta=\"[]\" data-image-title=\"B&amp;#038;R-ext-K-rennes-43\" data-image-description=\"&lt;p&gt;photographe d&amp;rsquo;architecture \u00c2\u00a9INTERVALphoto : Briand &amp;#038; Renault Architectes, r\u00c3\u00a9habilitation d&amp;rsquo;une D\u00c3\u00a9pendance, maison individuelle, Rennes (35)&lt;\/p&gt;\n\" data-image-caption=\"&lt;p&gt;Briand &amp;#038; Renault Architectes, r\u00e9habilitation d&amp;rsquo;une D\u00e9pendance, maison individuelle, Rennes (35) \u00a9INTERVAL photo&lt;\/p&gt;\n\" data-large-file=\"https:\/\/i0.wp.com\/intervalphoto.fr\/wp-content\/uploads\/2018\/06\/BR-ext-K-rennes-43.jpg?fit=1024%2C1024&amp;ssl=1\" alt=\"photographe d'architecture \u00c2\u00a9INTERVALphoto : Briand &amp; Renault Architectes, r\u00c3\u00a9habilitation d'une D\u00c3\u00a9pendance, maison individuelle, Rennes (35)\" data-id=\"21237\" data-link=\"https:\/\/intervalphoto.fr\/photographe-architecture-et-industrie\/portfolio\/briand-renault-dependance-rennes\/br-ext-k-rennes-43\/\" data-url=\"https:\/\/intervalphoto.fr\/wp-content\/uploads\/2018\/06\/BR-ext-K-rennes-43.jpg\" src=\"https:\/\/i0.wp.com\/intervalphoto.fr\/wp-content\/uploads\/2018\/06\/BR-ext-K-rennes-43.jpg?ssl=1\" data-amp-layout=\"responsive\" tabindex=\"0\" role=\"button\" aria-label=\"Ouvrir l\u2019image 16 sur 25 en plein \u00e9cran\"\/><\/figure><\/div><div class=\"tiled-gallery__col\" style=\"flex-basis:33.33333%\"><figure class=\"tiled-gallery__item\"><img data-recalc-dims=\"1\" decoding=\"async\" data-attachment-id=\"21238\" data-permalink=\"https:\/\/intervalphoto.fr\/photographe-architecture-et-industrie\/portfolio\/briand-renault-dependance-rennes\/br-ext-k-rennes-45\/\" data-orig-file=\"https:\/\/i0.wp.com\/intervalphoto.fr\/wp-content\/uploads\/2018\/06\/BR-ext-K-rennes-45.jpg?fit=%2C&amp;ssl=1\" data-orig-size=\"\" data-comments-opened=\"0\" data-image-meta=\"[]\" data-image-title=\"B&amp;#038;R-ext-K-rennes-45\" data-image-description=\"&lt;p&gt;photographe d&amp;rsquo;architecture \u00c2\u00a9INTERVALphoto : Briand &amp;#038; Renault Architectes, r\u00c3\u00a9habilitation d&amp;rsquo;une D\u00c3\u00a9pendance, maison individuelle, Rennes (35)&lt;\/p&gt;\n\" data-image-caption=\"&lt;p&gt;Briand &amp;#038; Renault Architectes, r\u00e9habilitation d&amp;rsquo;une D\u00e9pendance, maison individuelle, Rennes (35) \u00a9INTERVAL photo&lt;\/p&gt;\n\" data-large-file=\"https:\/\/i0.wp.com\/intervalphoto.fr\/wp-content\/uploads\/2018\/06\/BR-ext-K-rennes-45.jpg?fit=1024%2C1024&amp;ssl=1\" data-attachment-id=\"21238\" data-permalink=\"https:\/\/intervalphoto.fr\/photographe-architecture-et-industrie\/portfolio\/briand-renault-dependance-rennes\/br-ext-k-rennes-45\/\" data-orig-file=\"https:\/\/i0.wp.com\/intervalphoto.fr\/wp-content\/uploads\/2018\/06\/BR-ext-K-rennes-45.jpg?fit=%2C&amp;ssl=1\" data-orig-size=\"\" data-comments-opened=\"0\" data-image-meta=\"[]\" data-image-title=\"B&amp;#038;R-ext-K-rennes-45\" data-image-description=\"&lt;p&gt;photographe d&amp;rsquo;architecture \u00c2\u00a9INTERVALphoto : Briand &amp;#038; Renault Architectes, r\u00c3\u00a9habilitation d&amp;rsquo;une D\u00c3\u00a9pendance, maison individuelle, Rennes (35)&lt;\/p&gt;\n\" data-image-caption=\"&lt;p&gt;Briand &amp;#038; Renault Architectes, r\u00e9habilitation d&amp;rsquo;une D\u00e9pendance, maison individuelle, Rennes (35) \u00a9INTERVAL photo&lt;\/p&gt;\n\" data-large-file=\"https:\/\/i0.wp.com\/intervalphoto.fr\/wp-content\/uploads\/2018\/06\/BR-ext-K-rennes-45.jpg?fit=1024%2C1024&amp;ssl=1\" alt=\"photographe d'architecture \u00c2\u00a9INTERVALphoto : Briand &amp; Renault Architectes, r\u00c3\u00a9habilitation d'une D\u00c3\u00a9pendance, maison individuelle, Rennes (35)\" data-id=\"21238\" data-link=\"https:\/\/intervalphoto.fr\/photographe-architecture-et-industrie\/portfolio\/briand-renault-dependance-rennes\/br-ext-k-rennes-45\/\" data-url=\"https:\/\/intervalphoto.fr\/wp-content\/uploads\/2018\/06\/BR-ext-K-rennes-45.jpg\" src=\"https:\/\/i0.wp.com\/intervalphoto.fr\/wp-content\/uploads\/2018\/06\/BR-ext-K-rennes-45.jpg?ssl=1\" data-amp-layout=\"responsive\" tabindex=\"0\" role=\"button\" aria-label=\"Ouvrir l\u2019image 17 sur 25 en plein \u00e9cran\"\/><\/figure><\/div><\/div><div class=\"tiled-gallery__row\"><div class=\"tiled-gallery__col\" style=\"flex-basis:33.25282%\"><figure class=\"tiled-gallery__item\"><img data-recalc-dims=\"1\" decoding=\"async\" data-attachment-id=\"21239\" data-permalink=\"https:\/\/intervalphoto.fr\/photographe-architecture-et-industrie\/portfolio\/briand-renault-dependance-rennes\/br-ext-k-rennes-49\/\" data-orig-file=\"https:\/\/i0.wp.com\/intervalphoto.fr\/wp-content\/uploads\/2018\/06\/BR-ext-K-rennes-49.jpg?fit=%2C&amp;ssl=1\" data-orig-size=\"\" data-comments-opened=\"0\" data-image-meta=\"[]\" data-image-title=\"B&amp;#038;R-ext-K-rennes-49\" data-image-description=\"&lt;p&gt;photographe d&amp;rsquo;architecture \u00c2\u00a9INTERVALphoto : Briand &amp;#038; Renault Architectes, r\u00c3\u00a9habilitation d&amp;rsquo;une D\u00c3\u00a9pendance, maison individuelle, Rennes (35)&lt;\/p&gt;\n\" data-image-caption=\"&lt;p&gt;Briand &amp;#038; Renault Architectes, r\u00e9habilitation d&amp;rsquo;une D\u00e9pendance, maison individuelle, Rennes (35) \u00a9INTERVAL photo&lt;\/p&gt;\n\" data-large-file=\"https:\/\/i0.wp.com\/intervalphoto.fr\/wp-content\/uploads\/2018\/06\/BR-ext-K-rennes-49.jpg?fit=1024%2C1024&amp;ssl=1\" data-attachment-id=\"21239\" data-permalink=\"https:\/\/intervalphoto.fr\/photographe-architecture-et-industrie\/portfolio\/briand-renault-dependance-rennes\/br-ext-k-rennes-49\/\" data-orig-file=\"https:\/\/i0.wp.com\/intervalphoto.fr\/wp-content\/uploads\/2018\/06\/BR-ext-K-rennes-49.jpg?fit=%2C&amp;ssl=1\" data-orig-size=\"\" data-comments-opened=\"0\" data-image-meta=\"[]\" data-image-title=\"B&amp;#038;R-ext-K-rennes-49\" data-image-description=\"&lt;p&gt;photographe d&amp;rsquo;architecture \u00c2\u00a9INTERVALphoto : Briand &amp;#038; Renault Architectes, r\u00c3\u00a9habilitation d&amp;rsquo;une D\u00c3\u00a9pendance, maison individuelle, Rennes (35)&lt;\/p&gt;\n\" data-image-caption=\"&lt;p&gt;Briand &amp;#038; Renault Architectes, r\u00e9habilitation d&amp;rsquo;une D\u00e9pendance, maison individuelle, Rennes (35) \u00a9INTERVAL photo&lt;\/p&gt;\n\" data-large-file=\"https:\/\/i0.wp.com\/intervalphoto.fr\/wp-content\/uploads\/2018\/06\/BR-ext-K-rennes-49.jpg?fit=1024%2C1024&amp;ssl=1\" alt=\"photographe d'architecture \u00c2\u00a9INTERVALphoto : Briand &amp; Renault Architectes, r\u00c3\u00a9habilitation d'une D\u00c3\u00a9pendance, maison individuelle, Rennes (35)\" data-id=\"21239\" data-link=\"https:\/\/intervalphoto.fr\/photographe-architecture-et-industrie\/portfolio\/briand-renault-dependance-rennes\/br-ext-k-rennes-49\/\" data-url=\"https:\/\/intervalphoto.fr\/wp-content\/uploads\/2018\/06\/BR-ext-K-rennes-49.jpg\" src=\"https:\/\/i0.wp.com\/intervalphoto.fr\/wp-content\/uploads\/2018\/06\/BR-ext-K-rennes-49.jpg?ssl=1\" data-amp-layout=\"responsive\" tabindex=\"0\" role=\"button\" aria-label=\"Ouvrir l\u2019image 18 sur 25 en plein \u00e9cran\"\/><\/figure><figure class=\"tiled-gallery__item\"><img data-recalc-dims=\"1\" decoding=\"async\" data-attachment-id=\"21240\" data-permalink=\"https:\/\/intervalphoto.fr\/photographe-architecture-et-industrie\/portfolio\/briand-renault-dependance-rennes\/br-ext-k-rennes-51\/\" data-orig-file=\"https:\/\/i0.wp.com\/intervalphoto.fr\/wp-content\/uploads\/2018\/06\/BR-ext-K-rennes-51.jpg?fit=%2C&amp;ssl=1\" data-orig-size=\"\" data-comments-opened=\"0\" data-image-meta=\"[]\" data-image-title=\"B&amp;#038;R-ext-K-rennes-51\" data-image-description=\"&lt;p&gt;photographe d&amp;rsquo;architecture \u00c2\u00a9INTERVALphoto : Briand &amp;#038; Renault Architectes, r\u00c3\u00a9habilitation d&amp;rsquo;une D\u00c3\u00a9pendance, maison individuelle, Rennes (35)&lt;\/p&gt;\n\" data-image-caption=\"&lt;p&gt;Briand &amp;#038; Renault Architectes, r\u00e9habilitation d&amp;rsquo;une D\u00e9pendance, maison individuelle, Rennes (35) \u00a9INTERVAL photo&lt;\/p&gt;\n\" data-large-file=\"https:\/\/i0.wp.com\/intervalphoto.fr\/wp-content\/uploads\/2018\/06\/BR-ext-K-rennes-51.jpg?fit=1024%2C1024&amp;ssl=1\" data-attachment-id=\"21240\" data-permalink=\"https:\/\/intervalphoto.fr\/photographe-architecture-et-industrie\/portfolio\/briand-renault-dependance-rennes\/br-ext-k-rennes-51\/\" data-orig-file=\"https:\/\/i0.wp.com\/intervalphoto.fr\/wp-content\/uploads\/2018\/06\/BR-ext-K-rennes-51.jpg?fit=%2C&amp;ssl=1\" data-orig-size=\"\" data-comments-opened=\"0\" data-image-meta=\"[]\" data-image-title=\"B&amp;#038;R-ext-K-rennes-51\" data-image-description=\"&lt;p&gt;photographe d&amp;rsquo;architecture \u00c2\u00a9INTERVALphoto : Briand &amp;#038; Renault Architectes, r\u00c3\u00a9habilitation d&amp;rsquo;une D\u00c3\u00a9pendance, maison individuelle, Rennes (35)&lt;\/p&gt;\n\" data-image-caption=\"&lt;p&gt;Briand &amp;#038; Renault Architectes, r\u00e9habilitation d&amp;rsquo;une D\u00e9pendance, maison individuelle, Rennes (35) \u00a9INTERVAL photo&lt;\/p&gt;\n\" data-large-file=\"https:\/\/i0.wp.com\/intervalphoto.fr\/wp-content\/uploads\/2018\/06\/BR-ext-K-rennes-51.jpg?fit=1024%2C1024&amp;ssl=1\" alt=\"photographe d'architecture \u00c2\u00a9INTERVALphoto : Briand &amp; Renault Architectes, r\u00c3\u00a9habilitation d'une D\u00c3\u00a9pendance, maison individuelle, Rennes (35)\" data-id=\"21240\" data-link=\"https:\/\/intervalphoto.fr\/photographe-architecture-et-industrie\/portfolio\/briand-renault-dependance-rennes\/br-ext-k-rennes-51\/\" data-url=\"https:\/\/intervalphoto.fr\/wp-content\/uploads\/2018\/06\/BR-ext-K-rennes-51.jpg\" src=\"https:\/\/i0.wp.com\/intervalphoto.fr\/wp-content\/uploads\/2018\/06\/BR-ext-K-rennes-51.jpg?ssl=1\" data-amp-layout=\"responsive\" tabindex=\"0\" role=\"button\" aria-label=\"Ouvrir l\u2019image 19 sur 25 en plein \u00e9cran\"\/><\/figure><\/div><div class=\"tiled-gallery__col\" style=\"flex-basis:66.74718%\"><figure class=\"tiled-gallery__item\"><img data-recalc-dims=\"1\" decoding=\"async\" data-attachment-id=\"21241\" data-permalink=\"https:\/\/intervalphoto.fr\/photographe-architecture-et-industrie\/portfolio\/briand-renault-dependance-rennes\/br-ext-k-rennes-53\/\" data-orig-file=\"https:\/\/i0.wp.com\/intervalphoto.fr\/wp-content\/uploads\/2018\/06\/BR-ext-K-rennes-53.jpg?fit=%2C&amp;ssl=1\" data-orig-size=\"\" data-comments-opened=\"0\" data-image-meta=\"[]\" data-image-title=\"B&amp;#038;R-ext-K-rennes-53\" data-image-description=\"&lt;p&gt;photographe d&amp;rsquo;architecture \u00c2\u00a9INTERVALphoto : Briand &amp;#038; Renault Architectes, r\u00c3\u00a9habilitation d&amp;rsquo;une D\u00c3\u00a9pendance, maison individuelle, Rennes (35)&lt;\/p&gt;\n\" data-image-caption=\"&lt;p&gt;Briand &amp;#038; Renault Architectes, r\u00e9habilitation d&amp;rsquo;une D\u00e9pendance, maison individuelle, Rennes (35) \u00a9INTERVAL photo&lt;\/p&gt;\n\" data-large-file=\"https:\/\/i0.wp.com\/intervalphoto.fr\/wp-content\/uploads\/2018\/06\/BR-ext-K-rennes-53.jpg?fit=1024%2C1024&amp;ssl=1\" data-attachment-id=\"21241\" data-permalink=\"https:\/\/intervalphoto.fr\/photographe-architecture-et-industrie\/portfolio\/briand-renault-dependance-rennes\/br-ext-k-rennes-53\/\" data-orig-file=\"https:\/\/i0.wp.com\/intervalphoto.fr\/wp-content\/uploads\/2018\/06\/BR-ext-K-rennes-53.jpg?fit=%2C&amp;ssl=1\" data-orig-size=\"\" data-comments-opened=\"0\" data-image-meta=\"[]\" data-image-title=\"B&amp;#038;R-ext-K-rennes-53\" data-image-description=\"&lt;p&gt;photographe d&amp;rsquo;architecture \u00c2\u00a9INTERVALphoto : Briand &amp;#038; Renault Architectes, r\u00c3\u00a9habilitation d&amp;rsquo;une D\u00c3\u00a9pendance, maison individuelle, Rennes (35)&lt;\/p&gt;\n\" data-image-caption=\"&lt;p&gt;Briand &amp;#038; Renault Architectes, r\u00e9habilitation d&amp;rsquo;une D\u00e9pendance, maison individuelle, Rennes (35) \u00a9INTERVAL photo&lt;\/p&gt;\n\" data-large-file=\"https:\/\/i0.wp.com\/intervalphoto.fr\/wp-content\/uploads\/2018\/06\/BR-ext-K-rennes-53.jpg?fit=1024%2C1024&amp;ssl=1\" alt=\"photographe d'architecture \u00c2\u00a9INTERVALphoto : Briand &amp; Renault Architectes, r\u00c3\u00a9habilitation d'une D\u00c3\u00a9pendance, maison individuelle, Rennes (35)\" data-id=\"21241\" data-link=\"https:\/\/intervalphoto.fr\/photographe-architecture-et-industrie\/portfolio\/briand-renault-dependance-rennes\/br-ext-k-rennes-53\/\" data-url=\"https:\/\/intervalphoto.fr\/wp-content\/uploads\/2018\/06\/BR-ext-K-rennes-53.jpg\" src=\"https:\/\/i0.wp.com\/intervalphoto.fr\/wp-content\/uploads\/2018\/06\/BR-ext-K-rennes-53.jpg?ssl=1\" data-amp-layout=\"responsive\" tabindex=\"0\" role=\"button\" aria-label=\"Ouvrir l\u2019image 20 sur 25 en plein \u00e9cran\"\/><\/figure><\/div><\/div><div class=\"tiled-gallery__row\"><div class=\"tiled-gallery__col\" style=\"flex-basis:50.00000%\"><figure class=\"tiled-gallery__item\"><img data-recalc-dims=\"1\" decoding=\"async\" data-attachment-id=\"21242\" data-permalink=\"https:\/\/intervalphoto.fr\/photographe-architecture-et-industrie\/portfolio\/briand-renault-dependance-rennes\/br-ext-k-rennes-55\/\" data-orig-file=\"https:\/\/i0.wp.com\/intervalphoto.fr\/wp-content\/uploads\/2018\/06\/BR-ext-K-rennes-55.jpg?fit=%2C&amp;ssl=1\" data-orig-size=\"\" data-comments-opened=\"0\" data-image-meta=\"[]\" data-image-title=\"B&amp;#038;R-ext-K-rennes-55\" data-image-description=\"&lt;p&gt;photographe d&amp;rsquo;architecture \u00c2\u00a9INTERVALphoto : Briand &amp;#038; Renault Architectes, r\u00c3\u00a9habilitation d&amp;rsquo;une D\u00c3\u00a9pendance, maison individuelle, Rennes (35)&lt;\/p&gt;\n\" data-image-caption=\"&lt;p&gt;Briand &amp;#038; Renault Architectes, r\u00e9habilitation d&amp;rsquo;une D\u00e9pendance, maison individuelle, Rennes (35) \u00a9INTERVAL photo&lt;\/p&gt;\n\" data-large-file=\"https:\/\/i0.wp.com\/intervalphoto.fr\/wp-content\/uploads\/2018\/06\/BR-ext-K-rennes-55.jpg?fit=1024%2C1024&amp;ssl=1\" data-attachment-id=\"21242\" data-permalink=\"https:\/\/intervalphoto.fr\/photographe-architecture-et-industrie\/portfolio\/briand-renault-dependance-rennes\/br-ext-k-rennes-55\/\" data-orig-file=\"https:\/\/i0.wp.com\/intervalphoto.fr\/wp-content\/uploads\/2018\/06\/BR-ext-K-rennes-55.jpg?fit=%2C&amp;ssl=1\" data-orig-size=\"\" data-comments-opened=\"0\" data-image-meta=\"[]\" data-image-title=\"B&amp;#038;R-ext-K-rennes-55\" data-image-description=\"&lt;p&gt;photographe d&amp;rsquo;architecture \u00c2\u00a9INTERVALphoto : Briand &amp;#038; Renault Architectes, r\u00c3\u00a9habilitation d&amp;rsquo;une D\u00c3\u00a9pendance, maison individuelle, Rennes (35)&lt;\/p&gt;\n\" data-image-caption=\"&lt;p&gt;Briand &amp;#038; Renault Architectes, r\u00e9habilitation d&amp;rsquo;une D\u00e9pendance, maison individuelle, Rennes (35) \u00a9INTERVAL photo&lt;\/p&gt;\n\" data-large-file=\"https:\/\/i0.wp.com\/intervalphoto.fr\/wp-content\/uploads\/2018\/06\/BR-ext-K-rennes-55.jpg?fit=1024%2C1024&amp;ssl=1\" alt=\"photographe d'architecture \u00c2\u00a9INTERVALphoto : Briand &amp; Renault Architectes, r\u00c3\u00a9habilitation d'une D\u00c3\u00a9pendance, maison individuelle, Rennes (35)\" data-id=\"21242\" data-link=\"https:\/\/intervalphoto.fr\/photographe-architecture-et-industrie\/portfolio\/briand-renault-dependance-rennes\/br-ext-k-rennes-55\/\" data-url=\"https:\/\/intervalphoto.fr\/wp-content\/uploads\/2018\/06\/BR-ext-K-rennes-55.jpg\" src=\"https:\/\/i0.wp.com\/intervalphoto.fr\/wp-content\/uploads\/2018\/06\/BR-ext-K-rennes-55.jpg?ssl=1\" data-amp-layout=\"responsive\" tabindex=\"0\" role=\"button\" aria-label=\"Ouvrir l\u2019image 21 sur 25 en plein \u00e9cran\"\/><\/figure><\/div><div class=\"tiled-gallery__col\" style=\"flex-basis:50.00000%\"><figure class=\"tiled-gallery__item\"><img data-recalc-dims=\"1\" decoding=\"async\" data-attachment-id=\"21243\" data-permalink=\"https:\/\/intervalphoto.fr\/photographe-architecture-et-industrie\/portfolio\/briand-renault-dependance-rennes\/br-ext-k-rennes-56\/\" data-orig-file=\"https:\/\/i0.wp.com\/intervalphoto.fr\/wp-content\/uploads\/2018\/06\/BR-ext-K-rennes-56.jpg?fit=%2C&amp;ssl=1\" data-orig-size=\"\" data-comments-opened=\"0\" data-image-meta=\"[]\" data-image-title=\"B&amp;#038;R-ext-K-rennes-56\" data-image-description=\"&lt;p&gt;photographe d&amp;rsquo;architecture \u00c2\u00a9INTERVALphoto : Briand &amp;#038; Renault Architectes, r\u00c3\u00a9habilitation d&amp;rsquo;une D\u00c3\u00a9pendance, maison individuelle, Rennes (35)&lt;\/p&gt;\n\" data-image-caption=\"&lt;p&gt;Briand &amp;#038; Renault Architectes, r\u00e9habilitation d&amp;rsquo;une D\u00e9pendance, maison individuelle, Rennes (35) \u00a9INTERVAL photo&lt;\/p&gt;\n\" data-large-file=\"https:\/\/i0.wp.com\/intervalphoto.fr\/wp-content\/uploads\/2018\/06\/BR-ext-K-rennes-56.jpg?fit=1024%2C1024&amp;ssl=1\" data-attachment-id=\"21243\" data-permalink=\"https:\/\/intervalphoto.fr\/photographe-architecture-et-industrie\/portfolio\/briand-renault-dependance-rennes\/br-ext-k-rennes-56\/\" data-orig-file=\"https:\/\/i0.wp.com\/intervalphoto.fr\/wp-content\/uploads\/2018\/06\/BR-ext-K-rennes-56.jpg?fit=%2C&amp;ssl=1\" data-orig-size=\"\" data-comments-opened=\"0\" data-image-meta=\"[]\" data-image-title=\"B&amp;#038;R-ext-K-rennes-56\" data-image-description=\"&lt;p&gt;photographe d&amp;rsquo;architecture \u00c2\u00a9INTERVALphoto : Briand &amp;#038; Renault Architectes, r\u00c3\u00a9habilitation d&amp;rsquo;une D\u00c3\u00a9pendance, maison individuelle, Rennes (35)&lt;\/p&gt;\n\" data-image-caption=\"&lt;p&gt;Briand &amp;#038; Renault Architectes, r\u00e9habilitation d&amp;rsquo;une D\u00e9pendance, maison individuelle, Rennes (35) \u00a9INTERVAL photo&lt;\/p&gt;\n\" data-large-file=\"https:\/\/i0.wp.com\/intervalphoto.fr\/wp-content\/uploads\/2018\/06\/BR-ext-K-rennes-56.jpg?fit=1024%2C1024&amp;ssl=1\" alt=\"photographe d'architecture \u00c2\u00a9INTERVALphoto : Briand &amp; Renault Architectes, r\u00c3\u00a9habilitation d'une D\u00c3\u00a9pendance, maison individuelle, Rennes (35)\" data-id=\"21243\" data-link=\"https:\/\/intervalphoto.fr\/photographe-architecture-et-industrie\/portfolio\/briand-renault-dependance-rennes\/br-ext-k-rennes-56\/\" data-url=\"https:\/\/intervalphoto.fr\/wp-content\/uploads\/2018\/06\/BR-ext-K-rennes-56.jpg\" src=\"https:\/\/i0.wp.com\/intervalphoto.fr\/wp-content\/uploads\/2018\/06\/BR-ext-K-rennes-56.jpg?ssl=1\" data-amp-layout=\"responsive\" tabindex=\"0\" role=\"button\" aria-label=\"Ouvrir l\u2019image 22 sur 25 en plein \u00e9cran\"\/><\/figure><\/div><\/div><div class=\"tiled-gallery__row\"><div class=\"tiled-gallery__col\" style=\"flex-basis:66.74718%\"><figure class=\"tiled-gallery__item\"><img data-recalc-dims=\"1\" decoding=\"async\" data-attachment-id=\"21244\" data-permalink=\"https:\/\/intervalphoto.fr\/photographe-architecture-et-industrie\/portfolio\/briand-renault-dependance-rennes\/br-ext-k-rennes-61\/\" data-orig-file=\"https:\/\/i0.wp.com\/intervalphoto.fr\/wp-content\/uploads\/2018\/06\/BR-ext-K-rennes-61.jpg?fit=%2C&amp;ssl=1\" data-orig-size=\"\" data-comments-opened=\"0\" data-image-meta=\"[]\" data-image-title=\"B&amp;#038;R-ext-K-rennes-61\" data-image-description=\"&lt;p&gt;photographe d&amp;rsquo;architecture \u00c2\u00a9INTERVALphoto : Briand &amp;#038; Renault Architectes, r\u00c3\u00a9habilitation d&amp;rsquo;une D\u00c3\u00a9pendance, maison individuelle, Rennes (35)&lt;\/p&gt;\n\" data-image-caption=\"&lt;p&gt;Briand &amp;#038; Renault Architectes, r\u00e9habilitation d&amp;rsquo;une D\u00e9pendance, maison individuelle, Rennes (35) \u00a9INTERVAL photo&lt;\/p&gt;\n\" data-large-file=\"https:\/\/i0.wp.com\/intervalphoto.fr\/wp-content\/uploads\/2018\/06\/BR-ext-K-rennes-61.jpg?fit=1024%2C1024&amp;ssl=1\" data-attachment-id=\"21244\" data-permalink=\"https:\/\/intervalphoto.fr\/photographe-architecture-et-industrie\/portfolio\/briand-renault-dependance-rennes\/br-ext-k-rennes-61\/\" data-orig-file=\"https:\/\/i0.wp.com\/intervalphoto.fr\/wp-content\/uploads\/2018\/06\/BR-ext-K-rennes-61.jpg?fit=%2C&amp;ssl=1\" data-orig-size=\"\" data-comments-opened=\"0\" data-image-meta=\"[]\" data-image-title=\"B&amp;#038;R-ext-K-rennes-61\" data-image-description=\"&lt;p&gt;photographe d&amp;rsquo;architecture \u00c2\u00a9INTERVALphoto : Briand &amp;#038; Renault Architectes, r\u00c3\u00a9habilitation d&amp;rsquo;une D\u00c3\u00a9pendance, maison individuelle, Rennes (35)&lt;\/p&gt;\n\" data-image-caption=\"&lt;p&gt;Briand &amp;#038; Renault Architectes, r\u00e9habilitation d&amp;rsquo;une D\u00e9pendance, maison individuelle, Rennes (35) \u00a9INTERVAL photo&lt;\/p&gt;\n\" data-large-file=\"https:\/\/i0.wp.com\/intervalphoto.fr\/wp-content\/uploads\/2018\/06\/BR-ext-K-rennes-61.jpg?fit=1024%2C1024&amp;ssl=1\" alt=\"photographe d'architecture \u00c2\u00a9INTERVALphoto : Briand &amp; Renault Architectes, r\u00c3\u00a9habilitation d'une D\u00c3\u00a9pendance, maison individuelle, Rennes (35)\" data-id=\"21244\" data-link=\"https:\/\/intervalphoto.fr\/photographe-architecture-et-industrie\/portfolio\/briand-renault-dependance-rennes\/br-ext-k-rennes-61\/\" data-url=\"https:\/\/intervalphoto.fr\/wp-content\/uploads\/2018\/06\/BR-ext-K-rennes-61.jpg\" src=\"https:\/\/i0.wp.com\/intervalphoto.fr\/wp-content\/uploads\/2018\/06\/BR-ext-K-rennes-61.jpg?ssl=1\" data-amp-layout=\"responsive\" tabindex=\"0\" role=\"button\" aria-label=\"Ouvrir l\u2019image 23 sur 25 en plein \u00e9cran\"\/><\/figure><\/div><div class=\"tiled-gallery__col\" style=\"flex-basis:33.25282%\"><figure class=\"tiled-gallery__item\"><img data-recalc-dims=\"1\" decoding=\"async\" data-attachment-id=\"21245\" data-permalink=\"https:\/\/intervalphoto.fr\/photographe-architecture-et-industrie\/portfolio\/briand-renault-dependance-rennes\/br-ext-k-rennes-63\/\" data-orig-file=\"https:\/\/i0.wp.com\/intervalphoto.fr\/wp-content\/uploads\/2018\/06\/BR-ext-K-rennes-63.jpg?fit=%2C&amp;ssl=1\" data-orig-size=\"\" data-comments-opened=\"0\" data-image-meta=\"[]\" data-image-title=\"B&amp;#038;R-ext-K-rennes-63\" data-image-description=\"&lt;p&gt;photographe d&amp;rsquo;architecture \u00c2\u00a9INTERVALphoto : Briand &amp;#038; Renault Architectes, r\u00c3\u00a9habilitation d&amp;rsquo;une D\u00c3\u00a9pendance, maison individuelle, Rennes (35)&lt;\/p&gt;\n\" data-image-caption=\"&lt;p&gt;Briand &amp;#038; Renault Architectes, r\u00e9habilitation d&amp;rsquo;une D\u00e9pendance, maison individuelle, Rennes (35) \u00a9INTERVAL photo&lt;\/p&gt;\n\" data-large-file=\"https:\/\/i0.wp.com\/intervalphoto.fr\/wp-content\/uploads\/2018\/06\/BR-ext-K-rennes-63.jpg?fit=1024%2C1024&amp;ssl=1\" data-attachment-id=\"21245\" data-permalink=\"https:\/\/intervalphoto.fr\/photographe-architecture-et-industrie\/portfolio\/briand-renault-dependance-rennes\/br-ext-k-rennes-63\/\" data-orig-file=\"https:\/\/i0.wp.com\/intervalphoto.fr\/wp-content\/uploads\/2018\/06\/BR-ext-K-rennes-63.jpg?fit=%2C&amp;ssl=1\" data-orig-size=\"\" data-comments-opened=\"0\" data-image-meta=\"[]\" data-image-title=\"B&amp;#038;R-ext-K-rennes-63\" data-image-description=\"&lt;p&gt;photographe d&amp;rsquo;architecture \u00c2\u00a9INTERVALphoto : Briand &amp;#038; Renault Architectes, r\u00c3\u00a9habilitation d&amp;rsquo;une D\u00c3\u00a9pendance, maison individuelle, Rennes (35)&lt;\/p&gt;\n\" data-image-caption=\"&lt;p&gt;Briand &amp;#038; Renault Architectes, r\u00e9habilitation d&amp;rsquo;une D\u00e9pendance, maison individuelle, Rennes (35) \u00a9INTERVAL photo&lt;\/p&gt;\n\" data-large-file=\"https:\/\/i0.wp.com\/intervalphoto.fr\/wp-content\/uploads\/2018\/06\/BR-ext-K-rennes-63.jpg?fit=1024%2C1024&amp;ssl=1\" alt=\"photographe d'architecture \u00c2\u00a9INTERVALphoto : Briand &amp; Renault Architectes, r\u00c3\u00a9habilitation d'une D\u00c3\u00a9pendance, maison individuelle, Rennes (35)\" data-id=\"21245\" data-link=\"https:\/\/intervalphoto.fr\/photographe-architecture-et-industrie\/portfolio\/briand-renault-dependance-rennes\/br-ext-k-rennes-63\/\" data-url=\"https:\/\/intervalphoto.fr\/wp-content\/uploads\/2018\/06\/BR-ext-K-rennes-63.jpg\" src=\"https:\/\/i0.wp.com\/intervalphoto.fr\/wp-content\/uploads\/2018\/06\/BR-ext-K-rennes-63.jpg?ssl=1\" data-amp-layout=\"responsive\" tabindex=\"0\" role=\"button\" aria-label=\"Ouvrir l\u2019image 24 sur 25 en plein \u00e9cran\"\/><\/figure><figure class=\"tiled-gallery__item\"><img data-recalc-dims=\"1\" decoding=\"async\" data-attachment-id=\"21246\" data-permalink=\"https:\/\/intervalphoto.fr\/photographe-architecture-et-industrie\/portfolio\/briand-renault-dependance-rennes\/br-ext-k-rennes-64\/\" data-orig-file=\"https:\/\/i0.wp.com\/intervalphoto.fr\/wp-content\/uploads\/2018\/06\/BR-ext-K-rennes-64.jpg?fit=%2C&amp;ssl=1\" data-orig-size=\"\" data-comments-opened=\"0\" data-image-meta=\"[]\" data-image-title=\"B&amp;#038;R-ext-K-rennes-64\" data-image-description=\"&lt;p&gt;photographe d&amp;rsquo;architecture \u00c2\u00a9INTERVALphoto : Briand &amp;#038; Renault Architectes, r\u00c3\u00a9habilitation d&amp;rsquo;une D\u00c3\u00a9pendance, maison individuelle, Rennes (35)&lt;\/p&gt;\n\" data-image-caption=\"&lt;p&gt;Briand &amp;#038; Renault Architectes, r\u00e9habilitation d&amp;rsquo;une D\u00e9pendance, maison individuelle, Rennes (35) \u00a9INTERVAL photo&lt;\/p&gt;\n\" data-large-file=\"https:\/\/i0.wp.com\/intervalphoto.fr\/wp-content\/uploads\/2018\/06\/BR-ext-K-rennes-64.jpg?fit=1024%2C1024&amp;ssl=1\" data-attachment-id=\"21246\" data-permalink=\"https:\/\/intervalphoto.fr\/photographe-architecture-et-industrie\/portfolio\/briand-renault-dependance-rennes\/br-ext-k-rennes-64\/\" data-orig-file=\"https:\/\/i0.wp.com\/intervalphoto.fr\/wp-content\/uploads\/2018\/06\/BR-ext-K-rennes-64.jpg?fit=%2C&amp;ssl=1\" data-orig-size=\"\" data-comments-opened=\"0\" data-image-meta=\"[]\" data-image-title=\"B&amp;#038;R-ext-K-rennes-64\" data-image-description=\"&lt;p&gt;photographe d&amp;rsquo;architecture \u00c2\u00a9INTERVALphoto : Briand &amp;#038; Renault Architectes, r\u00c3\u00a9habilitation d&amp;rsquo;une D\u00c3\u00a9pendance, maison individuelle, Rennes (35)&lt;\/p&gt;\n\" data-image-caption=\"&lt;p&gt;Briand &amp;#038; Renault Architectes, r\u00e9habilitation d&amp;rsquo;une D\u00e9pendance, maison individuelle, Rennes (35) \u00a9INTERVAL photo&lt;\/p&gt;\n\" data-large-file=\"https:\/\/i0.wp.com\/intervalphoto.fr\/wp-content\/uploads\/2018\/06\/BR-ext-K-rennes-64.jpg?fit=1024%2C1024&amp;ssl=1\" alt=\"photographe d'architecture \u00c2\u00a9INTERVALphoto : Briand &amp; Renault Architectes, r\u00c3\u00a9habilitation d'une D\u00c3\u00a9pendance, maison individuelle, Rennes (35)\" data-id=\"21246\" data-link=\"https:\/\/intervalphoto.fr\/photographe-architecture-et-industrie\/portfolio\/briand-renault-dependance-rennes\/br-ext-k-rennes-64\/\" data-url=\"https:\/\/intervalphoto.fr\/wp-content\/uploads\/2018\/06\/BR-ext-K-rennes-64.jpg\" src=\"https:\/\/i0.wp.com\/intervalphoto.fr\/wp-content\/uploads\/2018\/06\/BR-ext-K-rennes-64.jpg?ssl=1\" data-amp-layout=\"responsive\" tabindex=\"0\" role=\"button\" aria-label=\"Ouvrir l\u2019image 25 sur 25 en plein \u00e9cran\"\/><\/figure><\/div><\/div><\/div><\/div><\/div>\n","protected":false},"excerpt":{"rendered":"<p>Briand &amp; Renault Architectes, r\u00e9habilitation, Rennes. r\u00e9habilitation d&rsquo;une D\u00e9pendance,maison individuelle,Rennes (35)2018 www.briand-renault.com \u00a0<\/p>\n","protected":false},"author":1,"featured_media":21247,"comment_status":"closed","ping_status":"closed","template":"","meta":{"jetpack_post_was_ever_published":false,"footnotes":""},"portfolio_category":[81,106,92],"reportages":[],"portfolio_tag":[130,192,997,1023,1191,1192,133,1194,998,113],"class_list":["post-21220","portfolio","type-portfolio","status-publish","has-post-thumbnail","hentry","portfolio_category-reportages-architecture","portfolio_category-atelier","portfolio_category-logements-individuels","portfolio_tag-130","portfolio_tag-architecte","portfolio_tag-briand","portfolio_tag-briand-renault-architectes","portfolio_tag-dependance","portfolio_tag-jardin","portfolio_tag-maison-individuelle","portfolio_tag-photographe-darchitecture","portfolio_tag-renault","portfolio_tag-rennes"],"yoast_head":"<!-- This site is optimized with the Yoast SEO plugin v27.4 - https:\/\/yoast.com\/product\/yoast-seo-wordpress\/ -->\n<title>Briand &amp; Renault Architectes, r\u00e9habilitation d&#039;une D\u00e9pendance, maison individuelle, Rennes (35) - INTERVALphoto<\/title>\n<meta name=\"robots\" content=\"index, follow, max-snippet:-1, max-image-preview:large, max-video-preview:-1\" \/>\n<link rel=\"canonical\" href=\"https:\/\/intervalphoto.fr\/photographe-architecture-et-industrie\/portfolio\/briand-renault-dependance-rennes\/\" \/>\n<meta property=\"og:locale\" content=\"fr_FR\" \/>\n<meta property=\"og:type\" content=\"article\" \/>\n<meta property=\"og:title\" content=\"Briand &amp; Renault Architectes, r\u00e9habilitation d&#039;une D\u00e9pendance, maison individuelle, Rennes (35) - INTERVALphoto\" \/>\n<meta property=\"og:description\" content=\"Briand &amp; Renault Architectes, r\u00e9habilitation, Rennes. r\u00e9habilitation d&rsquo;une D\u00e9pendance,maison individuelle,Rennes (35)2018 www.briand-renault.com \u00a0\" \/>\n<meta property=\"og:url\" content=\"https:\/\/intervalphoto.fr\/photographe-architecture-et-industrie\/portfolio\/briand-renault-dependance-rennes\/\" \/>\n<meta property=\"og:site_name\" content=\"INTERVALphoto\" \/>\n<meta property=\"article:publisher\" content=\"https:\/\/www.facebook.com\/intervalphoto35\/\" \/>\n<meta property=\"article:modified_time\" content=\"2024-10-04T11:42:02+00:00\" \/>\n<meta name=\"twitter:card\" content=\"summary_large_image\" \/>\n<meta name=\"twitter:image\" content=\"https:\/\/i0.wp.com\/intervalphoto.fr\/wp-content\/uploads\/2018\/06\/BR-ext-K-rennes-3.jpg?fit=%2C&ssl=1\" \/>\n<meta name=\"twitter:site\" content=\"@intervalphoto35\" \/>\n<meta name=\"twitter:label1\" content=\"Dur\u00e9e de lecture estim\u00e9e\" \/>\n\t<meta name=\"twitter:data1\" content=\"6 minutes\" \/>\n<script type=\"application\/ld+json\" class=\"yoast-schema-graph\">{\"@context\":\"https:\\\/\\\/schema.org\",\"@graph\":[{\"@type\":\"WebPage\",\"@id\":\"https:\\\/\\\/intervalphoto.fr\\\/photographe-architecture-et-industrie\\\/portfolio\\\/briand-renault-dependance-rennes\\\/\",\"url\":\"https:\\\/\\\/intervalphoto.fr\\\/photographe-architecture-et-industrie\\\/portfolio\\\/briand-renault-dependance-rennes\\\/\",\"name\":\"Briand &amp; Renault Architectes, r\u00e9habilitation d'une D\u00e9pendance, maison individuelle, Rennes (35) - INTERVALphoto\",\"isPartOf\":{\"@id\":\"https:\\\/\\\/intervalphoto.fr\\\/photographe-architecture-et-industrie\\\/#website\"},\"primaryImageOfPage\":{\"@id\":\"https:\\\/\\\/intervalphoto.fr\\\/photographe-architecture-et-industrie\\\/portfolio\\\/briand-renault-dependance-rennes\\\/#primaryimage\"},\"image\":{\"@id\":\"https:\\\/\\\/intervalphoto.fr\\\/photographe-architecture-et-industrie\\\/portfolio\\\/briand-renault-dependance-rennes\\\/#primaryimage\"},\"thumbnailUrl\":\"https:\\\/\\\/i0.wp.com\\\/intervalphoto.fr\\\/wp-content\\\/uploads\\\/2018\\\/06\\\/BR-ext-K-rennes-3.jpg?fit=%2C&ssl=1\",\"datePublished\":\"2018-06-07T16:55:15+00:00\",\"dateModified\":\"2024-10-04T11:42:02+00:00\",\"breadcrumb\":{\"@id\":\"https:\\\/\\\/intervalphoto.fr\\\/photographe-architecture-et-industrie\\\/portfolio\\\/briand-renault-dependance-rennes\\\/#breadcrumb\"},\"inLanguage\":\"fr-FR\",\"potentialAction\":[{\"@type\":\"ReadAction\",\"target\":[\"https:\\\/\\\/intervalphoto.fr\\\/photographe-architecture-et-industrie\\\/portfolio\\\/briand-renault-dependance-rennes\\\/\"]}]},{\"@type\":\"ImageObject\",\"inLanguage\":\"fr-FR\",\"@id\":\"https:\\\/\\\/intervalphoto.fr\\\/photographe-architecture-et-industrie\\\/portfolio\\\/briand-renault-dependance-rennes\\\/#primaryimage\",\"url\":\"https:\\\/\\\/i0.wp.com\\\/intervalphoto.fr\\\/wp-content\\\/uploads\\\/2018\\\/06\\\/BR-ext-K-rennes-3.jpg?fit=%2C&ssl=1\",\"contentUrl\":\"https:\\\/\\\/i0.wp.com\\\/intervalphoto.fr\\\/wp-content\\\/uploads\\\/2018\\\/06\\\/BR-ext-K-rennes-3.jpg?fit=%2C&ssl=1\",\"caption\":\"Briand & Renault Architectes, r\u00e9habilitation d'une D\u00e9pendance, maison individuelle, Rennes (35) \u00a9INTERVAL photo\"},{\"@type\":\"BreadcrumbList\",\"@id\":\"https:\\\/\\\/intervalphoto.fr\\\/photographe-architecture-et-industrie\\\/portfolio\\\/briand-renault-dependance-rennes\\\/#breadcrumb\",\"itemListElement\":[{\"@type\":\"ListItem\",\"position\":1,\"name\":\"Accueil\",\"item\":\"https:\\\/\\\/intervalphoto.fr\\\/photographe-architecture-et-industrie\\\/\"},{\"@type\":\"ListItem\",\"position\":2,\"name\":\"Portfolio\",\"item\":\"https:\\\/\\\/intervalphoto.fr\\\/photographe-architecture-et-industrie\\\/portfolio\\\/\"},{\"@type\":\"ListItem\",\"position\":3,\"name\":\"Briand &amp; Renault Architectes, r\u00e9habilitation d&rsquo;une D\u00e9pendance, maison individuelle, Rennes (35)\"}]},{\"@type\":\"WebSite\",\"@id\":\"https:\\\/\\\/intervalphoto.fr\\\/photographe-architecture-et-industrie\\\/#website\",\"url\":\"https:\\\/\\\/intervalphoto.fr\\\/photographe-architecture-et-industrie\\\/\",\"name\":\"INTERVALphoto\",\"description\":\"revealing...\",\"potentialAction\":[{\"@type\":\"SearchAction\",\"target\":{\"@type\":\"EntryPoint\",\"urlTemplate\":\"https:\\\/\\\/intervalphoto.fr\\\/photographe-architecture-et-industrie\\\/?s={search_term_string}\"},\"query-input\":{\"@type\":\"PropertyValueSpecification\",\"valueRequired\":true,\"valueName\":\"search_term_string\"}}],\"inLanguage\":\"fr-FR\"}]}<\/script>\n<!-- \/ Yoast SEO plugin. -->","yoast_head_json":{"title":"Briand &amp; Renault Architectes, r\u00e9habilitation d'une D\u00e9pendance, maison individuelle, Rennes (35) - INTERVALphoto","robots":{"index":"index","follow":"follow","max-snippet":"max-snippet:-1","max-image-preview":"max-image-preview:large","max-video-preview":"max-video-preview:-1"},"canonical":"https:\/\/intervalphoto.fr\/photographe-architecture-et-industrie\/portfolio\/briand-renault-dependance-rennes\/","og_locale":"fr_FR","og_type":"article","og_title":"Briand &amp; Renault Architectes, r\u00e9habilitation d'une D\u00e9pendance, maison individuelle, Rennes (35) - INTERVALphoto","og_description":"Briand &amp; Renault Architectes, r\u00e9habilitation, Rennes. r\u00e9habilitation d&rsquo;une D\u00e9pendance,maison individuelle,Rennes (35)2018 www.briand-renault.com \u00a0","og_url":"https:\/\/intervalphoto.fr\/photographe-architecture-et-industrie\/portfolio\/briand-renault-dependance-rennes\/","og_site_name":"INTERVALphoto","article_publisher":"https:\/\/www.facebook.com\/intervalphoto35\/","article_modified_time":"2024-10-04T11:42:02+00:00","twitter_card":"summary_large_image","twitter_image":"https:\/\/i0.wp.com\/intervalphoto.fr\/wp-content\/uploads\/2018\/06\/BR-ext-K-rennes-3.jpg?fit=%2C&ssl=1","twitter_site":"@intervalphoto35","twitter_misc":{"Dur\u00e9e de lecture estim\u00e9e":"6 minutes"},"schema":{"@context":"https:\/\/schema.org","@graph":[{"@type":"WebPage","@id":"https:\/\/intervalphoto.fr\/photographe-architecture-et-industrie\/portfolio\/briand-renault-dependance-rennes\/","url":"https:\/\/intervalphoto.fr\/photographe-architecture-et-industrie\/portfolio\/briand-renault-dependance-rennes\/","name":"Briand &amp; Renault Architectes, r\u00e9habilitation d'une D\u00e9pendance, maison individuelle, Rennes (35) - INTERVALphoto","isPartOf":{"@id":"https:\/\/intervalphoto.fr\/photographe-architecture-et-industrie\/#website"},"primaryImageOfPage":{"@id":"https:\/\/intervalphoto.fr\/photographe-architecture-et-industrie\/portfolio\/briand-renault-dependance-rennes\/#primaryimage"},"image":{"@id":"https:\/\/intervalphoto.fr\/photographe-architecture-et-industrie\/portfolio\/briand-renault-dependance-rennes\/#primaryimage"},"thumbnailUrl":"https:\/\/i0.wp.com\/intervalphoto.fr\/wp-content\/uploads\/2018\/06\/BR-ext-K-rennes-3.jpg?fit=%2C&ssl=1","datePublished":"2018-06-07T16:55:15+00:00","dateModified":"2024-10-04T11:42:02+00:00","breadcrumb":{"@id":"https:\/\/intervalphoto.fr\/photographe-architecture-et-industrie\/portfolio\/briand-renault-dependance-rennes\/#breadcrumb"},"inLanguage":"fr-FR","potentialAction":[{"@type":"ReadAction","target":["https:\/\/intervalphoto.fr\/photographe-architecture-et-industrie\/portfolio\/briand-renault-dependance-rennes\/"]}]},{"@type":"ImageObject","inLanguage":"fr-FR","@id":"https:\/\/intervalphoto.fr\/photographe-architecture-et-industrie\/portfolio\/briand-renault-dependance-rennes\/#primaryimage","url":"https:\/\/i0.wp.com\/intervalphoto.fr\/wp-content\/uploads\/2018\/06\/BR-ext-K-rennes-3.jpg?fit=%2C&ssl=1","contentUrl":"https:\/\/i0.wp.com\/intervalphoto.fr\/wp-content\/uploads\/2018\/06\/BR-ext-K-rennes-3.jpg?fit=%2C&ssl=1","caption":"Briand & Renault Architectes, r\u00e9habilitation d'une D\u00e9pendance, maison individuelle, Rennes (35) \u00a9INTERVAL photo"},{"@type":"BreadcrumbList","@id":"https:\/\/intervalphoto.fr\/photographe-architecture-et-industrie\/portfolio\/briand-renault-dependance-rennes\/#breadcrumb","itemListElement":[{"@type":"ListItem","position":1,"name":"Accueil","item":"https:\/\/intervalphoto.fr\/photographe-architecture-et-industrie\/"},{"@type":"ListItem","position":2,"name":"Portfolio","item":"https:\/\/intervalphoto.fr\/photographe-architecture-et-industrie\/portfolio\/"},{"@type":"ListItem","position":3,"name":"Briand &amp; Renault Architectes, r\u00e9habilitation d&rsquo;une D\u00e9pendance, maison individuelle, Rennes (35)"}]},{"@type":"WebSite","@id":"https:\/\/intervalphoto.fr\/photographe-architecture-et-industrie\/#website","url":"https:\/\/intervalphoto.fr\/photographe-architecture-et-industrie\/","name":"INTERVALphoto","description":"revealing...","potentialAction":[{"@type":"SearchAction","target":{"@type":"EntryPoint","urlTemplate":"https:\/\/intervalphoto.fr\/photographe-architecture-et-industrie\/?s={search_term_string}"},"query-input":{"@type":"PropertyValueSpecification","valueRequired":true,"valueName":"search_term_string"}}],"inLanguage":"fr-FR"}]}},"jetpack_sharing_enabled":true,"jetpack_likes_enabled":true,"_links":{"self":[{"href":"https:\/\/intervalphoto.fr\/photographe-architecture-et-industrie\/wp-json\/wp\/v2\/portfolio\/21220","targetHints":{"allow":["GET"]}}],"collection":[{"href":"https:\/\/intervalphoto.fr\/photographe-architecture-et-industrie\/wp-json\/wp\/v2\/portfolio"}],"about":[{"href":"https:\/\/intervalphoto.fr\/photographe-architecture-et-industrie\/wp-json\/wp\/v2\/types\/portfolio"}],"author":[{"embeddable":true,"href":"https:\/\/intervalphoto.fr\/photographe-architecture-et-industrie\/wp-json\/wp\/v2\/users\/1"}],"replies":[{"embeddable":true,"href":"https:\/\/intervalphoto.fr\/photographe-architecture-et-industrie\/wp-json\/wp\/v2\/comments?post=21220"}],"version-history":[{"count":0,"href":"https:\/\/intervalphoto.fr\/photographe-architecture-et-industrie\/wp-json\/wp\/v2\/portfolio\/21220\/revisions"}],"wp:featuredmedia":[{"embeddable":true,"href":"https:\/\/intervalphoto.fr\/photographe-architecture-et-industrie\/wp-json\/wp\/v2\/media\/21247"}],"wp:attachment":[{"href":"https:\/\/intervalphoto.fr\/photographe-architecture-et-industrie\/wp-json\/wp\/v2\/media?parent=21220"}],"wp:term":[{"taxonomy":"portfolio_category","embeddable":true,"href":"https:\/\/intervalphoto.fr\/photographe-architecture-et-industrie\/wp-json\/wp\/v2\/portfolio_category?post=21220"},{"taxonomy":"reportages","embeddable":true,"href":"https:\/\/intervalphoto.fr\/photographe-architecture-et-industrie\/wp-json\/wp\/v2\/reportages?post=21220"},{"taxonomy":"portfolio_tag","embeddable":true,"href":"https:\/\/intervalphoto.fr\/photographe-architecture-et-industrie\/wp-json\/wp\/v2\/portfolio_tag?post=21220"}],"curies":[{"name":"wp","href":"https:\/\/api.w.org\/{rel}","templated":true}]}}