{"id":9793,"date":"2016-09-01T12:11:44","date_gmt":"2016-09-01T10:11:44","guid":{"rendered":"http:\/\/intervalphoto.fr\/photographe-architecture-et-industrie\/?post_type=portfolio&#038;p=9793"},"modified":"2024-10-07T18:20:42","modified_gmt":"2024-10-07T16:20:42","slug":"dencohappel-polyclinique-cesson-sevigne","status":"publish","type":"portfolio","link":"https:\/\/intervalphoto.fr\/photographe-architecture-et-industrie\/portfolio\/dencohappel-polyclinique-cesson-sevigne\/","title":{"rendered":"DENCOHAPPEL, plafond filtrant, bloc op\u00e9ratoire, polyclinique de Cesson S\u00e9vign\u00e9 (35)"},"content":{"rendered":"<div class=\"wa-comp wa-text wa-bg-gradient param[grad(rgba(0,0,0,0)) border(0 #969696)] \">\n<div>\n<div style=\"text-align: left;\" align=\"center\">\n<h2>DENCOHAPPEL, plafond filtrant<\/h2>\n<\/div>\n<\/div>\n<div>bloc op\u00e9ratoire, polyclinique<\/div>\n<div>Cesson S\u00e9vign\u00e9(35)<\/div>\n<div>2016<\/div>\n<div style=\"text-align: left;\" align=\"center\">\u00a0<\/div>\n<div style=\"text-align: left;\" align=\"center\"><a href=\"http:\/\/www.dencohappel.com\/fr\" target=\"_blank\" rel=\"noopener\">www.dencohappel.com<\/a><\/div>\n<\/div>\n\n\n<div class=\"wp-block-jetpack-tiled-gallery aligncenter is-style-rectangular\"><div class=\"\"><div class=\"tiled-gallery__gallery\"><div class=\"tiled-gallery__row\"><div class=\"tiled-gallery__col\" style=\"flex-basis:70.49046%\"><figure class=\"tiled-gallery__item\"><img decoding=\"async\" data-attachment-id=\"9833\" data-permalink=\"https:\/\/intervalphoto.fr\/photographe-architecture-et-industrie\/portfolio\/dencohappel-polyclinique-cesson-sevigne\/20160819-dencohappel-polyclinique-cesson-sevigne-137\/\" data-orig-file=\"https:\/\/i0.wp.com\/intervalphoto.fr\/wp-content\/uploads\/2016\/09\/20160819-DENCOHAPPEL-polyclinique-Cesson-Sevigne-137.jpg?fit=1000%2C625&amp;ssl=1\" data-orig-size=\"1000,625\" data-comments-opened=\"0\" data-image-meta=\"{&quot;aperture&quot;:&quot;0&quot;,&quot;credit&quot;:&quot;Quideau Francois&quot;,&quot;camera&quot;:&quot;&quot;,&quot;caption&quot;:&quot;&quot;,&quot;created_timestamp&quot;:&quot;0&quot;,&quot;copyright&quot;:&quot;INTERVAL photo&quot;,&quot;focal_length&quot;:&quot;0&quot;,&quot;iso&quot;:&quot;0&quot;,&quot;shutter_speed&quot;:&quot;0&quot;,&quot;title&quot;:&quot;&quot;,&quot;orientation&quot;:&quot;0&quot;}\" data-image-title=\"20160819-DENCOHAPPEL-polyclinique-Cesson-Sevigne-137\" data-image-description=\"\" data-image-caption=\"&lt;p&gt;DENCOHAPPEL, plafond filtrants, polyclinique, Cesson S\u00c3\u00a9vign\u00c3\u00a9 \u00c2\u00a9INTERVALphoto&lt;\/p&gt;\n\" data-large-file=\"https:\/\/i0.wp.com\/intervalphoto.fr\/wp-content\/uploads\/2016\/09\/20160819-DENCOHAPPEL-polyclinique-Cesson-Sevigne-137.jpg?fit=1000%2C625&amp;ssl=1\" data-attachment-id=\"9833\" data-permalink=\"https:\/\/intervalphoto.fr\/photographe-architecture-et-industrie\/portfolio\/dencohappel-polyclinique-cesson-sevigne\/20160819-dencohappel-polyclinique-cesson-sevigne-137\/\" data-orig-file=\"https:\/\/i0.wp.com\/intervalphoto.fr\/wp-content\/uploads\/2016\/09\/20160819-DENCOHAPPEL-polyclinique-Cesson-Sevigne-137.jpg?fit=1000%2C625&amp;ssl=1\" data-orig-size=\"1000,625\" data-comments-opened=\"0\" data-image-meta=\"{&quot;aperture&quot;:&quot;0&quot;,&quot;credit&quot;:&quot;Quideau Francois&quot;,&quot;camera&quot;:&quot;&quot;,&quot;caption&quot;:&quot;&quot;,&quot;created_timestamp&quot;:&quot;0&quot;,&quot;copyright&quot;:&quot;INTERVAL photo&quot;,&quot;focal_length&quot;:&quot;0&quot;,&quot;iso&quot;:&quot;0&quot;,&quot;shutter_speed&quot;:&quot;0&quot;,&quot;title&quot;:&quot;&quot;,&quot;orientation&quot;:&quot;0&quot;}\" data-image-title=\"20160819-DENCOHAPPEL-polyclinique-Cesson-Sevigne-137\" data-image-description=\"\" data-image-caption=\"&lt;p&gt;DENCOHAPPEL, plafond filtrants, polyclinique, Cesson S\u00c3\u00a9vign\u00c3\u00a9 \u00c2\u00a9INTERVALphoto&lt;\/p&gt;\n\" data-large-file=\"https:\/\/i0.wp.com\/intervalphoto.fr\/wp-content\/uploads\/2016\/09\/20160819-DENCOHAPPEL-polyclinique-Cesson-Sevigne-137.jpg?fit=1000%2C625&amp;ssl=1\" role=\"button\" tabindex=\"0\" aria-label=\"Ouvrir l\u2019image 1 sur 40 en plein \u00e9cran\"srcset=\"https:\/\/i2.wp.com\/intervalphoto.fr\/wp-content\/uploads\/2016\/09\/20160819-DENCOHAPPEL-polyclinique-Cesson-Sevigne-137.jpg?strip=info&#038;w=600&#038;ssl=1 600w,https:\/\/i2.wp.com\/intervalphoto.fr\/wp-content\/uploads\/2016\/09\/20160819-DENCOHAPPEL-polyclinique-Cesson-Sevigne-137.jpg?strip=info&#038;w=900&#038;ssl=1 900w,https:\/\/i2.wp.com\/intervalphoto.fr\/wp-content\/uploads\/2016\/09\/20160819-DENCOHAPPEL-polyclinique-Cesson-Sevigne-137.jpg?strip=info&#038;w=1000&#038;ssl=1 1000w\" alt=\"\" data-height=\"625\" data-id=\"9833\" data-link=\"https:\/\/intervalphoto.fr\/photographe-architecture-et-industrie\/portfolio\/dencohappel-polyclinique-cesson-sevigne\/20160819-dencohappel-polyclinique-cesson-sevigne-137\/\" data-url=\"https:\/\/intervalphoto.fr\/wp-content\/uploads\/2016\/09\/20160819-DENCOHAPPEL-polyclinique-Cesson-Sevigne-137.jpg\" data-width=\"1000\" src=\"https:\/\/i2.wp.com\/intervalphoto.fr\/wp-content\/uploads\/2016\/09\/20160819-DENCOHAPPEL-polyclinique-Cesson-Sevigne-137.jpg?ssl=1\" data-amp-layout=\"responsive\" tabindex=\"0\" role=\"button\" aria-label=\"Ouvrir l\u2019image 1 sur 40 en plein \u00e9cran\"\/><\/figure><\/div><div class=\"tiled-gallery__col\" style=\"flex-basis:29.50954%\"><figure class=\"tiled-gallery__item\"><img decoding=\"async\" data-attachment-id=\"9832\" data-permalink=\"https:\/\/intervalphoto.fr\/photographe-architecture-et-industrie\/portfolio\/dencohappel-polyclinique-cesson-sevigne\/20160819-dencohappel-polyclinique-cesson-sevigne-129\/\" data-orig-file=\"https:\/\/i0.wp.com\/intervalphoto.fr\/wp-content\/uploads\/2016\/09\/20160819-DENCOHAPPEL-polyclinique-Cesson-Sevigne-129.jpg?fit=668%2C1000&amp;ssl=1\" data-orig-size=\"668,1000\" data-comments-opened=\"0\" data-image-meta=\"{&quot;aperture&quot;:&quot;0&quot;,&quot;credit&quot;:&quot;Quideau Francois&quot;,&quot;camera&quot;:&quot;&quot;,&quot;caption&quot;:&quot;&quot;,&quot;created_timestamp&quot;:&quot;0&quot;,&quot;copyright&quot;:&quot;INTERVAL photo&quot;,&quot;focal_length&quot;:&quot;0&quot;,&quot;iso&quot;:&quot;0&quot;,&quot;shutter_speed&quot;:&quot;0&quot;,&quot;title&quot;:&quot;&quot;,&quot;orientation&quot;:&quot;0&quot;}\" data-image-title=\"20160819-DENCOHAPPEL-polyclinique-Cesson-Sevigne-129\" data-image-description=\"\" data-image-caption=\"&lt;p&gt;DENCOHAPPEL, plafond filtrants, polyclinique, Cesson S\u00c3\u00a9vign\u00c3\u00a9 \u00c2\u00a9INTERVALphoto&lt;\/p&gt;\n\" data-large-file=\"https:\/\/i0.wp.com\/intervalphoto.fr\/wp-content\/uploads\/2016\/09\/20160819-DENCOHAPPEL-polyclinique-Cesson-Sevigne-129.jpg?fit=668%2C1000&amp;ssl=1\" data-attachment-id=\"9832\" data-permalink=\"https:\/\/intervalphoto.fr\/photographe-architecture-et-industrie\/portfolio\/dencohappel-polyclinique-cesson-sevigne\/20160819-dencohappel-polyclinique-cesson-sevigne-129\/\" data-orig-file=\"https:\/\/i0.wp.com\/intervalphoto.fr\/wp-content\/uploads\/2016\/09\/20160819-DENCOHAPPEL-polyclinique-Cesson-Sevigne-129.jpg?fit=668%2C1000&amp;ssl=1\" data-orig-size=\"668,1000\" data-comments-opened=\"0\" data-image-meta=\"{&quot;aperture&quot;:&quot;0&quot;,&quot;credit&quot;:&quot;Quideau Francois&quot;,&quot;camera&quot;:&quot;&quot;,&quot;caption&quot;:&quot;&quot;,&quot;created_timestamp&quot;:&quot;0&quot;,&quot;copyright&quot;:&quot;INTERVAL photo&quot;,&quot;focal_length&quot;:&quot;0&quot;,&quot;iso&quot;:&quot;0&quot;,&quot;shutter_speed&quot;:&quot;0&quot;,&quot;title&quot;:&quot;&quot;,&quot;orientation&quot;:&quot;0&quot;}\" data-image-title=\"20160819-DENCOHAPPEL-polyclinique-Cesson-Sevigne-129\" data-image-description=\"\" data-image-caption=\"&lt;p&gt;DENCOHAPPEL, plafond filtrants, polyclinique, Cesson S\u00c3\u00a9vign\u00c3\u00a9 \u00c2\u00a9INTERVALphoto&lt;\/p&gt;\n\" data-large-file=\"https:\/\/i0.wp.com\/intervalphoto.fr\/wp-content\/uploads\/2016\/09\/20160819-DENCOHAPPEL-polyclinique-Cesson-Sevigne-129.jpg?fit=668%2C1000&amp;ssl=1\" role=\"button\" tabindex=\"0\" aria-label=\"Ouvrir l\u2019image 2 sur 40 en plein \u00e9cran\"srcset=\"https:\/\/i0.wp.com\/intervalphoto.fr\/wp-content\/uploads\/2016\/09\/20160819-DENCOHAPPEL-polyclinique-Cesson-Sevigne-129.jpg?strip=info&#038;w=600&#038;ssl=1 600w,https:\/\/i0.wp.com\/intervalphoto.fr\/wp-content\/uploads\/2016\/09\/20160819-DENCOHAPPEL-polyclinique-Cesson-Sevigne-129.jpg?strip=info&#038;w=668&#038;ssl=1 668w\" alt=\"\" data-height=\"1000\" data-id=\"9832\" data-link=\"https:\/\/intervalphoto.fr\/photographe-architecture-et-industrie\/portfolio\/dencohappel-polyclinique-cesson-sevigne\/20160819-dencohappel-polyclinique-cesson-sevigne-129\/\" data-url=\"https:\/\/intervalphoto.fr\/wp-content\/uploads\/2016\/09\/20160819-DENCOHAPPEL-polyclinique-Cesson-Sevigne-129.jpg\" data-width=\"668\" src=\"https:\/\/i0.wp.com\/intervalphoto.fr\/wp-content\/uploads\/2016\/09\/20160819-DENCOHAPPEL-polyclinique-Cesson-Sevigne-129.jpg?ssl=1\" data-amp-layout=\"responsive\" tabindex=\"0\" role=\"button\" aria-label=\"Ouvrir l\u2019image 2 sur 40 en plein \u00e9cran\"\/><\/figure><\/div><\/div><div class=\"tiled-gallery__row\"><div class=\"tiled-gallery__col\" style=\"flex-basis:66.83842%\"><figure class=\"tiled-gallery__item\"><img decoding=\"async\" data-attachment-id=\"9831\" data-permalink=\"https:\/\/intervalphoto.fr\/photographe-architecture-et-industrie\/portfolio\/dencohappel-polyclinique-cesson-sevigne\/20160819-dencohappel-polyclinique-cesson-sevigne-117\/\" data-orig-file=\"https:\/\/i0.wp.com\/intervalphoto.fr\/wp-content\/uploads\/2016\/09\/20160819-DENCOHAPPEL-polyclinique-Cesson-Sevigne-117.jpg?fit=668%2C1000&amp;ssl=1\" data-orig-size=\"668,1000\" data-comments-opened=\"0\" data-image-meta=\"{&quot;aperture&quot;:&quot;0&quot;,&quot;credit&quot;:&quot;Quideau Francois&quot;,&quot;camera&quot;:&quot;&quot;,&quot;caption&quot;:&quot;&quot;,&quot;created_timestamp&quot;:&quot;0&quot;,&quot;copyright&quot;:&quot;INTERVAL photo&quot;,&quot;focal_length&quot;:&quot;0&quot;,&quot;iso&quot;:&quot;0&quot;,&quot;shutter_speed&quot;:&quot;0&quot;,&quot;title&quot;:&quot;&quot;,&quot;orientation&quot;:&quot;0&quot;}\" data-image-title=\"20160819-DENCOHAPPEL-polyclinique-Cesson-Sevigne-117\" data-image-description=\"\" data-image-caption=\"&lt;p&gt;DENCOHAPPEL, plafond filtrants, polyclinique, Cesson S\u00c3\u00a9vign\u00c3\u00a9 \u00c2\u00a9INTERVALphoto&lt;\/p&gt;\n\" data-large-file=\"https:\/\/i0.wp.com\/intervalphoto.fr\/wp-content\/uploads\/2016\/09\/20160819-DENCOHAPPEL-polyclinique-Cesson-Sevigne-117.jpg?fit=668%2C1000&amp;ssl=1\" data-attachment-id=\"9831\" data-permalink=\"https:\/\/intervalphoto.fr\/photographe-architecture-et-industrie\/portfolio\/dencohappel-polyclinique-cesson-sevigne\/20160819-dencohappel-polyclinique-cesson-sevigne-117\/\" data-orig-file=\"https:\/\/i0.wp.com\/intervalphoto.fr\/wp-content\/uploads\/2016\/09\/20160819-DENCOHAPPEL-polyclinique-Cesson-Sevigne-117.jpg?fit=668%2C1000&amp;ssl=1\" data-orig-size=\"668,1000\" data-comments-opened=\"0\" data-image-meta=\"{&quot;aperture&quot;:&quot;0&quot;,&quot;credit&quot;:&quot;Quideau Francois&quot;,&quot;camera&quot;:&quot;&quot;,&quot;caption&quot;:&quot;&quot;,&quot;created_timestamp&quot;:&quot;0&quot;,&quot;copyright&quot;:&quot;INTERVAL photo&quot;,&quot;focal_length&quot;:&quot;0&quot;,&quot;iso&quot;:&quot;0&quot;,&quot;shutter_speed&quot;:&quot;0&quot;,&quot;title&quot;:&quot;&quot;,&quot;orientation&quot;:&quot;0&quot;}\" data-image-title=\"20160819-DENCOHAPPEL-polyclinique-Cesson-Sevigne-117\" data-image-description=\"\" data-image-caption=\"&lt;p&gt;DENCOHAPPEL, plafond filtrants, polyclinique, Cesson S\u00c3\u00a9vign\u00c3\u00a9 \u00c2\u00a9INTERVALphoto&lt;\/p&gt;\n\" data-large-file=\"https:\/\/i0.wp.com\/intervalphoto.fr\/wp-content\/uploads\/2016\/09\/20160819-DENCOHAPPEL-polyclinique-Cesson-Sevigne-117.jpg?fit=668%2C1000&amp;ssl=1\" role=\"button\" tabindex=\"0\" aria-label=\"Ouvrir l\u2019image 3 sur 40 en plein \u00e9cran\"srcset=\"https:\/\/i0.wp.com\/intervalphoto.fr\/wp-content\/uploads\/2016\/09\/20160819-DENCOHAPPEL-polyclinique-Cesson-Sevigne-117.jpg?strip=info&#038;w=600&#038;ssl=1 600w,https:\/\/i0.wp.com\/intervalphoto.fr\/wp-content\/uploads\/2016\/09\/20160819-DENCOHAPPEL-polyclinique-Cesson-Sevigne-117.jpg?strip=info&#038;w=668&#038;ssl=1 668w\" alt=\"\" data-height=\"1000\" data-id=\"9831\" data-link=\"https:\/\/intervalphoto.fr\/photographe-architecture-et-industrie\/portfolio\/dencohappel-polyclinique-cesson-sevigne\/20160819-dencohappel-polyclinique-cesson-sevigne-117\/\" data-url=\"https:\/\/intervalphoto.fr\/wp-content\/uploads\/2016\/09\/20160819-DENCOHAPPEL-polyclinique-Cesson-Sevigne-117.jpg\" data-width=\"668\" src=\"https:\/\/i0.wp.com\/intervalphoto.fr\/wp-content\/uploads\/2016\/09\/20160819-DENCOHAPPEL-polyclinique-Cesson-Sevigne-117.jpg?ssl=1\" data-amp-layout=\"responsive\" tabindex=\"0\" role=\"button\" aria-label=\"Ouvrir l\u2019image 3 sur 40 en plein \u00e9cran\"\/><\/figure><\/div><div class=\"tiled-gallery__col\" style=\"flex-basis:33.16158%\"><figure class=\"tiled-gallery__item\"><img data-recalc-dims=\"1\" decoding=\"async\" data-attachment-id=\"9830\" data-permalink=\"https:\/\/intervalphoto.fr\/photographe-architecture-et-industrie\/portfolio\/dencohappel-polyclinique-cesson-sevigne\/20160819-dencohappel-polyclinique-cesson-sevigne-106\/\" data-orig-file=\"https:\/\/i0.wp.com\/intervalphoto.fr\/wp-content\/uploads\/2016\/09\/20160819-DENCOHAPPEL-polyclinique-Cesson-Sevigne-106.jpg?fit=%2C&amp;ssl=1\" data-orig-size=\"\" data-comments-opened=\"0\" data-image-meta=\"[]\" data-image-title=\"20160819-DENCOHAPPEL-polyclinique-Cesson-Sevigne-106\" data-image-description=\"\" data-image-caption=\"&lt;p&gt;DENCOHAPPEL, plafond filtrants, polyclinique, Cesson S\u00c3\u00a9vign\u00c3\u00a9 \u00c2\u00a9INTERVALphoto&lt;\/p&gt;\n\" data-large-file=\"https:\/\/i0.wp.com\/intervalphoto.fr\/wp-content\/uploads\/2016\/09\/20160819-DENCOHAPPEL-polyclinique-Cesson-Sevigne-106.jpg?fit=1024%2C1024&amp;ssl=1\" data-attachment-id=\"9830\" data-permalink=\"https:\/\/intervalphoto.fr\/photographe-architecture-et-industrie\/portfolio\/dencohappel-polyclinique-cesson-sevigne\/20160819-dencohappel-polyclinique-cesson-sevigne-106\/\" data-orig-file=\"https:\/\/i0.wp.com\/intervalphoto.fr\/wp-content\/uploads\/2016\/09\/20160819-DENCOHAPPEL-polyclinique-Cesson-Sevigne-106.jpg?fit=%2C&amp;ssl=1\" data-orig-size=\"\" data-comments-opened=\"0\" data-image-meta=\"[]\" data-image-title=\"20160819-DENCOHAPPEL-polyclinique-Cesson-Sevigne-106\" data-image-description=\"\" data-image-caption=\"&lt;p&gt;DENCOHAPPEL, plafond filtrants, polyclinique, Cesson S\u00c3\u00a9vign\u00c3\u00a9 \u00c2\u00a9INTERVALphoto&lt;\/p&gt;\n\" data-large-file=\"https:\/\/i0.wp.com\/intervalphoto.fr\/wp-content\/uploads\/2016\/09\/20160819-DENCOHAPPEL-polyclinique-Cesson-Sevigne-106.jpg?fit=1024%2C1024&amp;ssl=1\" alt=\"\" data-id=\"9830\" data-link=\"https:\/\/intervalphoto.fr\/photographe-architecture-et-industrie\/portfolio\/dencohappel-polyclinique-cesson-sevigne\/20160819-dencohappel-polyclinique-cesson-sevigne-106\/\" data-url=\"https:\/\/intervalphoto.fr\/wp-content\/uploads\/2016\/09\/20160819-DENCOHAPPEL-polyclinique-Cesson-Sevigne-106.jpg\" src=\"https:\/\/i0.wp.com\/intervalphoto.fr\/wp-content\/uploads\/2016\/09\/20160819-DENCOHAPPEL-polyclinique-Cesson-Sevigne-106.jpg?ssl=1\" data-amp-layout=\"responsive\" tabindex=\"0\" role=\"button\" aria-label=\"Ouvrir l\u2019image 4 sur 40 en plein \u00e9cran\"\/><\/figure><figure class=\"tiled-gallery__item\"><img data-recalc-dims=\"1\" decoding=\"async\" data-attachment-id=\"9829\" data-permalink=\"https:\/\/intervalphoto.fr\/photographe-architecture-et-industrie\/portfolio\/dencohappel-polyclinique-cesson-sevigne\/20160819-dencohappel-polyclinique-cesson-sevigne-103\/\" data-orig-file=\"https:\/\/i0.wp.com\/intervalphoto.fr\/wp-content\/uploads\/2016\/09\/20160819-DENCOHAPPEL-polyclinique-Cesson-Sevigne-103.jpg?fit=%2C&amp;ssl=1\" data-orig-size=\"\" data-comments-opened=\"0\" data-image-meta=\"[]\" data-image-title=\"20160819-DENCOHAPPEL-polyclinique-Cesson-Sevigne-103\" data-image-description=\"\" data-image-caption=\"&lt;p&gt;DENCOHAPPEL, plafond filtrants, polyclinique, Cesson S\u00c3\u00a9vign\u00c3\u00a9 \u00c2\u00a9INTERVALphoto&lt;\/p&gt;\n\" data-large-file=\"https:\/\/i0.wp.com\/intervalphoto.fr\/wp-content\/uploads\/2016\/09\/20160819-DENCOHAPPEL-polyclinique-Cesson-Sevigne-103.jpg?fit=1024%2C1024&amp;ssl=1\" data-attachment-id=\"9829\" data-permalink=\"https:\/\/intervalphoto.fr\/photographe-architecture-et-industrie\/portfolio\/dencohappel-polyclinique-cesson-sevigne\/20160819-dencohappel-polyclinique-cesson-sevigne-103\/\" data-orig-file=\"https:\/\/i0.wp.com\/intervalphoto.fr\/wp-content\/uploads\/2016\/09\/20160819-DENCOHAPPEL-polyclinique-Cesson-Sevigne-103.jpg?fit=%2C&amp;ssl=1\" data-orig-size=\"\" data-comments-opened=\"0\" data-image-meta=\"[]\" data-image-title=\"20160819-DENCOHAPPEL-polyclinique-Cesson-Sevigne-103\" data-image-description=\"\" data-image-caption=\"&lt;p&gt;DENCOHAPPEL, plafond filtrants, polyclinique, Cesson S\u00c3\u00a9vign\u00c3\u00a9 \u00c2\u00a9INTERVALphoto&lt;\/p&gt;\n\" data-large-file=\"https:\/\/i0.wp.com\/intervalphoto.fr\/wp-content\/uploads\/2016\/09\/20160819-DENCOHAPPEL-polyclinique-Cesson-Sevigne-103.jpg?fit=1024%2C1024&amp;ssl=1\" alt=\"\" data-id=\"9829\" data-link=\"https:\/\/intervalphoto.fr\/photographe-architecture-et-industrie\/portfolio\/dencohappel-polyclinique-cesson-sevigne\/20160819-dencohappel-polyclinique-cesson-sevigne-103\/\" data-url=\"https:\/\/intervalphoto.fr\/wp-content\/uploads\/2016\/09\/20160819-DENCOHAPPEL-polyclinique-Cesson-Sevigne-103.jpg\" src=\"https:\/\/i0.wp.com\/intervalphoto.fr\/wp-content\/uploads\/2016\/09\/20160819-DENCOHAPPEL-polyclinique-Cesson-Sevigne-103.jpg?ssl=1\" data-amp-layout=\"responsive\" tabindex=\"0\" role=\"button\" aria-label=\"Ouvrir l\u2019image 5 sur 40 en plein \u00e9cran\"\/><\/figure><figure class=\"tiled-gallery__item\"><img data-recalc-dims=\"1\" decoding=\"async\" data-attachment-id=\"9828\" data-permalink=\"https:\/\/intervalphoto.fr\/photographe-architecture-et-industrie\/portfolio\/dencohappel-polyclinique-cesson-sevigne\/20160819-dencohappel-polyclinique-cesson-sevigne-102\/\" data-orig-file=\"https:\/\/i0.wp.com\/intervalphoto.fr\/wp-content\/uploads\/2016\/09\/20160819-DENCOHAPPEL-polyclinique-Cesson-Sevigne-102.jpg?fit=%2C&amp;ssl=1\" data-orig-size=\"\" data-comments-opened=\"0\" data-image-meta=\"[]\" data-image-title=\"20160819-DENCOHAPPEL-polyclinique-Cesson-Sevigne-102\" data-image-description=\"\" data-image-caption=\"&lt;p&gt;DENCOHAPPEL, plafond filtrants, polyclinique, Cesson S\u00c3\u00a9vign\u00c3\u00a9 \u00c2\u00a9INTERVALphoto&lt;\/p&gt;\n\" data-large-file=\"https:\/\/i0.wp.com\/intervalphoto.fr\/wp-content\/uploads\/2016\/09\/20160819-DENCOHAPPEL-polyclinique-Cesson-Sevigne-102.jpg?fit=1024%2C1024&amp;ssl=1\" data-attachment-id=\"9828\" data-permalink=\"https:\/\/intervalphoto.fr\/photographe-architecture-et-industrie\/portfolio\/dencohappel-polyclinique-cesson-sevigne\/20160819-dencohappel-polyclinique-cesson-sevigne-102\/\" data-orig-file=\"https:\/\/i0.wp.com\/intervalphoto.fr\/wp-content\/uploads\/2016\/09\/20160819-DENCOHAPPEL-polyclinique-Cesson-Sevigne-102.jpg?fit=%2C&amp;ssl=1\" data-orig-size=\"\" data-comments-opened=\"0\" data-image-meta=\"[]\" data-image-title=\"20160819-DENCOHAPPEL-polyclinique-Cesson-Sevigne-102\" data-image-description=\"\" data-image-caption=\"&lt;p&gt;DENCOHAPPEL, plafond filtrants, polyclinique, Cesson S\u00c3\u00a9vign\u00c3\u00a9 \u00c2\u00a9INTERVALphoto&lt;\/p&gt;\n\" data-large-file=\"https:\/\/i0.wp.com\/intervalphoto.fr\/wp-content\/uploads\/2016\/09\/20160819-DENCOHAPPEL-polyclinique-Cesson-Sevigne-102.jpg?fit=1024%2C1024&amp;ssl=1\" alt=\"\" data-id=\"9828\" data-link=\"https:\/\/intervalphoto.fr\/photographe-architecture-et-industrie\/portfolio\/dencohappel-polyclinique-cesson-sevigne\/20160819-dencohappel-polyclinique-cesson-sevigne-102\/\" data-url=\"https:\/\/intervalphoto.fr\/wp-content\/uploads\/2016\/09\/20160819-DENCOHAPPEL-polyclinique-Cesson-Sevigne-102.jpg\" src=\"https:\/\/i0.wp.com\/intervalphoto.fr\/wp-content\/uploads\/2016\/09\/20160819-DENCOHAPPEL-polyclinique-Cesson-Sevigne-102.jpg?ssl=1\" data-amp-layout=\"responsive\" tabindex=\"0\" role=\"button\" aria-label=\"Ouvrir l\u2019image 6 sur 40 en plein \u00e9cran\"\/><\/figure><\/div><\/div><div class=\"tiled-gallery__row\"><div class=\"tiled-gallery__col\" style=\"flex-basis:66.74718%\"><figure class=\"tiled-gallery__item\"><img data-recalc-dims=\"1\" decoding=\"async\" data-attachment-id=\"9827\" data-permalink=\"https:\/\/intervalphoto.fr\/photographe-architecture-et-industrie\/portfolio\/dencohappel-polyclinique-cesson-sevigne\/20160819-dencohappel-polyclinique-cesson-sevigne-100\/\" data-orig-file=\"https:\/\/i0.wp.com\/intervalphoto.fr\/wp-content\/uploads\/2016\/09\/20160819-DENCOHAPPEL-polyclinique-Cesson-Sevigne-100.jpg?fit=%2C&amp;ssl=1\" data-orig-size=\"\" data-comments-opened=\"0\" data-image-meta=\"[]\" data-image-title=\"20160819-DENCOHAPPEL-polyclinique-Cesson-Sevigne-100\" data-image-description=\"\" data-image-caption=\"&lt;p&gt;DENCOHAPPEL, plafond filtrants, polyclinique, Cesson S\u00c3\u00a9vign\u00c3\u00a9 \u00c2\u00a9INTERVALphoto&lt;\/p&gt;\n\" data-large-file=\"https:\/\/i0.wp.com\/intervalphoto.fr\/wp-content\/uploads\/2016\/09\/20160819-DENCOHAPPEL-polyclinique-Cesson-Sevigne-100.jpg?fit=1024%2C1024&amp;ssl=1\" data-attachment-id=\"9827\" data-permalink=\"https:\/\/intervalphoto.fr\/photographe-architecture-et-industrie\/portfolio\/dencohappel-polyclinique-cesson-sevigne\/20160819-dencohappel-polyclinique-cesson-sevigne-100\/\" data-orig-file=\"https:\/\/i0.wp.com\/intervalphoto.fr\/wp-content\/uploads\/2016\/09\/20160819-DENCOHAPPEL-polyclinique-Cesson-Sevigne-100.jpg?fit=%2C&amp;ssl=1\" data-orig-size=\"\" data-comments-opened=\"0\" data-image-meta=\"[]\" data-image-title=\"20160819-DENCOHAPPEL-polyclinique-Cesson-Sevigne-100\" data-image-description=\"\" data-image-caption=\"&lt;p&gt;DENCOHAPPEL, plafond filtrants, polyclinique, Cesson S\u00c3\u00a9vign\u00c3\u00a9 \u00c2\u00a9INTERVALphoto&lt;\/p&gt;\n\" data-large-file=\"https:\/\/i0.wp.com\/intervalphoto.fr\/wp-content\/uploads\/2016\/09\/20160819-DENCOHAPPEL-polyclinique-Cesson-Sevigne-100.jpg?fit=1024%2C1024&amp;ssl=1\" alt=\"\" data-id=\"9827\" data-link=\"https:\/\/intervalphoto.fr\/photographe-architecture-et-industrie\/portfolio\/dencohappel-polyclinique-cesson-sevigne\/20160819-dencohappel-polyclinique-cesson-sevigne-100\/\" data-url=\"https:\/\/intervalphoto.fr\/wp-content\/uploads\/2016\/09\/20160819-DENCOHAPPEL-polyclinique-Cesson-Sevigne-100.jpg\" src=\"https:\/\/i0.wp.com\/intervalphoto.fr\/wp-content\/uploads\/2016\/09\/20160819-DENCOHAPPEL-polyclinique-Cesson-Sevigne-100.jpg?ssl=1\" data-amp-layout=\"responsive\" tabindex=\"0\" role=\"button\" aria-label=\"Ouvrir l\u2019image 7 sur 40 en plein \u00e9cran\"\/><\/figure><\/div><div class=\"tiled-gallery__col\" style=\"flex-basis:33.25282%\"><figure class=\"tiled-gallery__item\"><img data-recalc-dims=\"1\" decoding=\"async\" data-attachment-id=\"9826\" data-permalink=\"https:\/\/intervalphoto.fr\/photographe-architecture-et-industrie\/portfolio\/dencohappel-polyclinique-cesson-sevigne\/20160819-dencohappel-polyclinique-cesson-sevigne-90\/\" data-orig-file=\"https:\/\/i0.wp.com\/intervalphoto.fr\/wp-content\/uploads\/2016\/09\/20160819-DENCOHAPPEL-polyclinique-Cesson-Sevigne-90.jpg?fit=%2C&amp;ssl=1\" data-orig-size=\"\" data-comments-opened=\"0\" data-image-meta=\"[]\" data-image-title=\"20160819-DENCOHAPPEL-polyclinique-Cesson-Sevigne-90\" data-image-description=\"\" data-image-caption=\"&lt;p&gt;DENCOHAPPEL, plafond filtrants, polyclinique, Cesson S\u00c3\u00a9vign\u00c3\u00a9 \u00c2\u00a9INTERVALphoto&lt;\/p&gt;\n\" data-large-file=\"https:\/\/i0.wp.com\/intervalphoto.fr\/wp-content\/uploads\/2016\/09\/20160819-DENCOHAPPEL-polyclinique-Cesson-Sevigne-90.jpg?fit=1024%2C1024&amp;ssl=1\" data-attachment-id=\"9826\" data-permalink=\"https:\/\/intervalphoto.fr\/photographe-architecture-et-industrie\/portfolio\/dencohappel-polyclinique-cesson-sevigne\/20160819-dencohappel-polyclinique-cesson-sevigne-90\/\" data-orig-file=\"https:\/\/i0.wp.com\/intervalphoto.fr\/wp-content\/uploads\/2016\/09\/20160819-DENCOHAPPEL-polyclinique-Cesson-Sevigne-90.jpg?fit=%2C&amp;ssl=1\" data-orig-size=\"\" data-comments-opened=\"0\" data-image-meta=\"[]\" data-image-title=\"20160819-DENCOHAPPEL-polyclinique-Cesson-Sevigne-90\" data-image-description=\"\" data-image-caption=\"&lt;p&gt;DENCOHAPPEL, plafond filtrants, polyclinique, Cesson S\u00c3\u00a9vign\u00c3\u00a9 \u00c2\u00a9INTERVALphoto&lt;\/p&gt;\n\" data-large-file=\"https:\/\/i0.wp.com\/intervalphoto.fr\/wp-content\/uploads\/2016\/09\/20160819-DENCOHAPPEL-polyclinique-Cesson-Sevigne-90.jpg?fit=1024%2C1024&amp;ssl=1\" alt=\"\" data-id=\"9826\" data-link=\"https:\/\/intervalphoto.fr\/photographe-architecture-et-industrie\/portfolio\/dencohappel-polyclinique-cesson-sevigne\/20160819-dencohappel-polyclinique-cesson-sevigne-90\/\" data-url=\"https:\/\/intervalphoto.fr\/wp-content\/uploads\/2016\/09\/20160819-DENCOHAPPEL-polyclinique-Cesson-Sevigne-90.jpg\" src=\"https:\/\/i0.wp.com\/intervalphoto.fr\/wp-content\/uploads\/2016\/09\/20160819-DENCOHAPPEL-polyclinique-Cesson-Sevigne-90.jpg?ssl=1\" data-amp-layout=\"responsive\" tabindex=\"0\" role=\"button\" aria-label=\"Ouvrir l\u2019image 8 sur 40 en plein \u00e9cran\"\/><\/figure><figure class=\"tiled-gallery__item\"><img data-recalc-dims=\"1\" decoding=\"async\" data-attachment-id=\"9825\" data-permalink=\"https:\/\/intervalphoto.fr\/photographe-architecture-et-industrie\/portfolio\/dencohappel-polyclinique-cesson-sevigne\/20160819-dencohappel-polyclinique-cesson-sevigne-89\/\" data-orig-file=\"https:\/\/i0.wp.com\/intervalphoto.fr\/wp-content\/uploads\/2016\/09\/20160819-DENCOHAPPEL-polyclinique-Cesson-Sevigne-89.jpg?fit=%2C&amp;ssl=1\" data-orig-size=\"\" data-comments-opened=\"0\" data-image-meta=\"[]\" data-image-title=\"20160819-DENCOHAPPEL-polyclinique-Cesson-Sevigne-89\" data-image-description=\"\" data-image-caption=\"&lt;p&gt;DENCOHAPPEL, plafond filtrants, polyclinique, Cesson S\u00c3\u00a9vign\u00c3\u00a9 \u00c2\u00a9INTERVALphoto&lt;\/p&gt;\n\" data-large-file=\"https:\/\/i0.wp.com\/intervalphoto.fr\/wp-content\/uploads\/2016\/09\/20160819-DENCOHAPPEL-polyclinique-Cesson-Sevigne-89.jpg?fit=1024%2C1024&amp;ssl=1\" data-attachment-id=\"9825\" data-permalink=\"https:\/\/intervalphoto.fr\/photographe-architecture-et-industrie\/portfolio\/dencohappel-polyclinique-cesson-sevigne\/20160819-dencohappel-polyclinique-cesson-sevigne-89\/\" data-orig-file=\"https:\/\/i0.wp.com\/intervalphoto.fr\/wp-content\/uploads\/2016\/09\/20160819-DENCOHAPPEL-polyclinique-Cesson-Sevigne-89.jpg?fit=%2C&amp;ssl=1\" data-orig-size=\"\" data-comments-opened=\"0\" data-image-meta=\"[]\" data-image-title=\"20160819-DENCOHAPPEL-polyclinique-Cesson-Sevigne-89\" data-image-description=\"\" data-image-caption=\"&lt;p&gt;DENCOHAPPEL, plafond filtrants, polyclinique, Cesson S\u00c3\u00a9vign\u00c3\u00a9 \u00c2\u00a9INTERVALphoto&lt;\/p&gt;\n\" data-large-file=\"https:\/\/i0.wp.com\/intervalphoto.fr\/wp-content\/uploads\/2016\/09\/20160819-DENCOHAPPEL-polyclinique-Cesson-Sevigne-89.jpg?fit=1024%2C1024&amp;ssl=1\" alt=\"\" data-id=\"9825\" data-link=\"https:\/\/intervalphoto.fr\/photographe-architecture-et-industrie\/portfolio\/dencohappel-polyclinique-cesson-sevigne\/20160819-dencohappel-polyclinique-cesson-sevigne-89\/\" data-url=\"https:\/\/intervalphoto.fr\/wp-content\/uploads\/2016\/09\/20160819-DENCOHAPPEL-polyclinique-Cesson-Sevigne-89.jpg\" src=\"https:\/\/i0.wp.com\/intervalphoto.fr\/wp-content\/uploads\/2016\/09\/20160819-DENCOHAPPEL-polyclinique-Cesson-Sevigne-89.jpg?ssl=1\" data-amp-layout=\"responsive\" tabindex=\"0\" role=\"button\" aria-label=\"Ouvrir l\u2019image 9 sur 40 en plein \u00e9cran\"\/><\/figure><\/div><\/div><div class=\"tiled-gallery__row\"><div class=\"tiled-gallery__col\" style=\"flex-basis:33.33333%\"><figure class=\"tiled-gallery__item\"><img data-recalc-dims=\"1\" decoding=\"async\" data-attachment-id=\"9824\" data-permalink=\"https:\/\/intervalphoto.fr\/photographe-architecture-et-industrie\/portfolio\/dencohappel-polyclinique-cesson-sevigne\/20160819-dencohappel-polyclinique-cesson-sevigne-86\/\" data-orig-file=\"https:\/\/i0.wp.com\/intervalphoto.fr\/wp-content\/uploads\/2016\/09\/20160819-DENCOHAPPEL-polyclinique-Cesson-Sevigne-86.jpg?fit=%2C&amp;ssl=1\" data-orig-size=\"\" data-comments-opened=\"0\" data-image-meta=\"[]\" data-image-title=\"20160819-DENCOHAPPEL-polyclinique-Cesson-Sevigne-86\" data-image-description=\"\" data-image-caption=\"&lt;p&gt;DENCOHAPPEL, plafond filtrants, polyclinique, Cesson S\u00c3\u00a9vign\u00c3\u00a9 \u00c2\u00a9INTERVALphoto&lt;\/p&gt;\n\" data-large-file=\"https:\/\/i0.wp.com\/intervalphoto.fr\/wp-content\/uploads\/2016\/09\/20160819-DENCOHAPPEL-polyclinique-Cesson-Sevigne-86.jpg?fit=1024%2C1024&amp;ssl=1\" data-attachment-id=\"9824\" data-permalink=\"https:\/\/intervalphoto.fr\/photographe-architecture-et-industrie\/portfolio\/dencohappel-polyclinique-cesson-sevigne\/20160819-dencohappel-polyclinique-cesson-sevigne-86\/\" data-orig-file=\"https:\/\/i0.wp.com\/intervalphoto.fr\/wp-content\/uploads\/2016\/09\/20160819-DENCOHAPPEL-polyclinique-Cesson-Sevigne-86.jpg?fit=%2C&amp;ssl=1\" data-orig-size=\"\" data-comments-opened=\"0\" data-image-meta=\"[]\" data-image-title=\"20160819-DENCOHAPPEL-polyclinique-Cesson-Sevigne-86\" data-image-description=\"\" data-image-caption=\"&lt;p&gt;DENCOHAPPEL, plafond filtrants, polyclinique, Cesson S\u00c3\u00a9vign\u00c3\u00a9 \u00c2\u00a9INTERVALphoto&lt;\/p&gt;\n\" data-large-file=\"https:\/\/i0.wp.com\/intervalphoto.fr\/wp-content\/uploads\/2016\/09\/20160819-DENCOHAPPEL-polyclinique-Cesson-Sevigne-86.jpg?fit=1024%2C1024&amp;ssl=1\" alt=\"\" data-id=\"9824\" data-link=\"https:\/\/intervalphoto.fr\/photographe-architecture-et-industrie\/portfolio\/dencohappel-polyclinique-cesson-sevigne\/20160819-dencohappel-polyclinique-cesson-sevigne-86\/\" data-url=\"https:\/\/intervalphoto.fr\/wp-content\/uploads\/2016\/09\/20160819-DENCOHAPPEL-polyclinique-Cesson-Sevigne-86.jpg\" src=\"https:\/\/i0.wp.com\/intervalphoto.fr\/wp-content\/uploads\/2016\/09\/20160819-DENCOHAPPEL-polyclinique-Cesson-Sevigne-86.jpg?ssl=1\" data-amp-layout=\"responsive\" tabindex=\"0\" role=\"button\" aria-label=\"Ouvrir l\u2019image 10 sur 40 en plein \u00e9cran\"\/><\/figure><\/div><div class=\"tiled-gallery__col\" style=\"flex-basis:33.33333%\"><figure class=\"tiled-gallery__item\"><img data-recalc-dims=\"1\" decoding=\"async\" data-attachment-id=\"9823\" data-permalink=\"https:\/\/intervalphoto.fr\/photographe-architecture-et-industrie\/portfolio\/dencohappel-polyclinique-cesson-sevigne\/20160819-dencohappel-polyclinique-cesson-sevigne-84\/\" data-orig-file=\"https:\/\/i0.wp.com\/intervalphoto.fr\/wp-content\/uploads\/2016\/09\/20160819-DENCOHAPPEL-polyclinique-Cesson-Sevigne-84.jpg?fit=%2C&amp;ssl=1\" data-orig-size=\"\" data-comments-opened=\"0\" data-image-meta=\"[]\" data-image-title=\"20160819-DENCOHAPPEL-polyclinique-Cesson-Sevigne-84\" data-image-description=\"\" data-image-caption=\"&lt;p&gt;DENCOHAPPEL, plafond filtrants, polyclinique, Cesson S\u00c3\u00a9vign\u00c3\u00a9 \u00c2\u00a9INTERVALphoto&lt;\/p&gt;\n\" data-large-file=\"https:\/\/i0.wp.com\/intervalphoto.fr\/wp-content\/uploads\/2016\/09\/20160819-DENCOHAPPEL-polyclinique-Cesson-Sevigne-84.jpg?fit=1024%2C1024&amp;ssl=1\" data-attachment-id=\"9823\" data-permalink=\"https:\/\/intervalphoto.fr\/photographe-architecture-et-industrie\/portfolio\/dencohappel-polyclinique-cesson-sevigne\/20160819-dencohappel-polyclinique-cesson-sevigne-84\/\" data-orig-file=\"https:\/\/i0.wp.com\/intervalphoto.fr\/wp-content\/uploads\/2016\/09\/20160819-DENCOHAPPEL-polyclinique-Cesson-Sevigne-84.jpg?fit=%2C&amp;ssl=1\" data-orig-size=\"\" data-comments-opened=\"0\" data-image-meta=\"[]\" data-image-title=\"20160819-DENCOHAPPEL-polyclinique-Cesson-Sevigne-84\" data-image-description=\"\" data-image-caption=\"&lt;p&gt;DENCOHAPPEL, plafond filtrants, polyclinique, Cesson S\u00c3\u00a9vign\u00c3\u00a9 \u00c2\u00a9INTERVALphoto&lt;\/p&gt;\n\" data-large-file=\"https:\/\/i0.wp.com\/intervalphoto.fr\/wp-content\/uploads\/2016\/09\/20160819-DENCOHAPPEL-polyclinique-Cesson-Sevigne-84.jpg?fit=1024%2C1024&amp;ssl=1\" alt=\"\" data-id=\"9823\" data-link=\"https:\/\/intervalphoto.fr\/photographe-architecture-et-industrie\/portfolio\/dencohappel-polyclinique-cesson-sevigne\/20160819-dencohappel-polyclinique-cesson-sevigne-84\/\" data-url=\"https:\/\/intervalphoto.fr\/wp-content\/uploads\/2016\/09\/20160819-DENCOHAPPEL-polyclinique-Cesson-Sevigne-84.jpg\" src=\"https:\/\/i0.wp.com\/intervalphoto.fr\/wp-content\/uploads\/2016\/09\/20160819-DENCOHAPPEL-polyclinique-Cesson-Sevigne-84.jpg?ssl=1\" data-amp-layout=\"responsive\" tabindex=\"0\" role=\"button\" aria-label=\"Ouvrir l\u2019image 11 sur 40 en plein \u00e9cran\"\/><\/figure><\/div><div class=\"tiled-gallery__col\" style=\"flex-basis:33.33333%\"><figure class=\"tiled-gallery__item\"><img data-recalc-dims=\"1\" decoding=\"async\" data-attachment-id=\"9822\" data-permalink=\"https:\/\/intervalphoto.fr\/photographe-architecture-et-industrie\/portfolio\/dencohappel-polyclinique-cesson-sevigne\/20160819-dencohappel-polyclinique-cesson-sevigne-82\/\" data-orig-file=\"https:\/\/i0.wp.com\/intervalphoto.fr\/wp-content\/uploads\/2016\/09\/20160819-DENCOHAPPEL-polyclinique-Cesson-Sevigne-82.jpg?fit=%2C&amp;ssl=1\" data-orig-size=\"\" data-comments-opened=\"0\" data-image-meta=\"[]\" data-image-title=\"20160819-DENCOHAPPEL-polyclinique-Cesson-Sevigne-82\" data-image-description=\"\" data-image-caption=\"&lt;p&gt;DENCOHAPPEL, plafond filtrants, polyclinique, Cesson S\u00c3\u00a9vign\u00c3\u00a9 \u00c2\u00a9INTERVALphoto&lt;\/p&gt;\n\" data-large-file=\"https:\/\/i0.wp.com\/intervalphoto.fr\/wp-content\/uploads\/2016\/09\/20160819-DENCOHAPPEL-polyclinique-Cesson-Sevigne-82.jpg?fit=1024%2C1024&amp;ssl=1\" data-attachment-id=\"9822\" data-permalink=\"https:\/\/intervalphoto.fr\/photographe-architecture-et-industrie\/portfolio\/dencohappel-polyclinique-cesson-sevigne\/20160819-dencohappel-polyclinique-cesson-sevigne-82\/\" data-orig-file=\"https:\/\/i0.wp.com\/intervalphoto.fr\/wp-content\/uploads\/2016\/09\/20160819-DENCOHAPPEL-polyclinique-Cesson-Sevigne-82.jpg?fit=%2C&amp;ssl=1\" data-orig-size=\"\" data-comments-opened=\"0\" data-image-meta=\"[]\" data-image-title=\"20160819-DENCOHAPPEL-polyclinique-Cesson-Sevigne-82\" data-image-description=\"\" data-image-caption=\"&lt;p&gt;DENCOHAPPEL, plafond filtrants, polyclinique, Cesson S\u00c3\u00a9vign\u00c3\u00a9 \u00c2\u00a9INTERVALphoto&lt;\/p&gt;\n\" data-large-file=\"https:\/\/i0.wp.com\/intervalphoto.fr\/wp-content\/uploads\/2016\/09\/20160819-DENCOHAPPEL-polyclinique-Cesson-Sevigne-82.jpg?fit=1024%2C1024&amp;ssl=1\" alt=\"\" data-id=\"9822\" data-link=\"https:\/\/intervalphoto.fr\/photographe-architecture-et-industrie\/portfolio\/dencohappel-polyclinique-cesson-sevigne\/20160819-dencohappel-polyclinique-cesson-sevigne-82\/\" data-url=\"https:\/\/intervalphoto.fr\/wp-content\/uploads\/2016\/09\/20160819-DENCOHAPPEL-polyclinique-Cesson-Sevigne-82.jpg\" src=\"https:\/\/i0.wp.com\/intervalphoto.fr\/wp-content\/uploads\/2016\/09\/20160819-DENCOHAPPEL-polyclinique-Cesson-Sevigne-82.jpg?ssl=1\" data-amp-layout=\"responsive\" tabindex=\"0\" role=\"button\" aria-label=\"Ouvrir l\u2019image 12 sur 40 en plein \u00e9cran\"\/><\/figure><\/div><\/div><div class=\"tiled-gallery__row\"><div class=\"tiled-gallery__col\" style=\"flex-basis:33.25282%\"><figure class=\"tiled-gallery__item\"><img data-recalc-dims=\"1\" decoding=\"async\" data-attachment-id=\"9821\" data-permalink=\"https:\/\/intervalphoto.fr\/photographe-architecture-et-industrie\/portfolio\/dencohappel-polyclinique-cesson-sevigne\/20160819-dencohappel-polyclinique-cesson-sevigne-79\/\" data-orig-file=\"https:\/\/i0.wp.com\/intervalphoto.fr\/wp-content\/uploads\/2016\/09\/20160819-DENCOHAPPEL-polyclinique-Cesson-Sevigne-79.jpg?fit=%2C&amp;ssl=1\" data-orig-size=\"\" data-comments-opened=\"0\" data-image-meta=\"[]\" data-image-title=\"20160819-DENCOHAPPEL-polyclinique-Cesson-Sevigne-79\" data-image-description=\"\" data-image-caption=\"&lt;p&gt;DENCOHAPPEL, plafond filtrants, polyclinique, Cesson S\u00c3\u00a9vign\u00c3\u00a9 \u00c2\u00a9INTERVALphoto&lt;\/p&gt;\n\" data-large-file=\"https:\/\/i0.wp.com\/intervalphoto.fr\/wp-content\/uploads\/2016\/09\/20160819-DENCOHAPPEL-polyclinique-Cesson-Sevigne-79.jpg?fit=1024%2C1024&amp;ssl=1\" data-attachment-id=\"9821\" data-permalink=\"https:\/\/intervalphoto.fr\/photographe-architecture-et-industrie\/portfolio\/dencohappel-polyclinique-cesson-sevigne\/20160819-dencohappel-polyclinique-cesson-sevigne-79\/\" data-orig-file=\"https:\/\/i0.wp.com\/intervalphoto.fr\/wp-content\/uploads\/2016\/09\/20160819-DENCOHAPPEL-polyclinique-Cesson-Sevigne-79.jpg?fit=%2C&amp;ssl=1\" data-orig-size=\"\" data-comments-opened=\"0\" data-image-meta=\"[]\" data-image-title=\"20160819-DENCOHAPPEL-polyclinique-Cesson-Sevigne-79\" data-image-description=\"\" data-image-caption=\"&lt;p&gt;DENCOHAPPEL, plafond filtrants, polyclinique, Cesson S\u00c3\u00a9vign\u00c3\u00a9 \u00c2\u00a9INTERVALphoto&lt;\/p&gt;\n\" data-large-file=\"https:\/\/i0.wp.com\/intervalphoto.fr\/wp-content\/uploads\/2016\/09\/20160819-DENCOHAPPEL-polyclinique-Cesson-Sevigne-79.jpg?fit=1024%2C1024&amp;ssl=1\" alt=\"\" data-id=\"9821\" data-link=\"https:\/\/intervalphoto.fr\/photographe-architecture-et-industrie\/portfolio\/dencohappel-polyclinique-cesson-sevigne\/20160819-dencohappel-polyclinique-cesson-sevigne-79\/\" data-url=\"https:\/\/intervalphoto.fr\/wp-content\/uploads\/2016\/09\/20160819-DENCOHAPPEL-polyclinique-Cesson-Sevigne-79.jpg\" src=\"https:\/\/i0.wp.com\/intervalphoto.fr\/wp-content\/uploads\/2016\/09\/20160819-DENCOHAPPEL-polyclinique-Cesson-Sevigne-79.jpg?ssl=1\" data-amp-layout=\"responsive\" tabindex=\"0\" role=\"button\" aria-label=\"Ouvrir l\u2019image 13 sur 40 en plein \u00e9cran\"\/><\/figure><figure class=\"tiled-gallery__item\"><img data-recalc-dims=\"1\" decoding=\"async\" data-attachment-id=\"9820\" data-permalink=\"https:\/\/intervalphoto.fr\/photographe-architecture-et-industrie\/portfolio\/dencohappel-polyclinique-cesson-sevigne\/20160819-dencohappel-polyclinique-cesson-sevigne-78\/\" data-orig-file=\"https:\/\/i0.wp.com\/intervalphoto.fr\/wp-content\/uploads\/2016\/09\/20160819-DENCOHAPPEL-polyclinique-Cesson-Sevigne-78.jpg?fit=%2C&amp;ssl=1\" data-orig-size=\"\" data-comments-opened=\"0\" data-image-meta=\"[]\" data-image-title=\"20160819-DENCOHAPPEL-polyclinique-Cesson-Sevigne-78\" data-image-description=\"\" data-image-caption=\"&lt;p&gt;DENCOHAPPEL, plafond filtrants, polyclinique, Cesson S\u00c3\u00a9vign\u00c3\u00a9 \u00c2\u00a9INTERVALphoto&lt;\/p&gt;\n\" data-large-file=\"https:\/\/i0.wp.com\/intervalphoto.fr\/wp-content\/uploads\/2016\/09\/20160819-DENCOHAPPEL-polyclinique-Cesson-Sevigne-78.jpg?fit=1024%2C1024&amp;ssl=1\" data-attachment-id=\"9820\" data-permalink=\"https:\/\/intervalphoto.fr\/photographe-architecture-et-industrie\/portfolio\/dencohappel-polyclinique-cesson-sevigne\/20160819-dencohappel-polyclinique-cesson-sevigne-78\/\" data-orig-file=\"https:\/\/i0.wp.com\/intervalphoto.fr\/wp-content\/uploads\/2016\/09\/20160819-DENCOHAPPEL-polyclinique-Cesson-Sevigne-78.jpg?fit=%2C&amp;ssl=1\" data-orig-size=\"\" data-comments-opened=\"0\" data-image-meta=\"[]\" data-image-title=\"20160819-DENCOHAPPEL-polyclinique-Cesson-Sevigne-78\" data-image-description=\"\" data-image-caption=\"&lt;p&gt;DENCOHAPPEL, plafond filtrants, polyclinique, Cesson S\u00c3\u00a9vign\u00c3\u00a9 \u00c2\u00a9INTERVALphoto&lt;\/p&gt;\n\" data-large-file=\"https:\/\/i0.wp.com\/intervalphoto.fr\/wp-content\/uploads\/2016\/09\/20160819-DENCOHAPPEL-polyclinique-Cesson-Sevigne-78.jpg?fit=1024%2C1024&amp;ssl=1\" alt=\"\" data-id=\"9820\" data-link=\"https:\/\/intervalphoto.fr\/photographe-architecture-et-industrie\/portfolio\/dencohappel-polyclinique-cesson-sevigne\/20160819-dencohappel-polyclinique-cesson-sevigne-78\/\" data-url=\"https:\/\/intervalphoto.fr\/wp-content\/uploads\/2016\/09\/20160819-DENCOHAPPEL-polyclinique-Cesson-Sevigne-78.jpg\" src=\"https:\/\/i0.wp.com\/intervalphoto.fr\/wp-content\/uploads\/2016\/09\/20160819-DENCOHAPPEL-polyclinique-Cesson-Sevigne-78.jpg?ssl=1\" data-amp-layout=\"responsive\" tabindex=\"0\" role=\"button\" aria-label=\"Ouvrir l\u2019image 14 sur 40 en plein \u00e9cran\"\/><\/figure><\/div><div class=\"tiled-gallery__col\" style=\"flex-basis:66.74718%\"><figure class=\"tiled-gallery__item\"><img data-recalc-dims=\"1\" decoding=\"async\" data-attachment-id=\"9819\" data-permalink=\"https:\/\/intervalphoto.fr\/photographe-architecture-et-industrie\/portfolio\/dencohappel-polyclinique-cesson-sevigne\/20160819-dencohappel-polyclinique-cesson-sevigne-77\/\" data-orig-file=\"https:\/\/i0.wp.com\/intervalphoto.fr\/wp-content\/uploads\/2016\/09\/20160819-DENCOHAPPEL-polyclinique-Cesson-Sevigne-77.jpg?fit=%2C&amp;ssl=1\" data-orig-size=\"\" data-comments-opened=\"0\" data-image-meta=\"[]\" data-image-title=\"20160819-DENCOHAPPEL-polyclinique-Cesson-Sevigne-77\" data-image-description=\"\" data-image-caption=\"&lt;p&gt;DENCOHAPPEL, plafond filtrants, polyclinique, Cesson S\u00c3\u00a9vign\u00c3\u00a9 \u00c2\u00a9INTERVALphoto&lt;\/p&gt;\n\" data-large-file=\"https:\/\/i0.wp.com\/intervalphoto.fr\/wp-content\/uploads\/2016\/09\/20160819-DENCOHAPPEL-polyclinique-Cesson-Sevigne-77.jpg?fit=1024%2C1024&amp;ssl=1\" data-attachment-id=\"9819\" data-permalink=\"https:\/\/intervalphoto.fr\/photographe-architecture-et-industrie\/portfolio\/dencohappel-polyclinique-cesson-sevigne\/20160819-dencohappel-polyclinique-cesson-sevigne-77\/\" data-orig-file=\"https:\/\/i0.wp.com\/intervalphoto.fr\/wp-content\/uploads\/2016\/09\/20160819-DENCOHAPPEL-polyclinique-Cesson-Sevigne-77.jpg?fit=%2C&amp;ssl=1\" data-orig-size=\"\" data-comments-opened=\"0\" data-image-meta=\"[]\" data-image-title=\"20160819-DENCOHAPPEL-polyclinique-Cesson-Sevigne-77\" data-image-description=\"\" data-image-caption=\"&lt;p&gt;DENCOHAPPEL, plafond filtrants, polyclinique, Cesson S\u00c3\u00a9vign\u00c3\u00a9 \u00c2\u00a9INTERVALphoto&lt;\/p&gt;\n\" data-large-file=\"https:\/\/i0.wp.com\/intervalphoto.fr\/wp-content\/uploads\/2016\/09\/20160819-DENCOHAPPEL-polyclinique-Cesson-Sevigne-77.jpg?fit=1024%2C1024&amp;ssl=1\" alt=\"\" data-id=\"9819\" data-link=\"https:\/\/intervalphoto.fr\/photographe-architecture-et-industrie\/portfolio\/dencohappel-polyclinique-cesson-sevigne\/20160819-dencohappel-polyclinique-cesson-sevigne-77\/\" data-url=\"https:\/\/intervalphoto.fr\/wp-content\/uploads\/2016\/09\/20160819-DENCOHAPPEL-polyclinique-Cesson-Sevigne-77.jpg\" src=\"https:\/\/i0.wp.com\/intervalphoto.fr\/wp-content\/uploads\/2016\/09\/20160819-DENCOHAPPEL-polyclinique-Cesson-Sevigne-77.jpg?ssl=1\" data-amp-layout=\"responsive\" tabindex=\"0\" role=\"button\" aria-label=\"Ouvrir l\u2019image 15 sur 40 en plein \u00e9cran\"\/><\/figure><\/div><\/div><div class=\"tiled-gallery__row\"><div class=\"tiled-gallery__col\" style=\"flex-basis:50.00000%\"><figure class=\"tiled-gallery__item\"><img data-recalc-dims=\"1\" decoding=\"async\" data-attachment-id=\"9818\" data-permalink=\"https:\/\/intervalphoto.fr\/photographe-architecture-et-industrie\/portfolio\/dencohappel-polyclinique-cesson-sevigne\/20160819-dencohappel-polyclinique-cesson-sevigne-76\/\" data-orig-file=\"https:\/\/i0.wp.com\/intervalphoto.fr\/wp-content\/uploads\/2016\/09\/20160819-DENCOHAPPEL-polyclinique-Cesson-Sevigne-76.jpg?fit=%2C&amp;ssl=1\" data-orig-size=\"\" data-comments-opened=\"0\" data-image-meta=\"[]\" data-image-title=\"20160819-DENCOHAPPEL-polyclinique-Cesson-Sevigne-76\" data-image-description=\"\" data-image-caption=\"&lt;p&gt;DENCOHAPPEL, plafond filtrants, polyclinique, Cesson S\u00c3\u00a9vign\u00c3\u00a9 \u00c2\u00a9INTERVALphoto&lt;\/p&gt;\n\" data-large-file=\"https:\/\/i0.wp.com\/intervalphoto.fr\/wp-content\/uploads\/2016\/09\/20160819-DENCOHAPPEL-polyclinique-Cesson-Sevigne-76.jpg?fit=1024%2C1024&amp;ssl=1\" data-attachment-id=\"9818\" data-permalink=\"https:\/\/intervalphoto.fr\/photographe-architecture-et-industrie\/portfolio\/dencohappel-polyclinique-cesson-sevigne\/20160819-dencohappel-polyclinique-cesson-sevigne-76\/\" data-orig-file=\"https:\/\/i0.wp.com\/intervalphoto.fr\/wp-content\/uploads\/2016\/09\/20160819-DENCOHAPPEL-polyclinique-Cesson-Sevigne-76.jpg?fit=%2C&amp;ssl=1\" data-orig-size=\"\" data-comments-opened=\"0\" data-image-meta=\"[]\" data-image-title=\"20160819-DENCOHAPPEL-polyclinique-Cesson-Sevigne-76\" data-image-description=\"\" data-image-caption=\"&lt;p&gt;DENCOHAPPEL, plafond filtrants, polyclinique, Cesson S\u00c3\u00a9vign\u00c3\u00a9 \u00c2\u00a9INTERVALphoto&lt;\/p&gt;\n\" data-large-file=\"https:\/\/i0.wp.com\/intervalphoto.fr\/wp-content\/uploads\/2016\/09\/20160819-DENCOHAPPEL-polyclinique-Cesson-Sevigne-76.jpg?fit=1024%2C1024&amp;ssl=1\" alt=\"\" data-id=\"9818\" data-link=\"https:\/\/intervalphoto.fr\/photographe-architecture-et-industrie\/portfolio\/dencohappel-polyclinique-cesson-sevigne\/20160819-dencohappel-polyclinique-cesson-sevigne-76\/\" data-url=\"https:\/\/intervalphoto.fr\/wp-content\/uploads\/2016\/09\/20160819-DENCOHAPPEL-polyclinique-Cesson-Sevigne-76.jpg\" src=\"https:\/\/i0.wp.com\/intervalphoto.fr\/wp-content\/uploads\/2016\/09\/20160819-DENCOHAPPEL-polyclinique-Cesson-Sevigne-76.jpg?ssl=1\" data-amp-layout=\"responsive\" tabindex=\"0\" role=\"button\" aria-label=\"Ouvrir l\u2019image 16 sur 40 en plein \u00e9cran\"\/><\/figure><\/div><div class=\"tiled-gallery__col\" style=\"flex-basis:50.00000%\"><figure class=\"tiled-gallery__item\"><img data-recalc-dims=\"1\" decoding=\"async\" data-attachment-id=\"9817\" data-permalink=\"https:\/\/intervalphoto.fr\/photographe-architecture-et-industrie\/portfolio\/dencohappel-polyclinique-cesson-sevigne\/20160819-dencohappel-polyclinique-cesson-sevigne-70\/\" data-orig-file=\"https:\/\/i0.wp.com\/intervalphoto.fr\/wp-content\/uploads\/2016\/09\/20160819-DENCOHAPPEL-polyclinique-Cesson-Sevigne-70.jpg?fit=%2C&amp;ssl=1\" data-orig-size=\"\" data-comments-opened=\"0\" data-image-meta=\"[]\" data-image-title=\"20160819-DENCOHAPPEL-polyclinique-Cesson-Sevigne-70\" data-image-description=\"\" data-image-caption=\"&lt;p&gt;DENCOHAPPEL, plafond filtrants, polyclinique, Cesson S\u00c3\u00a9vign\u00c3\u00a9 \u00c2\u00a9INTERVALphoto&lt;\/p&gt;\n\" data-large-file=\"https:\/\/i0.wp.com\/intervalphoto.fr\/wp-content\/uploads\/2016\/09\/20160819-DENCOHAPPEL-polyclinique-Cesson-Sevigne-70.jpg?fit=1024%2C1024&amp;ssl=1\" data-attachment-id=\"9817\" data-permalink=\"https:\/\/intervalphoto.fr\/photographe-architecture-et-industrie\/portfolio\/dencohappel-polyclinique-cesson-sevigne\/20160819-dencohappel-polyclinique-cesson-sevigne-70\/\" data-orig-file=\"https:\/\/i0.wp.com\/intervalphoto.fr\/wp-content\/uploads\/2016\/09\/20160819-DENCOHAPPEL-polyclinique-Cesson-Sevigne-70.jpg?fit=%2C&amp;ssl=1\" data-orig-size=\"\" data-comments-opened=\"0\" data-image-meta=\"[]\" data-image-title=\"20160819-DENCOHAPPEL-polyclinique-Cesson-Sevigne-70\" data-image-description=\"\" data-image-caption=\"&lt;p&gt;DENCOHAPPEL, plafond filtrants, polyclinique, Cesson S\u00c3\u00a9vign\u00c3\u00a9 \u00c2\u00a9INTERVALphoto&lt;\/p&gt;\n\" data-large-file=\"https:\/\/i0.wp.com\/intervalphoto.fr\/wp-content\/uploads\/2016\/09\/20160819-DENCOHAPPEL-polyclinique-Cesson-Sevigne-70.jpg?fit=1024%2C1024&amp;ssl=1\" alt=\"\" data-id=\"9817\" data-link=\"https:\/\/intervalphoto.fr\/photographe-architecture-et-industrie\/portfolio\/dencohappel-polyclinique-cesson-sevigne\/20160819-dencohappel-polyclinique-cesson-sevigne-70\/\" data-url=\"https:\/\/intervalphoto.fr\/wp-content\/uploads\/2016\/09\/20160819-DENCOHAPPEL-polyclinique-Cesson-Sevigne-70.jpg\" src=\"https:\/\/i0.wp.com\/intervalphoto.fr\/wp-content\/uploads\/2016\/09\/20160819-DENCOHAPPEL-polyclinique-Cesson-Sevigne-70.jpg?ssl=1\" data-amp-layout=\"responsive\" tabindex=\"0\" role=\"button\" aria-label=\"Ouvrir l\u2019image 17 sur 40 en plein \u00e9cran\"\/><\/figure><\/div><\/div><div class=\"tiled-gallery__row\"><div class=\"tiled-gallery__col\" style=\"flex-basis:66.74718%\"><figure class=\"tiled-gallery__item\"><img data-recalc-dims=\"1\" decoding=\"async\" data-attachment-id=\"9816\" data-permalink=\"https:\/\/intervalphoto.fr\/photographe-architecture-et-industrie\/portfolio\/dencohappel-polyclinique-cesson-sevigne\/20160819-dencohappel-polyclinique-cesson-sevigne-64\/\" data-orig-file=\"https:\/\/i0.wp.com\/intervalphoto.fr\/wp-content\/uploads\/2016\/09\/20160819-DENCOHAPPEL-polyclinique-Cesson-Sevigne-64.jpg?fit=%2C&amp;ssl=1\" data-orig-size=\"\" data-comments-opened=\"0\" data-image-meta=\"[]\" data-image-title=\"20160819-DENCOHAPPEL-polyclinique-Cesson-Sevigne-64\" data-image-description=\"\" data-image-caption=\"&lt;p&gt;DENCOHAPPEL, plafond filtrants, polyclinique, Cesson S\u00c3\u00a9vign\u00c3\u00a9 \u00c2\u00a9INTERVALphoto&lt;\/p&gt;\n\" data-large-file=\"https:\/\/i0.wp.com\/intervalphoto.fr\/wp-content\/uploads\/2016\/09\/20160819-DENCOHAPPEL-polyclinique-Cesson-Sevigne-64.jpg?fit=1024%2C1024&amp;ssl=1\" data-attachment-id=\"9816\" data-permalink=\"https:\/\/intervalphoto.fr\/photographe-architecture-et-industrie\/portfolio\/dencohappel-polyclinique-cesson-sevigne\/20160819-dencohappel-polyclinique-cesson-sevigne-64\/\" data-orig-file=\"https:\/\/i0.wp.com\/intervalphoto.fr\/wp-content\/uploads\/2016\/09\/20160819-DENCOHAPPEL-polyclinique-Cesson-Sevigne-64.jpg?fit=%2C&amp;ssl=1\" data-orig-size=\"\" data-comments-opened=\"0\" data-image-meta=\"[]\" data-image-title=\"20160819-DENCOHAPPEL-polyclinique-Cesson-Sevigne-64\" data-image-description=\"\" data-image-caption=\"&lt;p&gt;DENCOHAPPEL, plafond filtrants, polyclinique, Cesson S\u00c3\u00a9vign\u00c3\u00a9 \u00c2\u00a9INTERVALphoto&lt;\/p&gt;\n\" data-large-file=\"https:\/\/i0.wp.com\/intervalphoto.fr\/wp-content\/uploads\/2016\/09\/20160819-DENCOHAPPEL-polyclinique-Cesson-Sevigne-64.jpg?fit=1024%2C1024&amp;ssl=1\" alt=\"\" data-id=\"9816\" data-link=\"https:\/\/intervalphoto.fr\/photographe-architecture-et-industrie\/portfolio\/dencohappel-polyclinique-cesson-sevigne\/20160819-dencohappel-polyclinique-cesson-sevigne-64\/\" data-url=\"https:\/\/intervalphoto.fr\/wp-content\/uploads\/2016\/09\/20160819-DENCOHAPPEL-polyclinique-Cesson-Sevigne-64.jpg\" src=\"https:\/\/i0.wp.com\/intervalphoto.fr\/wp-content\/uploads\/2016\/09\/20160819-DENCOHAPPEL-polyclinique-Cesson-Sevigne-64.jpg?ssl=1\" data-amp-layout=\"responsive\" tabindex=\"0\" role=\"button\" aria-label=\"Ouvrir l\u2019image 18 sur 40 en plein \u00e9cran\"\/><\/figure><\/div><div class=\"tiled-gallery__col\" style=\"flex-basis:33.25282%\"><figure class=\"tiled-gallery__item\"><img data-recalc-dims=\"1\" decoding=\"async\" data-attachment-id=\"9815\" data-permalink=\"https:\/\/intervalphoto.fr\/photographe-architecture-et-industrie\/portfolio\/dencohappel-polyclinique-cesson-sevigne\/20160819-dencohappel-polyclinique-cesson-sevigne-61\/\" data-orig-file=\"https:\/\/i0.wp.com\/intervalphoto.fr\/wp-content\/uploads\/2016\/09\/20160819-DENCOHAPPEL-polyclinique-Cesson-Sevigne-61.jpg?fit=%2C&amp;ssl=1\" data-orig-size=\"\" data-comments-opened=\"0\" data-image-meta=\"[]\" data-image-title=\"20160819-DENCOHAPPEL-polyclinique-Cesson-Sevigne-61\" data-image-description=\"\" data-image-caption=\"&lt;p&gt;DENCOHAPPEL, plafond filtrants, polyclinique, Cesson S\u00c3\u00a9vign\u00c3\u00a9 \u00c2\u00a9INTERVALphoto&lt;\/p&gt;\n\" data-large-file=\"https:\/\/i0.wp.com\/intervalphoto.fr\/wp-content\/uploads\/2016\/09\/20160819-DENCOHAPPEL-polyclinique-Cesson-Sevigne-61.jpg?fit=1024%2C1024&amp;ssl=1\" data-attachment-id=\"9815\" data-permalink=\"https:\/\/intervalphoto.fr\/photographe-architecture-et-industrie\/portfolio\/dencohappel-polyclinique-cesson-sevigne\/20160819-dencohappel-polyclinique-cesson-sevigne-61\/\" data-orig-file=\"https:\/\/i0.wp.com\/intervalphoto.fr\/wp-content\/uploads\/2016\/09\/20160819-DENCOHAPPEL-polyclinique-Cesson-Sevigne-61.jpg?fit=%2C&amp;ssl=1\" data-orig-size=\"\" data-comments-opened=\"0\" data-image-meta=\"[]\" data-image-title=\"20160819-DENCOHAPPEL-polyclinique-Cesson-Sevigne-61\" data-image-description=\"\" data-image-caption=\"&lt;p&gt;DENCOHAPPEL, plafond filtrants, polyclinique, Cesson S\u00c3\u00a9vign\u00c3\u00a9 \u00c2\u00a9INTERVALphoto&lt;\/p&gt;\n\" data-large-file=\"https:\/\/i0.wp.com\/intervalphoto.fr\/wp-content\/uploads\/2016\/09\/20160819-DENCOHAPPEL-polyclinique-Cesson-Sevigne-61.jpg?fit=1024%2C1024&amp;ssl=1\" alt=\"\" data-id=\"9815\" data-link=\"https:\/\/intervalphoto.fr\/photographe-architecture-et-industrie\/portfolio\/dencohappel-polyclinique-cesson-sevigne\/20160819-dencohappel-polyclinique-cesson-sevigne-61\/\" data-url=\"https:\/\/intervalphoto.fr\/wp-content\/uploads\/2016\/09\/20160819-DENCOHAPPEL-polyclinique-Cesson-Sevigne-61.jpg\" src=\"https:\/\/i0.wp.com\/intervalphoto.fr\/wp-content\/uploads\/2016\/09\/20160819-DENCOHAPPEL-polyclinique-Cesson-Sevigne-61.jpg?ssl=1\" data-amp-layout=\"responsive\" tabindex=\"0\" role=\"button\" aria-label=\"Ouvrir l\u2019image 19 sur 40 en plein \u00e9cran\"\/><\/figure><figure class=\"tiled-gallery__item\"><img data-recalc-dims=\"1\" decoding=\"async\" data-attachment-id=\"9814\" data-permalink=\"https:\/\/intervalphoto.fr\/photographe-architecture-et-industrie\/portfolio\/dencohappel-polyclinique-cesson-sevigne\/20160819-dencohappel-polyclinique-cesson-sevigne-60\/\" data-orig-file=\"https:\/\/i0.wp.com\/intervalphoto.fr\/wp-content\/uploads\/2016\/09\/20160819-DENCOHAPPEL-polyclinique-Cesson-Sevigne-60.jpg?fit=%2C&amp;ssl=1\" data-orig-size=\"\" data-comments-opened=\"0\" data-image-meta=\"[]\" data-image-title=\"20160819-DENCOHAPPEL-polyclinique-Cesson-Sevigne-60\" data-image-description=\"\" data-image-caption=\"&lt;p&gt;DENCOHAPPEL, plafond filtrants, polyclinique, Cesson S\u00c3\u00a9vign\u00c3\u00a9 \u00c2\u00a9INTERVALphoto&lt;\/p&gt;\n\" data-large-file=\"https:\/\/i0.wp.com\/intervalphoto.fr\/wp-content\/uploads\/2016\/09\/20160819-DENCOHAPPEL-polyclinique-Cesson-Sevigne-60.jpg?fit=1024%2C1024&amp;ssl=1\" data-attachment-id=\"9814\" data-permalink=\"https:\/\/intervalphoto.fr\/photographe-architecture-et-industrie\/portfolio\/dencohappel-polyclinique-cesson-sevigne\/20160819-dencohappel-polyclinique-cesson-sevigne-60\/\" data-orig-file=\"https:\/\/i0.wp.com\/intervalphoto.fr\/wp-content\/uploads\/2016\/09\/20160819-DENCOHAPPEL-polyclinique-Cesson-Sevigne-60.jpg?fit=%2C&amp;ssl=1\" data-orig-size=\"\" data-comments-opened=\"0\" data-image-meta=\"[]\" data-image-title=\"20160819-DENCOHAPPEL-polyclinique-Cesson-Sevigne-60\" data-image-description=\"\" data-image-caption=\"&lt;p&gt;DENCOHAPPEL, plafond filtrants, polyclinique, Cesson S\u00c3\u00a9vign\u00c3\u00a9 \u00c2\u00a9INTERVALphoto&lt;\/p&gt;\n\" data-large-file=\"https:\/\/i0.wp.com\/intervalphoto.fr\/wp-content\/uploads\/2016\/09\/20160819-DENCOHAPPEL-polyclinique-Cesson-Sevigne-60.jpg?fit=1024%2C1024&amp;ssl=1\" alt=\"\" data-id=\"9814\" data-link=\"https:\/\/intervalphoto.fr\/photographe-architecture-et-industrie\/portfolio\/dencohappel-polyclinique-cesson-sevigne\/20160819-dencohappel-polyclinique-cesson-sevigne-60\/\" data-url=\"https:\/\/intervalphoto.fr\/wp-content\/uploads\/2016\/09\/20160819-DENCOHAPPEL-polyclinique-Cesson-Sevigne-60.jpg\" src=\"https:\/\/i0.wp.com\/intervalphoto.fr\/wp-content\/uploads\/2016\/09\/20160819-DENCOHAPPEL-polyclinique-Cesson-Sevigne-60.jpg?ssl=1\" data-amp-layout=\"responsive\" tabindex=\"0\" role=\"button\" aria-label=\"Ouvrir l\u2019image 20 sur 40 en plein \u00e9cran\"\/><\/figure><\/div><\/div><div class=\"tiled-gallery__row\"><div class=\"tiled-gallery__col\" style=\"flex-basis:33.33333%\"><figure class=\"tiled-gallery__item\"><img data-recalc-dims=\"1\" decoding=\"async\" data-attachment-id=\"9813\" data-permalink=\"https:\/\/intervalphoto.fr\/photographe-architecture-et-industrie\/portfolio\/dencohappel-polyclinique-cesson-sevigne\/20160819-dencohappel-polyclinique-cesson-sevigne-59\/\" data-orig-file=\"https:\/\/i0.wp.com\/intervalphoto.fr\/wp-content\/uploads\/2016\/09\/20160819-DENCOHAPPEL-polyclinique-Cesson-Sevigne-59.jpg?fit=%2C&amp;ssl=1\" data-orig-size=\"\" data-comments-opened=\"0\" data-image-meta=\"[]\" data-image-title=\"20160819-DENCOHAPPEL-polyclinique-Cesson-Sevigne-59\" data-image-description=\"\" data-image-caption=\"&lt;p&gt;DENCOHAPPEL, plafond filtrants, polyclinique, Cesson S\u00c3\u00a9vign\u00c3\u00a9 \u00c2\u00a9INTERVALphoto&lt;\/p&gt;\n\" data-large-file=\"https:\/\/i0.wp.com\/intervalphoto.fr\/wp-content\/uploads\/2016\/09\/20160819-DENCOHAPPEL-polyclinique-Cesson-Sevigne-59.jpg?fit=1024%2C1024&amp;ssl=1\" data-attachment-id=\"9813\" data-permalink=\"https:\/\/intervalphoto.fr\/photographe-architecture-et-industrie\/portfolio\/dencohappel-polyclinique-cesson-sevigne\/20160819-dencohappel-polyclinique-cesson-sevigne-59\/\" data-orig-file=\"https:\/\/i0.wp.com\/intervalphoto.fr\/wp-content\/uploads\/2016\/09\/20160819-DENCOHAPPEL-polyclinique-Cesson-Sevigne-59.jpg?fit=%2C&amp;ssl=1\" data-orig-size=\"\" data-comments-opened=\"0\" data-image-meta=\"[]\" data-image-title=\"20160819-DENCOHAPPEL-polyclinique-Cesson-Sevigne-59\" data-image-description=\"\" data-image-caption=\"&lt;p&gt;DENCOHAPPEL, plafond filtrants, polyclinique, Cesson S\u00c3\u00a9vign\u00c3\u00a9 \u00c2\u00a9INTERVALphoto&lt;\/p&gt;\n\" data-large-file=\"https:\/\/i0.wp.com\/intervalphoto.fr\/wp-content\/uploads\/2016\/09\/20160819-DENCOHAPPEL-polyclinique-Cesson-Sevigne-59.jpg?fit=1024%2C1024&amp;ssl=1\" alt=\"\" data-id=\"9813\" data-link=\"https:\/\/intervalphoto.fr\/photographe-architecture-et-industrie\/portfolio\/dencohappel-polyclinique-cesson-sevigne\/20160819-dencohappel-polyclinique-cesson-sevigne-59\/\" data-url=\"https:\/\/intervalphoto.fr\/wp-content\/uploads\/2016\/09\/20160819-DENCOHAPPEL-polyclinique-Cesson-Sevigne-59.jpg\" src=\"https:\/\/i0.wp.com\/intervalphoto.fr\/wp-content\/uploads\/2016\/09\/20160819-DENCOHAPPEL-polyclinique-Cesson-Sevigne-59.jpg?ssl=1\" data-amp-layout=\"responsive\" tabindex=\"0\" role=\"button\" aria-label=\"Ouvrir l\u2019image 21 sur 40 en plein \u00e9cran\"\/><\/figure><\/div><div class=\"tiled-gallery__col\" style=\"flex-basis:33.33333%\"><figure class=\"tiled-gallery__item\"><img data-recalc-dims=\"1\" decoding=\"async\" data-attachment-id=\"9812\" data-permalink=\"https:\/\/intervalphoto.fr\/photographe-architecture-et-industrie\/portfolio\/dencohappel-polyclinique-cesson-sevigne\/20160819-dencohappel-polyclinique-cesson-sevigne-57\/\" data-orig-file=\"https:\/\/i0.wp.com\/intervalphoto.fr\/wp-content\/uploads\/2016\/09\/20160819-DENCOHAPPEL-polyclinique-Cesson-Sevigne-57.jpg?fit=%2C&amp;ssl=1\" data-orig-size=\"\" data-comments-opened=\"0\" data-image-meta=\"[]\" data-image-title=\"20160819-DENCOHAPPEL-polyclinique-Cesson-Sevigne-57\" data-image-description=\"\" data-image-caption=\"&lt;p&gt;DENCOHAPPEL, plafond filtrants, polyclinique, Cesson S\u00c3\u00a9vign\u00c3\u00a9 \u00c2\u00a9INTERVALphoto&lt;\/p&gt;\n\" data-large-file=\"https:\/\/i0.wp.com\/intervalphoto.fr\/wp-content\/uploads\/2016\/09\/20160819-DENCOHAPPEL-polyclinique-Cesson-Sevigne-57.jpg?fit=1024%2C1024&amp;ssl=1\" data-attachment-id=\"9812\" data-permalink=\"https:\/\/intervalphoto.fr\/photographe-architecture-et-industrie\/portfolio\/dencohappel-polyclinique-cesson-sevigne\/20160819-dencohappel-polyclinique-cesson-sevigne-57\/\" data-orig-file=\"https:\/\/i0.wp.com\/intervalphoto.fr\/wp-content\/uploads\/2016\/09\/20160819-DENCOHAPPEL-polyclinique-Cesson-Sevigne-57.jpg?fit=%2C&amp;ssl=1\" data-orig-size=\"\" data-comments-opened=\"0\" data-image-meta=\"[]\" data-image-title=\"20160819-DENCOHAPPEL-polyclinique-Cesson-Sevigne-57\" data-image-description=\"\" data-image-caption=\"&lt;p&gt;DENCOHAPPEL, plafond filtrants, polyclinique, Cesson S\u00c3\u00a9vign\u00c3\u00a9 \u00c2\u00a9INTERVALphoto&lt;\/p&gt;\n\" data-large-file=\"https:\/\/i0.wp.com\/intervalphoto.fr\/wp-content\/uploads\/2016\/09\/20160819-DENCOHAPPEL-polyclinique-Cesson-Sevigne-57.jpg?fit=1024%2C1024&amp;ssl=1\" alt=\"\" data-id=\"9812\" data-link=\"https:\/\/intervalphoto.fr\/photographe-architecture-et-industrie\/portfolio\/dencohappel-polyclinique-cesson-sevigne\/20160819-dencohappel-polyclinique-cesson-sevigne-57\/\" data-url=\"https:\/\/intervalphoto.fr\/wp-content\/uploads\/2016\/09\/20160819-DENCOHAPPEL-polyclinique-Cesson-Sevigne-57.jpg\" src=\"https:\/\/i0.wp.com\/intervalphoto.fr\/wp-content\/uploads\/2016\/09\/20160819-DENCOHAPPEL-polyclinique-Cesson-Sevigne-57.jpg?ssl=1\" data-amp-layout=\"responsive\" tabindex=\"0\" role=\"button\" aria-label=\"Ouvrir l\u2019image 22 sur 40 en plein \u00e9cran\"\/><\/figure><\/div><div class=\"tiled-gallery__col\" style=\"flex-basis:33.33333%\"><figure class=\"tiled-gallery__item\"><img data-recalc-dims=\"1\" decoding=\"async\" data-attachment-id=\"9811\" data-permalink=\"https:\/\/intervalphoto.fr\/photographe-architecture-et-industrie\/portfolio\/dencohappel-polyclinique-cesson-sevigne\/20160819-dencohappel-polyclinique-cesson-sevigne-56\/\" data-orig-file=\"https:\/\/i0.wp.com\/intervalphoto.fr\/wp-content\/uploads\/2016\/09\/20160819-DENCOHAPPEL-polyclinique-Cesson-Sevigne-56.jpg?fit=%2C&amp;ssl=1\" data-orig-size=\"\" data-comments-opened=\"0\" data-image-meta=\"[]\" data-image-title=\"20160819-DENCOHAPPEL-polyclinique-Cesson-Sevigne-56\" data-image-description=\"\" data-image-caption=\"&lt;p&gt;DENCOHAPPEL, plafond filtrants, polyclinique, Cesson S\u00c3\u00a9vign\u00c3\u00a9 \u00c2\u00a9INTERVALphoto&lt;\/p&gt;\n\" data-large-file=\"https:\/\/i0.wp.com\/intervalphoto.fr\/wp-content\/uploads\/2016\/09\/20160819-DENCOHAPPEL-polyclinique-Cesson-Sevigne-56.jpg?fit=1024%2C1024&amp;ssl=1\" data-attachment-id=\"9811\" data-permalink=\"https:\/\/intervalphoto.fr\/photographe-architecture-et-industrie\/portfolio\/dencohappel-polyclinique-cesson-sevigne\/20160819-dencohappel-polyclinique-cesson-sevigne-56\/\" data-orig-file=\"https:\/\/i0.wp.com\/intervalphoto.fr\/wp-content\/uploads\/2016\/09\/20160819-DENCOHAPPEL-polyclinique-Cesson-Sevigne-56.jpg?fit=%2C&amp;ssl=1\" data-orig-size=\"\" data-comments-opened=\"0\" data-image-meta=\"[]\" data-image-title=\"20160819-DENCOHAPPEL-polyclinique-Cesson-Sevigne-56\" data-image-description=\"\" data-image-caption=\"&lt;p&gt;DENCOHAPPEL, plafond filtrants, polyclinique, Cesson S\u00c3\u00a9vign\u00c3\u00a9 \u00c2\u00a9INTERVALphoto&lt;\/p&gt;\n\" data-large-file=\"https:\/\/i0.wp.com\/intervalphoto.fr\/wp-content\/uploads\/2016\/09\/20160819-DENCOHAPPEL-polyclinique-Cesson-Sevigne-56.jpg?fit=1024%2C1024&amp;ssl=1\" alt=\"\" data-id=\"9811\" data-link=\"https:\/\/intervalphoto.fr\/photographe-architecture-et-industrie\/portfolio\/dencohappel-polyclinique-cesson-sevigne\/20160819-dencohappel-polyclinique-cesson-sevigne-56\/\" data-url=\"https:\/\/intervalphoto.fr\/wp-content\/uploads\/2016\/09\/20160819-DENCOHAPPEL-polyclinique-Cesson-Sevigne-56.jpg\" src=\"https:\/\/i0.wp.com\/intervalphoto.fr\/wp-content\/uploads\/2016\/09\/20160819-DENCOHAPPEL-polyclinique-Cesson-Sevigne-56.jpg?ssl=1\" data-amp-layout=\"responsive\" tabindex=\"0\" role=\"button\" aria-label=\"Ouvrir l\u2019image 23 sur 40 en plein \u00e9cran\"\/><\/figure><\/div><\/div><div class=\"tiled-gallery__row\"><div class=\"tiled-gallery__col\" style=\"flex-basis:33.25282%\"><figure class=\"tiled-gallery__item\"><img data-recalc-dims=\"1\" decoding=\"async\" data-attachment-id=\"9810\" data-permalink=\"https:\/\/intervalphoto.fr\/photographe-architecture-et-industrie\/portfolio\/dencohappel-polyclinique-cesson-sevigne\/20160819-dencohappel-polyclinique-cesson-sevigne-55\/\" data-orig-file=\"https:\/\/i0.wp.com\/intervalphoto.fr\/wp-content\/uploads\/2016\/09\/20160819-DENCOHAPPEL-polyclinique-Cesson-Sevigne-55.jpg?fit=%2C&amp;ssl=1\" data-orig-size=\"\" data-comments-opened=\"0\" data-image-meta=\"[]\" data-image-title=\"20160819-DENCOHAPPEL-polyclinique-Cesson-Sevigne-55\" data-image-description=\"\" data-image-caption=\"&lt;p&gt;DENCOHAPPEL, plafond filtrants, polyclinique, Cesson S\u00c3\u00a9vign\u00c3\u00a9 \u00c2\u00a9INTERVALphoto&lt;\/p&gt;\n\" data-large-file=\"https:\/\/i0.wp.com\/intervalphoto.fr\/wp-content\/uploads\/2016\/09\/20160819-DENCOHAPPEL-polyclinique-Cesson-Sevigne-55.jpg?fit=1024%2C1024&amp;ssl=1\" data-attachment-id=\"9810\" data-permalink=\"https:\/\/intervalphoto.fr\/photographe-architecture-et-industrie\/portfolio\/dencohappel-polyclinique-cesson-sevigne\/20160819-dencohappel-polyclinique-cesson-sevigne-55\/\" data-orig-file=\"https:\/\/i0.wp.com\/intervalphoto.fr\/wp-content\/uploads\/2016\/09\/20160819-DENCOHAPPEL-polyclinique-Cesson-Sevigne-55.jpg?fit=%2C&amp;ssl=1\" data-orig-size=\"\" data-comments-opened=\"0\" data-image-meta=\"[]\" data-image-title=\"20160819-DENCOHAPPEL-polyclinique-Cesson-Sevigne-55\" data-image-description=\"\" data-image-caption=\"&lt;p&gt;DENCOHAPPEL, plafond filtrants, polyclinique, Cesson S\u00c3\u00a9vign\u00c3\u00a9 \u00c2\u00a9INTERVALphoto&lt;\/p&gt;\n\" data-large-file=\"https:\/\/i0.wp.com\/intervalphoto.fr\/wp-content\/uploads\/2016\/09\/20160819-DENCOHAPPEL-polyclinique-Cesson-Sevigne-55.jpg?fit=1024%2C1024&amp;ssl=1\" alt=\"\" data-id=\"9810\" data-link=\"https:\/\/intervalphoto.fr\/photographe-architecture-et-industrie\/portfolio\/dencohappel-polyclinique-cesson-sevigne\/20160819-dencohappel-polyclinique-cesson-sevigne-55\/\" data-url=\"https:\/\/intervalphoto.fr\/wp-content\/uploads\/2016\/09\/20160819-DENCOHAPPEL-polyclinique-Cesson-Sevigne-55.jpg\" src=\"https:\/\/i0.wp.com\/intervalphoto.fr\/wp-content\/uploads\/2016\/09\/20160819-DENCOHAPPEL-polyclinique-Cesson-Sevigne-55.jpg?ssl=1\" data-amp-layout=\"responsive\" tabindex=\"0\" role=\"button\" aria-label=\"Ouvrir l\u2019image 24 sur 40 en plein \u00e9cran\"\/><\/figure><figure class=\"tiled-gallery__item\"><img data-recalc-dims=\"1\" decoding=\"async\" data-attachment-id=\"9809\" data-permalink=\"https:\/\/intervalphoto.fr\/photographe-architecture-et-industrie\/portfolio\/dencohappel-polyclinique-cesson-sevigne\/20160819-dencohappel-polyclinique-cesson-sevigne-54\/\" data-orig-file=\"https:\/\/i0.wp.com\/intervalphoto.fr\/wp-content\/uploads\/2016\/09\/20160819-DENCOHAPPEL-polyclinique-Cesson-Sevigne-54.jpg?fit=%2C&amp;ssl=1\" data-orig-size=\"\" data-comments-opened=\"0\" data-image-meta=\"[]\" data-image-title=\"20160819-DENCOHAPPEL-polyclinique-Cesson-Sevigne-54\" data-image-description=\"\" data-image-caption=\"&lt;p&gt;DENCOHAPPEL, plafond filtrants, polyclinique, Cesson S\u00c3\u00a9vign\u00c3\u00a9 \u00c2\u00a9INTERVALphoto&lt;\/p&gt;\n\" data-large-file=\"https:\/\/i0.wp.com\/intervalphoto.fr\/wp-content\/uploads\/2016\/09\/20160819-DENCOHAPPEL-polyclinique-Cesson-Sevigne-54.jpg?fit=1024%2C1024&amp;ssl=1\" data-attachment-id=\"9809\" data-permalink=\"https:\/\/intervalphoto.fr\/photographe-architecture-et-industrie\/portfolio\/dencohappel-polyclinique-cesson-sevigne\/20160819-dencohappel-polyclinique-cesson-sevigne-54\/\" data-orig-file=\"https:\/\/i0.wp.com\/intervalphoto.fr\/wp-content\/uploads\/2016\/09\/20160819-DENCOHAPPEL-polyclinique-Cesson-Sevigne-54.jpg?fit=%2C&amp;ssl=1\" data-orig-size=\"\" data-comments-opened=\"0\" data-image-meta=\"[]\" data-image-title=\"20160819-DENCOHAPPEL-polyclinique-Cesson-Sevigne-54\" data-image-description=\"\" data-image-caption=\"&lt;p&gt;DENCOHAPPEL, plafond filtrants, polyclinique, Cesson S\u00c3\u00a9vign\u00c3\u00a9 \u00c2\u00a9INTERVALphoto&lt;\/p&gt;\n\" data-large-file=\"https:\/\/i0.wp.com\/intervalphoto.fr\/wp-content\/uploads\/2016\/09\/20160819-DENCOHAPPEL-polyclinique-Cesson-Sevigne-54.jpg?fit=1024%2C1024&amp;ssl=1\" alt=\"\" data-id=\"9809\" data-link=\"https:\/\/intervalphoto.fr\/photographe-architecture-et-industrie\/portfolio\/dencohappel-polyclinique-cesson-sevigne\/20160819-dencohappel-polyclinique-cesson-sevigne-54\/\" data-url=\"https:\/\/intervalphoto.fr\/wp-content\/uploads\/2016\/09\/20160819-DENCOHAPPEL-polyclinique-Cesson-Sevigne-54.jpg\" src=\"https:\/\/i0.wp.com\/intervalphoto.fr\/wp-content\/uploads\/2016\/09\/20160819-DENCOHAPPEL-polyclinique-Cesson-Sevigne-54.jpg?ssl=1\" data-amp-layout=\"responsive\" tabindex=\"0\" role=\"button\" aria-label=\"Ouvrir l\u2019image 25 sur 40 en plein \u00e9cran\"\/><\/figure><\/div><div class=\"tiled-gallery__col\" style=\"flex-basis:66.74718%\"><figure class=\"tiled-gallery__item\"><img data-recalc-dims=\"1\" decoding=\"async\" data-attachment-id=\"9808\" data-permalink=\"https:\/\/intervalphoto.fr\/photographe-architecture-et-industrie\/portfolio\/dencohappel-polyclinique-cesson-sevigne\/20160819-dencohappel-polyclinique-cesson-sevigne-52\/\" data-orig-file=\"https:\/\/i0.wp.com\/intervalphoto.fr\/wp-content\/uploads\/2016\/09\/20160819-DENCOHAPPEL-polyclinique-Cesson-Sevigne-52.jpg?fit=%2C&amp;ssl=1\" data-orig-size=\"\" data-comments-opened=\"0\" data-image-meta=\"[]\" data-image-title=\"20160819-DENCOHAPPEL-polyclinique-Cesson-Sevigne-52\" data-image-description=\"\" data-image-caption=\"&lt;p&gt;DENCOHAPPEL, plafond filtrants, polyclinique, Cesson S\u00c3\u00a9vign\u00c3\u00a9 \u00c2\u00a9INTERVALphoto&lt;\/p&gt;\n\" data-large-file=\"https:\/\/i0.wp.com\/intervalphoto.fr\/wp-content\/uploads\/2016\/09\/20160819-DENCOHAPPEL-polyclinique-Cesson-Sevigne-52.jpg?fit=1024%2C1024&amp;ssl=1\" data-attachment-id=\"9808\" data-permalink=\"https:\/\/intervalphoto.fr\/photographe-architecture-et-industrie\/portfolio\/dencohappel-polyclinique-cesson-sevigne\/20160819-dencohappel-polyclinique-cesson-sevigne-52\/\" data-orig-file=\"https:\/\/i0.wp.com\/intervalphoto.fr\/wp-content\/uploads\/2016\/09\/20160819-DENCOHAPPEL-polyclinique-Cesson-Sevigne-52.jpg?fit=%2C&amp;ssl=1\" data-orig-size=\"\" data-comments-opened=\"0\" data-image-meta=\"[]\" data-image-title=\"20160819-DENCOHAPPEL-polyclinique-Cesson-Sevigne-52\" data-image-description=\"\" data-image-caption=\"&lt;p&gt;DENCOHAPPEL, plafond filtrants, polyclinique, Cesson S\u00c3\u00a9vign\u00c3\u00a9 \u00c2\u00a9INTERVALphoto&lt;\/p&gt;\n\" data-large-file=\"https:\/\/i0.wp.com\/intervalphoto.fr\/wp-content\/uploads\/2016\/09\/20160819-DENCOHAPPEL-polyclinique-Cesson-Sevigne-52.jpg?fit=1024%2C1024&amp;ssl=1\" alt=\"\" data-id=\"9808\" data-link=\"https:\/\/intervalphoto.fr\/photographe-architecture-et-industrie\/portfolio\/dencohappel-polyclinique-cesson-sevigne\/20160819-dencohappel-polyclinique-cesson-sevigne-52\/\" data-url=\"https:\/\/intervalphoto.fr\/wp-content\/uploads\/2016\/09\/20160819-DENCOHAPPEL-polyclinique-Cesson-Sevigne-52.jpg\" src=\"https:\/\/i0.wp.com\/intervalphoto.fr\/wp-content\/uploads\/2016\/09\/20160819-DENCOHAPPEL-polyclinique-Cesson-Sevigne-52.jpg?ssl=1\" data-amp-layout=\"responsive\" tabindex=\"0\" role=\"button\" aria-label=\"Ouvrir l\u2019image 26 sur 40 en plein \u00e9cran\"\/><\/figure><\/div><\/div><div class=\"tiled-gallery__row\"><div class=\"tiled-gallery__col\" style=\"flex-basis:50.00000%\"><figure class=\"tiled-gallery__item\"><img data-recalc-dims=\"1\" decoding=\"async\" data-attachment-id=\"9807\" data-permalink=\"https:\/\/intervalphoto.fr\/photographe-architecture-et-industrie\/portfolio\/dencohappel-polyclinique-cesson-sevigne\/20160819-dencohappel-polyclinique-cesson-sevigne-49\/\" data-orig-file=\"https:\/\/i0.wp.com\/intervalphoto.fr\/wp-content\/uploads\/2016\/09\/20160819-DENCOHAPPEL-polyclinique-Cesson-Sevigne-49.jpg?fit=%2C&amp;ssl=1\" data-orig-size=\"\" data-comments-opened=\"0\" data-image-meta=\"[]\" data-image-title=\"20160819-DENCOHAPPEL-polyclinique-Cesson-Sevigne-49\" data-image-description=\"\" data-image-caption=\"&lt;p&gt;DENCOHAPPEL, plafond filtrants, polyclinique, Cesson S\u00c3\u00a9vign\u00c3\u00a9 \u00c2\u00a9INTERVALphoto&lt;\/p&gt;\n\" data-large-file=\"https:\/\/i0.wp.com\/intervalphoto.fr\/wp-content\/uploads\/2016\/09\/20160819-DENCOHAPPEL-polyclinique-Cesson-Sevigne-49.jpg?fit=1024%2C1024&amp;ssl=1\" data-attachment-id=\"9807\" data-permalink=\"https:\/\/intervalphoto.fr\/photographe-architecture-et-industrie\/portfolio\/dencohappel-polyclinique-cesson-sevigne\/20160819-dencohappel-polyclinique-cesson-sevigne-49\/\" data-orig-file=\"https:\/\/i0.wp.com\/intervalphoto.fr\/wp-content\/uploads\/2016\/09\/20160819-DENCOHAPPEL-polyclinique-Cesson-Sevigne-49.jpg?fit=%2C&amp;ssl=1\" data-orig-size=\"\" data-comments-opened=\"0\" data-image-meta=\"[]\" data-image-title=\"20160819-DENCOHAPPEL-polyclinique-Cesson-Sevigne-49\" data-image-description=\"\" data-image-caption=\"&lt;p&gt;DENCOHAPPEL, plafond filtrants, polyclinique, Cesson S\u00c3\u00a9vign\u00c3\u00a9 \u00c2\u00a9INTERVALphoto&lt;\/p&gt;\n\" data-large-file=\"https:\/\/i0.wp.com\/intervalphoto.fr\/wp-content\/uploads\/2016\/09\/20160819-DENCOHAPPEL-polyclinique-Cesson-Sevigne-49.jpg?fit=1024%2C1024&amp;ssl=1\" alt=\"\" data-id=\"9807\" data-link=\"https:\/\/intervalphoto.fr\/photographe-architecture-et-industrie\/portfolio\/dencohappel-polyclinique-cesson-sevigne\/20160819-dencohappel-polyclinique-cesson-sevigne-49\/\" data-url=\"https:\/\/intervalphoto.fr\/wp-content\/uploads\/2016\/09\/20160819-DENCOHAPPEL-polyclinique-Cesson-Sevigne-49.jpg\" src=\"https:\/\/i0.wp.com\/intervalphoto.fr\/wp-content\/uploads\/2016\/09\/20160819-DENCOHAPPEL-polyclinique-Cesson-Sevigne-49.jpg?ssl=1\" data-amp-layout=\"responsive\" tabindex=\"0\" role=\"button\" aria-label=\"Ouvrir l\u2019image 27 sur 40 en plein \u00e9cran\"\/><\/figure><\/div><div class=\"tiled-gallery__col\" style=\"flex-basis:50.00000%\"><figure class=\"tiled-gallery__item\"><img data-recalc-dims=\"1\" decoding=\"async\" data-attachment-id=\"9806\" data-permalink=\"https:\/\/intervalphoto.fr\/photographe-architecture-et-industrie\/portfolio\/dencohappel-polyclinique-cesson-sevigne\/20160819-dencohappel-polyclinique-cesson-sevigne-47\/\" data-orig-file=\"https:\/\/i0.wp.com\/intervalphoto.fr\/wp-content\/uploads\/2016\/09\/20160819-DENCOHAPPEL-polyclinique-Cesson-Sevigne-47.jpg?fit=%2C&amp;ssl=1\" data-orig-size=\"\" data-comments-opened=\"0\" data-image-meta=\"[]\" data-image-title=\"20160819-DENCOHAPPEL-polyclinique-Cesson-Sevigne-47\" data-image-description=\"\" data-image-caption=\"&lt;p&gt;DENCOHAPPEL, plafond filtrants, polyclinique, Cesson S\u00c3\u00a9vign\u00c3\u00a9 \u00c2\u00a9INTERVALphoto&lt;\/p&gt;\n\" data-large-file=\"https:\/\/i0.wp.com\/intervalphoto.fr\/wp-content\/uploads\/2016\/09\/20160819-DENCOHAPPEL-polyclinique-Cesson-Sevigne-47.jpg?fit=1024%2C1024&amp;ssl=1\" data-attachment-id=\"9806\" data-permalink=\"https:\/\/intervalphoto.fr\/photographe-architecture-et-industrie\/portfolio\/dencohappel-polyclinique-cesson-sevigne\/20160819-dencohappel-polyclinique-cesson-sevigne-47\/\" data-orig-file=\"https:\/\/i0.wp.com\/intervalphoto.fr\/wp-content\/uploads\/2016\/09\/20160819-DENCOHAPPEL-polyclinique-Cesson-Sevigne-47.jpg?fit=%2C&amp;ssl=1\" data-orig-size=\"\" data-comments-opened=\"0\" data-image-meta=\"[]\" data-image-title=\"20160819-DENCOHAPPEL-polyclinique-Cesson-Sevigne-47\" data-image-description=\"\" data-image-caption=\"&lt;p&gt;DENCOHAPPEL, plafond filtrants, polyclinique, Cesson S\u00c3\u00a9vign\u00c3\u00a9 \u00c2\u00a9INTERVALphoto&lt;\/p&gt;\n\" data-large-file=\"https:\/\/i0.wp.com\/intervalphoto.fr\/wp-content\/uploads\/2016\/09\/20160819-DENCOHAPPEL-polyclinique-Cesson-Sevigne-47.jpg?fit=1024%2C1024&amp;ssl=1\" alt=\"\" data-id=\"9806\" data-link=\"https:\/\/intervalphoto.fr\/photographe-architecture-et-industrie\/portfolio\/dencohappel-polyclinique-cesson-sevigne\/20160819-dencohappel-polyclinique-cesson-sevigne-47\/\" data-url=\"https:\/\/intervalphoto.fr\/wp-content\/uploads\/2016\/09\/20160819-DENCOHAPPEL-polyclinique-Cesson-Sevigne-47.jpg\" src=\"https:\/\/i0.wp.com\/intervalphoto.fr\/wp-content\/uploads\/2016\/09\/20160819-DENCOHAPPEL-polyclinique-Cesson-Sevigne-47.jpg?ssl=1\" data-amp-layout=\"responsive\" tabindex=\"0\" role=\"button\" aria-label=\"Ouvrir l\u2019image 28 sur 40 en plein \u00e9cran\"\/><\/figure><\/div><\/div><div class=\"tiled-gallery__row\"><div class=\"tiled-gallery__col\" style=\"flex-basis:66.74718%\"><figure class=\"tiled-gallery__item\"><img data-recalc-dims=\"1\" decoding=\"async\" data-attachment-id=\"9805\" data-permalink=\"https:\/\/intervalphoto.fr\/photographe-architecture-et-industrie\/portfolio\/dencohappel-polyclinique-cesson-sevigne\/20160819-dencohappel-polyclinique-cesson-sevigne-46\/\" data-orig-file=\"https:\/\/i0.wp.com\/intervalphoto.fr\/wp-content\/uploads\/2016\/09\/20160819-DENCOHAPPEL-polyclinique-Cesson-Sevigne-46.jpg?fit=%2C&amp;ssl=1\" data-orig-size=\"\" data-comments-opened=\"0\" data-image-meta=\"[]\" data-image-title=\"20160819-DENCOHAPPEL-polyclinique-Cesson-Sevigne-46\" data-image-description=\"\" data-image-caption=\"&lt;p&gt;DENCOHAPPEL, plafond filtrants, polyclinique, Cesson S\u00c3\u00a9vign\u00c3\u00a9 \u00c2\u00a9INTERVALphoto&lt;\/p&gt;\n\" data-large-file=\"https:\/\/i0.wp.com\/intervalphoto.fr\/wp-content\/uploads\/2016\/09\/20160819-DENCOHAPPEL-polyclinique-Cesson-Sevigne-46.jpg?fit=1024%2C1024&amp;ssl=1\" data-attachment-id=\"9805\" data-permalink=\"https:\/\/intervalphoto.fr\/photographe-architecture-et-industrie\/portfolio\/dencohappel-polyclinique-cesson-sevigne\/20160819-dencohappel-polyclinique-cesson-sevigne-46\/\" data-orig-file=\"https:\/\/i0.wp.com\/intervalphoto.fr\/wp-content\/uploads\/2016\/09\/20160819-DENCOHAPPEL-polyclinique-Cesson-Sevigne-46.jpg?fit=%2C&amp;ssl=1\" data-orig-size=\"\" data-comments-opened=\"0\" data-image-meta=\"[]\" data-image-title=\"20160819-DENCOHAPPEL-polyclinique-Cesson-Sevigne-46\" data-image-description=\"\" data-image-caption=\"&lt;p&gt;DENCOHAPPEL, plafond filtrants, polyclinique, Cesson S\u00c3\u00a9vign\u00c3\u00a9 \u00c2\u00a9INTERVALphoto&lt;\/p&gt;\n\" data-large-file=\"https:\/\/i0.wp.com\/intervalphoto.fr\/wp-content\/uploads\/2016\/09\/20160819-DENCOHAPPEL-polyclinique-Cesson-Sevigne-46.jpg?fit=1024%2C1024&amp;ssl=1\" alt=\"\" data-id=\"9805\" data-link=\"https:\/\/intervalphoto.fr\/photographe-architecture-et-industrie\/portfolio\/dencohappel-polyclinique-cesson-sevigne\/20160819-dencohappel-polyclinique-cesson-sevigne-46\/\" data-url=\"https:\/\/intervalphoto.fr\/wp-content\/uploads\/2016\/09\/20160819-DENCOHAPPEL-polyclinique-Cesson-Sevigne-46.jpg\" src=\"https:\/\/i0.wp.com\/intervalphoto.fr\/wp-content\/uploads\/2016\/09\/20160819-DENCOHAPPEL-polyclinique-Cesson-Sevigne-46.jpg?ssl=1\" data-amp-layout=\"responsive\" tabindex=\"0\" role=\"button\" aria-label=\"Ouvrir l\u2019image 29 sur 40 en plein \u00e9cran\"\/><\/figure><\/div><div class=\"tiled-gallery__col\" style=\"flex-basis:33.25282%\"><figure class=\"tiled-gallery__item\"><img data-recalc-dims=\"1\" decoding=\"async\" data-attachment-id=\"9804\" data-permalink=\"https:\/\/intervalphoto.fr\/photographe-architecture-et-industrie\/portfolio\/dencohappel-polyclinique-cesson-sevigne\/20160819-dencohappel-polyclinique-cesson-sevigne-42\/\" data-orig-file=\"https:\/\/i0.wp.com\/intervalphoto.fr\/wp-content\/uploads\/2016\/09\/20160819-DENCOHAPPEL-polyclinique-Cesson-Sevigne-42.jpg?fit=%2C&amp;ssl=1\" data-orig-size=\"\" data-comments-opened=\"0\" data-image-meta=\"[]\" data-image-title=\"20160819-DENCOHAPPEL-polyclinique-Cesson-Sevigne-42\" data-image-description=\"\" data-image-caption=\"&lt;p&gt;DENCOHAPPEL, plafond filtrants, polyclinique, Cesson S\u00c3\u00a9vign\u00c3\u00a9 \u00c2\u00a9INTERVALphoto&lt;\/p&gt;\n\" data-large-file=\"https:\/\/i0.wp.com\/intervalphoto.fr\/wp-content\/uploads\/2016\/09\/20160819-DENCOHAPPEL-polyclinique-Cesson-Sevigne-42.jpg?fit=1024%2C1024&amp;ssl=1\" data-attachment-id=\"9804\" data-permalink=\"https:\/\/intervalphoto.fr\/photographe-architecture-et-industrie\/portfolio\/dencohappel-polyclinique-cesson-sevigne\/20160819-dencohappel-polyclinique-cesson-sevigne-42\/\" data-orig-file=\"https:\/\/i0.wp.com\/intervalphoto.fr\/wp-content\/uploads\/2016\/09\/20160819-DENCOHAPPEL-polyclinique-Cesson-Sevigne-42.jpg?fit=%2C&amp;ssl=1\" data-orig-size=\"\" data-comments-opened=\"0\" data-image-meta=\"[]\" data-image-title=\"20160819-DENCOHAPPEL-polyclinique-Cesson-Sevigne-42\" data-image-description=\"\" data-image-caption=\"&lt;p&gt;DENCOHAPPEL, plafond filtrants, polyclinique, Cesson S\u00c3\u00a9vign\u00c3\u00a9 \u00c2\u00a9INTERVALphoto&lt;\/p&gt;\n\" data-large-file=\"https:\/\/i0.wp.com\/intervalphoto.fr\/wp-content\/uploads\/2016\/09\/20160819-DENCOHAPPEL-polyclinique-Cesson-Sevigne-42.jpg?fit=1024%2C1024&amp;ssl=1\" alt=\"\" data-id=\"9804\" data-link=\"https:\/\/intervalphoto.fr\/photographe-architecture-et-industrie\/portfolio\/dencohappel-polyclinique-cesson-sevigne\/20160819-dencohappel-polyclinique-cesson-sevigne-42\/\" data-url=\"https:\/\/intervalphoto.fr\/wp-content\/uploads\/2016\/09\/20160819-DENCOHAPPEL-polyclinique-Cesson-Sevigne-42.jpg\" src=\"https:\/\/i0.wp.com\/intervalphoto.fr\/wp-content\/uploads\/2016\/09\/20160819-DENCOHAPPEL-polyclinique-Cesson-Sevigne-42.jpg?ssl=1\" data-amp-layout=\"responsive\" tabindex=\"0\" role=\"button\" aria-label=\"Ouvrir l\u2019image 30 sur 40 en plein \u00e9cran\"\/><\/figure><figure class=\"tiled-gallery__item\"><img data-recalc-dims=\"1\" decoding=\"async\" data-attachment-id=\"9803\" data-permalink=\"https:\/\/intervalphoto.fr\/photographe-architecture-et-industrie\/portfolio\/dencohappel-polyclinique-cesson-sevigne\/20160819-dencohappel-polyclinique-cesson-sevigne-40\/\" data-orig-file=\"https:\/\/i0.wp.com\/intervalphoto.fr\/wp-content\/uploads\/2016\/09\/20160819-DENCOHAPPEL-polyclinique-Cesson-Sevigne-40.jpg?fit=%2C&amp;ssl=1\" data-orig-size=\"\" data-comments-opened=\"0\" data-image-meta=\"[]\" data-image-title=\"20160819-DENCOHAPPEL-polyclinique-Cesson-Sevigne-40\" data-image-description=\"\" data-image-caption=\"&lt;p&gt;DENCOHAPPEL, plafond filtrants, polyclinique, Cesson S\u00c3\u00a9vign\u00c3\u00a9 \u00c2\u00a9INTERVALphoto&lt;\/p&gt;\n\" data-large-file=\"https:\/\/i0.wp.com\/intervalphoto.fr\/wp-content\/uploads\/2016\/09\/20160819-DENCOHAPPEL-polyclinique-Cesson-Sevigne-40.jpg?fit=1024%2C1024&amp;ssl=1\" data-attachment-id=\"9803\" data-permalink=\"https:\/\/intervalphoto.fr\/photographe-architecture-et-industrie\/portfolio\/dencohappel-polyclinique-cesson-sevigne\/20160819-dencohappel-polyclinique-cesson-sevigne-40\/\" data-orig-file=\"https:\/\/i0.wp.com\/intervalphoto.fr\/wp-content\/uploads\/2016\/09\/20160819-DENCOHAPPEL-polyclinique-Cesson-Sevigne-40.jpg?fit=%2C&amp;ssl=1\" data-orig-size=\"\" data-comments-opened=\"0\" data-image-meta=\"[]\" data-image-title=\"20160819-DENCOHAPPEL-polyclinique-Cesson-Sevigne-40\" data-image-description=\"\" data-image-caption=\"&lt;p&gt;DENCOHAPPEL, plafond filtrants, polyclinique, Cesson S\u00c3\u00a9vign\u00c3\u00a9 \u00c2\u00a9INTERVALphoto&lt;\/p&gt;\n\" data-large-file=\"https:\/\/i0.wp.com\/intervalphoto.fr\/wp-content\/uploads\/2016\/09\/20160819-DENCOHAPPEL-polyclinique-Cesson-Sevigne-40.jpg?fit=1024%2C1024&amp;ssl=1\" alt=\"\" data-id=\"9803\" data-link=\"https:\/\/intervalphoto.fr\/photographe-architecture-et-industrie\/portfolio\/dencohappel-polyclinique-cesson-sevigne\/20160819-dencohappel-polyclinique-cesson-sevigne-40\/\" data-url=\"https:\/\/intervalphoto.fr\/wp-content\/uploads\/2016\/09\/20160819-DENCOHAPPEL-polyclinique-Cesson-Sevigne-40.jpg\" src=\"https:\/\/i0.wp.com\/intervalphoto.fr\/wp-content\/uploads\/2016\/09\/20160819-DENCOHAPPEL-polyclinique-Cesson-Sevigne-40.jpg?ssl=1\" data-amp-layout=\"responsive\" tabindex=\"0\" role=\"button\" aria-label=\"Ouvrir l\u2019image 31 sur 40 en plein \u00e9cran\"\/><\/figure><\/div><\/div><div class=\"tiled-gallery__row\"><div class=\"tiled-gallery__col\" style=\"flex-basis:33.33333%\"><figure class=\"tiled-gallery__item\"><img data-recalc-dims=\"1\" decoding=\"async\" data-attachment-id=\"9802\" data-permalink=\"https:\/\/intervalphoto.fr\/photographe-architecture-et-industrie\/portfolio\/dencohappel-polyclinique-cesson-sevigne\/20160819-dencohappel-polyclinique-cesson-sevigne-38\/\" data-orig-file=\"https:\/\/i0.wp.com\/intervalphoto.fr\/wp-content\/uploads\/2016\/09\/20160819-DENCOHAPPEL-polyclinique-Cesson-Sevigne-38.jpg?fit=%2C&amp;ssl=1\" data-orig-size=\"\" data-comments-opened=\"0\" data-image-meta=\"[]\" data-image-title=\"20160819-DENCOHAPPEL-polyclinique-Cesson-Sevigne-38\" data-image-description=\"\" data-image-caption=\"&lt;p&gt;DENCOHAPPEL, plafond filtrants, polyclinique, Cesson S\u00c3\u00a9vign\u00c3\u00a9 \u00c2\u00a9INTERVALphoto&lt;\/p&gt;\n\" data-large-file=\"https:\/\/i0.wp.com\/intervalphoto.fr\/wp-content\/uploads\/2016\/09\/20160819-DENCOHAPPEL-polyclinique-Cesson-Sevigne-38.jpg?fit=1024%2C1024&amp;ssl=1\" data-attachment-id=\"9802\" data-permalink=\"https:\/\/intervalphoto.fr\/photographe-architecture-et-industrie\/portfolio\/dencohappel-polyclinique-cesson-sevigne\/20160819-dencohappel-polyclinique-cesson-sevigne-38\/\" data-orig-file=\"https:\/\/i0.wp.com\/intervalphoto.fr\/wp-content\/uploads\/2016\/09\/20160819-DENCOHAPPEL-polyclinique-Cesson-Sevigne-38.jpg?fit=%2C&amp;ssl=1\" data-orig-size=\"\" data-comments-opened=\"0\" data-image-meta=\"[]\" data-image-title=\"20160819-DENCOHAPPEL-polyclinique-Cesson-Sevigne-38\" data-image-description=\"\" data-image-caption=\"&lt;p&gt;DENCOHAPPEL, plafond filtrants, polyclinique, Cesson S\u00c3\u00a9vign\u00c3\u00a9 \u00c2\u00a9INTERVALphoto&lt;\/p&gt;\n\" data-large-file=\"https:\/\/i0.wp.com\/intervalphoto.fr\/wp-content\/uploads\/2016\/09\/20160819-DENCOHAPPEL-polyclinique-Cesson-Sevigne-38.jpg?fit=1024%2C1024&amp;ssl=1\" alt=\"\" data-id=\"9802\" data-link=\"https:\/\/intervalphoto.fr\/photographe-architecture-et-industrie\/portfolio\/dencohappel-polyclinique-cesson-sevigne\/20160819-dencohappel-polyclinique-cesson-sevigne-38\/\" data-url=\"https:\/\/intervalphoto.fr\/wp-content\/uploads\/2016\/09\/20160819-DENCOHAPPEL-polyclinique-Cesson-Sevigne-38.jpg\" src=\"https:\/\/i0.wp.com\/intervalphoto.fr\/wp-content\/uploads\/2016\/09\/20160819-DENCOHAPPEL-polyclinique-Cesson-Sevigne-38.jpg?ssl=1\" data-amp-layout=\"responsive\" tabindex=\"0\" role=\"button\" aria-label=\"Ouvrir l\u2019image 32 sur 40 en plein \u00e9cran\"\/><\/figure><\/div><div class=\"tiled-gallery__col\" style=\"flex-basis:33.33333%\"><figure class=\"tiled-gallery__item\"><img data-recalc-dims=\"1\" decoding=\"async\" data-attachment-id=\"9801\" data-permalink=\"https:\/\/intervalphoto.fr\/photographe-architecture-et-industrie\/portfolio\/dencohappel-polyclinique-cesson-sevigne\/20160819-dencohappel-polyclinique-cesson-sevigne-35\/\" data-orig-file=\"https:\/\/i0.wp.com\/intervalphoto.fr\/wp-content\/uploads\/2016\/09\/20160819-DENCOHAPPEL-polyclinique-Cesson-Sevigne-35.jpg?fit=%2C&amp;ssl=1\" data-orig-size=\"\" data-comments-opened=\"0\" data-image-meta=\"[]\" data-image-title=\"20160819-DENCOHAPPEL-polyclinique-Cesson-Sevigne-35\" data-image-description=\"\" data-image-caption=\"&lt;p&gt;DENCOHAPPEL, plafond filtrants, polyclinique, Cesson S\u00c3\u00a9vign\u00c3\u00a9 \u00c2\u00a9INTERVALphoto&lt;\/p&gt;\n\" data-large-file=\"https:\/\/i0.wp.com\/intervalphoto.fr\/wp-content\/uploads\/2016\/09\/20160819-DENCOHAPPEL-polyclinique-Cesson-Sevigne-35.jpg?fit=1024%2C1024&amp;ssl=1\" data-attachment-id=\"9801\" data-permalink=\"https:\/\/intervalphoto.fr\/photographe-architecture-et-industrie\/portfolio\/dencohappel-polyclinique-cesson-sevigne\/20160819-dencohappel-polyclinique-cesson-sevigne-35\/\" data-orig-file=\"https:\/\/i0.wp.com\/intervalphoto.fr\/wp-content\/uploads\/2016\/09\/20160819-DENCOHAPPEL-polyclinique-Cesson-Sevigne-35.jpg?fit=%2C&amp;ssl=1\" data-orig-size=\"\" data-comments-opened=\"0\" data-image-meta=\"[]\" data-image-title=\"20160819-DENCOHAPPEL-polyclinique-Cesson-Sevigne-35\" data-image-description=\"\" data-image-caption=\"&lt;p&gt;DENCOHAPPEL, plafond filtrants, polyclinique, Cesson S\u00c3\u00a9vign\u00c3\u00a9 \u00c2\u00a9INTERVALphoto&lt;\/p&gt;\n\" data-large-file=\"https:\/\/i0.wp.com\/intervalphoto.fr\/wp-content\/uploads\/2016\/09\/20160819-DENCOHAPPEL-polyclinique-Cesson-Sevigne-35.jpg?fit=1024%2C1024&amp;ssl=1\" alt=\"\" data-id=\"9801\" data-link=\"https:\/\/intervalphoto.fr\/photographe-architecture-et-industrie\/portfolio\/dencohappel-polyclinique-cesson-sevigne\/20160819-dencohappel-polyclinique-cesson-sevigne-35\/\" data-url=\"https:\/\/intervalphoto.fr\/wp-content\/uploads\/2016\/09\/20160819-DENCOHAPPEL-polyclinique-Cesson-Sevigne-35.jpg\" src=\"https:\/\/i0.wp.com\/intervalphoto.fr\/wp-content\/uploads\/2016\/09\/20160819-DENCOHAPPEL-polyclinique-Cesson-Sevigne-35.jpg?ssl=1\" data-amp-layout=\"responsive\" tabindex=\"0\" role=\"button\" aria-label=\"Ouvrir l\u2019image 33 sur 40 en plein \u00e9cran\"\/><\/figure><\/div><div class=\"tiled-gallery__col\" style=\"flex-basis:33.33333%\"><figure class=\"tiled-gallery__item\"><img data-recalc-dims=\"1\" decoding=\"async\" data-attachment-id=\"9800\" data-permalink=\"https:\/\/intervalphoto.fr\/photographe-architecture-et-industrie\/portfolio\/dencohappel-polyclinique-cesson-sevigne\/20160819-dencohappel-polyclinique-cesson-sevigne-33\/\" data-orig-file=\"https:\/\/i0.wp.com\/intervalphoto.fr\/wp-content\/uploads\/2016\/09\/20160819-DENCOHAPPEL-polyclinique-Cesson-Sevigne-33.jpg?fit=%2C&amp;ssl=1\" data-orig-size=\"\" data-comments-opened=\"0\" data-image-meta=\"[]\" data-image-title=\"20160819-DENCOHAPPEL-polyclinique-Cesson-Sevigne-33\" data-image-description=\"\" data-image-caption=\"&lt;p&gt;DENCOHAPPEL, plafond filtrants, polyclinique, Cesson S\u00c3\u00a9vign\u00c3\u00a9 \u00c2\u00a9INTERVALphoto&lt;\/p&gt;\n\" data-large-file=\"https:\/\/i0.wp.com\/intervalphoto.fr\/wp-content\/uploads\/2016\/09\/20160819-DENCOHAPPEL-polyclinique-Cesson-Sevigne-33.jpg?fit=1024%2C1024&amp;ssl=1\" data-attachment-id=\"9800\" data-permalink=\"https:\/\/intervalphoto.fr\/photographe-architecture-et-industrie\/portfolio\/dencohappel-polyclinique-cesson-sevigne\/20160819-dencohappel-polyclinique-cesson-sevigne-33\/\" data-orig-file=\"https:\/\/i0.wp.com\/intervalphoto.fr\/wp-content\/uploads\/2016\/09\/20160819-DENCOHAPPEL-polyclinique-Cesson-Sevigne-33.jpg?fit=%2C&amp;ssl=1\" data-orig-size=\"\" data-comments-opened=\"0\" data-image-meta=\"[]\" data-image-title=\"20160819-DENCOHAPPEL-polyclinique-Cesson-Sevigne-33\" data-image-description=\"\" data-image-caption=\"&lt;p&gt;DENCOHAPPEL, plafond filtrants, polyclinique, Cesson S\u00c3\u00a9vign\u00c3\u00a9 \u00c2\u00a9INTERVALphoto&lt;\/p&gt;\n\" data-large-file=\"https:\/\/i0.wp.com\/intervalphoto.fr\/wp-content\/uploads\/2016\/09\/20160819-DENCOHAPPEL-polyclinique-Cesson-Sevigne-33.jpg?fit=1024%2C1024&amp;ssl=1\" alt=\"\" data-id=\"9800\" data-link=\"https:\/\/intervalphoto.fr\/photographe-architecture-et-industrie\/portfolio\/dencohappel-polyclinique-cesson-sevigne\/20160819-dencohappel-polyclinique-cesson-sevigne-33\/\" data-url=\"https:\/\/intervalphoto.fr\/wp-content\/uploads\/2016\/09\/20160819-DENCOHAPPEL-polyclinique-Cesson-Sevigne-33.jpg\" src=\"https:\/\/i0.wp.com\/intervalphoto.fr\/wp-content\/uploads\/2016\/09\/20160819-DENCOHAPPEL-polyclinique-Cesson-Sevigne-33.jpg?ssl=1\" data-amp-layout=\"responsive\" tabindex=\"0\" role=\"button\" aria-label=\"Ouvrir l\u2019image 34 sur 40 en plein \u00e9cran\"\/><\/figure><\/div><\/div><div class=\"tiled-gallery__row\"><div class=\"tiled-gallery__col\" style=\"flex-basis:33.25282%\"><figure class=\"tiled-gallery__item\"><img data-recalc-dims=\"1\" decoding=\"async\" data-attachment-id=\"9799\" data-permalink=\"https:\/\/intervalphoto.fr\/photographe-architecture-et-industrie\/portfolio\/dencohappel-polyclinique-cesson-sevigne\/20160819-dencohappel-polyclinique-cesson-sevigne-31\/\" data-orig-file=\"https:\/\/i0.wp.com\/intervalphoto.fr\/wp-content\/uploads\/2016\/09\/20160819-DENCOHAPPEL-polyclinique-Cesson-Sevigne-31.jpg?fit=%2C&amp;ssl=1\" data-orig-size=\"\" data-comments-opened=\"0\" data-image-meta=\"[]\" data-image-title=\"20160819-DENCOHAPPEL-polyclinique-Cesson-Sevigne-31\" data-image-description=\"&lt;p&gt;DENCOHAPPEL, plafond filtrants, polyclinique, Cesson S\u00c3\u00a9vign\u00c3\u00a9 \u00c2\u00a9INTERVALphoto&lt;\/p&gt;\n\" data-image-caption=\"&lt;p&gt;DENCOHAPPEL, plafond filtrants, polyclinique, Cesson S\u00c3\u00a9vign\u00c3\u00a9 \u00c2\u00a9INTERVALphoto&lt;\/p&gt;\n\" data-large-file=\"https:\/\/i0.wp.com\/intervalphoto.fr\/wp-content\/uploads\/2016\/09\/20160819-DENCOHAPPEL-polyclinique-Cesson-Sevigne-31.jpg?fit=1024%2C1024&amp;ssl=1\" data-attachment-id=\"9799\" data-permalink=\"https:\/\/intervalphoto.fr\/photographe-architecture-et-industrie\/portfolio\/dencohappel-polyclinique-cesson-sevigne\/20160819-dencohappel-polyclinique-cesson-sevigne-31\/\" data-orig-file=\"https:\/\/i0.wp.com\/intervalphoto.fr\/wp-content\/uploads\/2016\/09\/20160819-DENCOHAPPEL-polyclinique-Cesson-Sevigne-31.jpg?fit=%2C&amp;ssl=1\" data-orig-size=\"\" data-comments-opened=\"0\" data-image-meta=\"[]\" data-image-title=\"20160819-DENCOHAPPEL-polyclinique-Cesson-Sevigne-31\" data-image-description=\"&lt;p&gt;DENCOHAPPEL, plafond filtrants, polyclinique, Cesson S\u00c3\u00a9vign\u00c3\u00a9 \u00c2\u00a9INTERVALphoto&lt;\/p&gt;\n\" data-image-caption=\"&lt;p&gt;DENCOHAPPEL, plafond filtrants, polyclinique, Cesson S\u00c3\u00a9vign\u00c3\u00a9 \u00c2\u00a9INTERVALphoto&lt;\/p&gt;\n\" data-large-file=\"https:\/\/i0.wp.com\/intervalphoto.fr\/wp-content\/uploads\/2016\/09\/20160819-DENCOHAPPEL-polyclinique-Cesson-Sevigne-31.jpg?fit=1024%2C1024&amp;ssl=1\" alt=\"DENCOHAPPEL, plafond filtrants, polyclinique, Cesson S\u00c3\u00a9vign\u00c3\u00a9 \u00c2\u00a9INTERVALphoto\" data-id=\"9799\" data-link=\"https:\/\/intervalphoto.fr\/photographe-architecture-et-industrie\/portfolio\/dencohappel-polyclinique-cesson-sevigne\/20160819-dencohappel-polyclinique-cesson-sevigne-31\/\" data-url=\"https:\/\/intervalphoto.fr\/wp-content\/uploads\/2016\/09\/20160819-DENCOHAPPEL-polyclinique-Cesson-Sevigne-31.jpg\" src=\"https:\/\/i0.wp.com\/intervalphoto.fr\/wp-content\/uploads\/2016\/09\/20160819-DENCOHAPPEL-polyclinique-Cesson-Sevigne-31.jpg?ssl=1\" data-amp-layout=\"responsive\" tabindex=\"0\" role=\"button\" aria-label=\"Ouvrir l\u2019image 35 sur 40 en plein \u00e9cran\"\/><\/figure><figure class=\"tiled-gallery__item\"><img data-recalc-dims=\"1\" decoding=\"async\" data-attachment-id=\"9798\" data-permalink=\"https:\/\/intervalphoto.fr\/photographe-architecture-et-industrie\/portfolio\/dencohappel-polyclinique-cesson-sevigne\/20160819-dencohappel-polyclinique-cesson-sevigne-28\/\" data-orig-file=\"https:\/\/i0.wp.com\/intervalphoto.fr\/wp-content\/uploads\/2016\/09\/20160819-DENCOHAPPEL-polyclinique-Cesson-Sevigne-28.jpg?fit=%2C&amp;ssl=1\" data-orig-size=\"\" data-comments-opened=\"0\" data-image-meta=\"[]\" data-image-title=\"20160819-DENCOHAPPEL-polyclinique-Cesson-Sevigne-28\" data-image-description=\"&lt;p&gt;DENCOHAPPEL, plafond filtrants, polyclinique, Cesson S\u00c3\u00a9vign\u00c3\u00a9 \u00c2\u00a9INTERVALphoto&lt;\/p&gt;\n\" data-image-caption=\"&lt;p&gt;DENCOHAPPEL, plafond filtrants, polyclinique, Cesson S\u00c3\u00a9vign\u00c3\u00a9 \u00c2\u00a9INTERVALphoto&lt;\/p&gt;\n\" data-large-file=\"https:\/\/i0.wp.com\/intervalphoto.fr\/wp-content\/uploads\/2016\/09\/20160819-DENCOHAPPEL-polyclinique-Cesson-Sevigne-28.jpg?fit=1024%2C1024&amp;ssl=1\" data-attachment-id=\"9798\" data-permalink=\"https:\/\/intervalphoto.fr\/photographe-architecture-et-industrie\/portfolio\/dencohappel-polyclinique-cesson-sevigne\/20160819-dencohappel-polyclinique-cesson-sevigne-28\/\" data-orig-file=\"https:\/\/i0.wp.com\/intervalphoto.fr\/wp-content\/uploads\/2016\/09\/20160819-DENCOHAPPEL-polyclinique-Cesson-Sevigne-28.jpg?fit=%2C&amp;ssl=1\" data-orig-size=\"\" data-comments-opened=\"0\" data-image-meta=\"[]\" data-image-title=\"20160819-DENCOHAPPEL-polyclinique-Cesson-Sevigne-28\" data-image-description=\"&lt;p&gt;DENCOHAPPEL, plafond filtrants, polyclinique, Cesson S\u00c3\u00a9vign\u00c3\u00a9 \u00c2\u00a9INTERVALphoto&lt;\/p&gt;\n\" data-image-caption=\"&lt;p&gt;DENCOHAPPEL, plafond filtrants, polyclinique, Cesson S\u00c3\u00a9vign\u00c3\u00a9 \u00c2\u00a9INTERVALphoto&lt;\/p&gt;\n\" data-large-file=\"https:\/\/i0.wp.com\/intervalphoto.fr\/wp-content\/uploads\/2016\/09\/20160819-DENCOHAPPEL-polyclinique-Cesson-Sevigne-28.jpg?fit=1024%2C1024&amp;ssl=1\" alt=\"DENCOHAPPEL, plafond filtrants, polyclinique, Cesson S\u00c3\u00a9vign\u00c3\u00a9 \u00c2\u00a9INTERVALphoto\" data-id=\"9798\" data-link=\"https:\/\/intervalphoto.fr\/photographe-architecture-et-industrie\/portfolio\/dencohappel-polyclinique-cesson-sevigne\/20160819-dencohappel-polyclinique-cesson-sevigne-28\/\" data-url=\"https:\/\/intervalphoto.fr\/wp-content\/uploads\/2016\/09\/20160819-DENCOHAPPEL-polyclinique-Cesson-Sevigne-28.jpg\" src=\"https:\/\/i0.wp.com\/intervalphoto.fr\/wp-content\/uploads\/2016\/09\/20160819-DENCOHAPPEL-polyclinique-Cesson-Sevigne-28.jpg?ssl=1\" data-amp-layout=\"responsive\" tabindex=\"0\" role=\"button\" aria-label=\"Ouvrir l\u2019image 36 sur 40 en plein \u00e9cran\"\/><\/figure><\/div><div class=\"tiled-gallery__col\" style=\"flex-basis:66.74718%\"><figure class=\"tiled-gallery__item\"><img data-recalc-dims=\"1\" decoding=\"async\" data-attachment-id=\"9797\" data-permalink=\"https:\/\/intervalphoto.fr\/photographe-architecture-et-industrie\/portfolio\/dencohappel-polyclinique-cesson-sevigne\/20160819-dencohappel-polyclinique-cesson-sevigne-25\/\" data-orig-file=\"https:\/\/i0.wp.com\/intervalphoto.fr\/wp-content\/uploads\/2016\/09\/20160819-DENCOHAPPEL-polyclinique-Cesson-Sevigne-25.jpg?fit=%2C&amp;ssl=1\" data-orig-size=\"\" data-comments-opened=\"0\" data-image-meta=\"[]\" data-image-title=\"20160819-DENCOHAPPEL-polyclinique-Cesson-Sevigne-25\" data-image-description=\"&lt;p&gt;DENCOHAPPEL, plafond filtrants, polyclinique, Cesson S\u00c3\u00a9vign\u00c3\u00a9 \u00c2\u00a9INTERVALphoto&lt;\/p&gt;\n\" data-image-caption=\"&lt;p&gt;DENCOHAPPEL, plafond filtrants, polyclinique, Cesson S\u00c3\u00a9vign\u00c3\u00a9 \u00c2\u00a9INTERVALphoto&lt;\/p&gt;\n\" data-large-file=\"https:\/\/i0.wp.com\/intervalphoto.fr\/wp-content\/uploads\/2016\/09\/20160819-DENCOHAPPEL-polyclinique-Cesson-Sevigne-25.jpg?fit=1024%2C1024&amp;ssl=1\" data-attachment-id=\"9797\" data-permalink=\"https:\/\/intervalphoto.fr\/photographe-architecture-et-industrie\/portfolio\/dencohappel-polyclinique-cesson-sevigne\/20160819-dencohappel-polyclinique-cesson-sevigne-25\/\" data-orig-file=\"https:\/\/i0.wp.com\/intervalphoto.fr\/wp-content\/uploads\/2016\/09\/20160819-DENCOHAPPEL-polyclinique-Cesson-Sevigne-25.jpg?fit=%2C&amp;ssl=1\" data-orig-size=\"\" data-comments-opened=\"0\" data-image-meta=\"[]\" data-image-title=\"20160819-DENCOHAPPEL-polyclinique-Cesson-Sevigne-25\" data-image-description=\"&lt;p&gt;DENCOHAPPEL, plafond filtrants, polyclinique, Cesson S\u00c3\u00a9vign\u00c3\u00a9 \u00c2\u00a9INTERVALphoto&lt;\/p&gt;\n\" data-image-caption=\"&lt;p&gt;DENCOHAPPEL, plafond filtrants, polyclinique, Cesson S\u00c3\u00a9vign\u00c3\u00a9 \u00c2\u00a9INTERVALphoto&lt;\/p&gt;\n\" data-large-file=\"https:\/\/i0.wp.com\/intervalphoto.fr\/wp-content\/uploads\/2016\/09\/20160819-DENCOHAPPEL-polyclinique-Cesson-Sevigne-25.jpg?fit=1024%2C1024&amp;ssl=1\" alt=\"DENCOHAPPEL, plafond filtrants, polyclinique, Cesson S\u00c3\u00a9vign\u00c3\u00a9 \u00c2\u00a9INTERVALphoto\" data-id=\"9797\" data-link=\"https:\/\/intervalphoto.fr\/photographe-architecture-et-industrie\/portfolio\/dencohappel-polyclinique-cesson-sevigne\/20160819-dencohappel-polyclinique-cesson-sevigne-25\/\" data-url=\"https:\/\/intervalphoto.fr\/wp-content\/uploads\/2016\/09\/20160819-DENCOHAPPEL-polyclinique-Cesson-Sevigne-25.jpg\" src=\"https:\/\/i0.wp.com\/intervalphoto.fr\/wp-content\/uploads\/2016\/09\/20160819-DENCOHAPPEL-polyclinique-Cesson-Sevigne-25.jpg?ssl=1\" data-amp-layout=\"responsive\" tabindex=\"0\" role=\"button\" aria-label=\"Ouvrir l\u2019image 37 sur 40 en plein \u00e9cran\"\/><\/figure><\/div><\/div><div class=\"tiled-gallery__row\"><div class=\"tiled-gallery__col\" style=\"flex-basis:33.33333%\"><figure class=\"tiled-gallery__item\"><img data-recalc-dims=\"1\" decoding=\"async\" data-attachment-id=\"9796\" data-permalink=\"https:\/\/intervalphoto.fr\/photographe-architecture-et-industrie\/portfolio\/dencohappel-polyclinique-cesson-sevigne\/20160819-dencohappel-polyclinique-cesson-sevigne-10\/\" data-orig-file=\"https:\/\/i0.wp.com\/intervalphoto.fr\/wp-content\/uploads\/2016\/09\/20160819-DENCOHAPPEL-polyclinique-Cesson-Sevigne-10.jpg?fit=%2C&amp;ssl=1\" data-orig-size=\"\" data-comments-opened=\"0\" data-image-meta=\"[]\" data-image-title=\"20160819-DENCOHAPPEL-polyclinique-Cesson-Sevigne-10\" data-image-description=\"&lt;p&gt;DENCOHAPPEL, plafond filtrants, polyclinique, Cesson S\u00c3\u00a9vign\u00c3\u00a9 \u00c2\u00a9INTERVALphoto&lt;\/p&gt;\n\" data-image-caption=\"&lt;p&gt;DENCOHAPPEL, plafond filtrants, polyclinique, Cesson S\u00c3\u00a9vign\u00c3\u00a9 \u00c2\u00a9INTERVALphoto&lt;\/p&gt;\n\" data-large-file=\"https:\/\/i0.wp.com\/intervalphoto.fr\/wp-content\/uploads\/2016\/09\/20160819-DENCOHAPPEL-polyclinique-Cesson-Sevigne-10.jpg?fit=1024%2C1024&amp;ssl=1\" data-attachment-id=\"9796\" data-permalink=\"https:\/\/intervalphoto.fr\/photographe-architecture-et-industrie\/portfolio\/dencohappel-polyclinique-cesson-sevigne\/20160819-dencohappel-polyclinique-cesson-sevigne-10\/\" data-orig-file=\"https:\/\/i0.wp.com\/intervalphoto.fr\/wp-content\/uploads\/2016\/09\/20160819-DENCOHAPPEL-polyclinique-Cesson-Sevigne-10.jpg?fit=%2C&amp;ssl=1\" data-orig-size=\"\" data-comments-opened=\"0\" data-image-meta=\"[]\" data-image-title=\"20160819-DENCOHAPPEL-polyclinique-Cesson-Sevigne-10\" data-image-description=\"&lt;p&gt;DENCOHAPPEL, plafond filtrants, polyclinique, Cesson S\u00c3\u00a9vign\u00c3\u00a9 \u00c2\u00a9INTERVALphoto&lt;\/p&gt;\n\" data-image-caption=\"&lt;p&gt;DENCOHAPPEL, plafond filtrants, polyclinique, Cesson S\u00c3\u00a9vign\u00c3\u00a9 \u00c2\u00a9INTERVALphoto&lt;\/p&gt;\n\" data-large-file=\"https:\/\/i0.wp.com\/intervalphoto.fr\/wp-content\/uploads\/2016\/09\/20160819-DENCOHAPPEL-polyclinique-Cesson-Sevigne-10.jpg?fit=1024%2C1024&amp;ssl=1\" alt=\"DENCOHAPPEL, plafond filtrants, polyclinique, Cesson S\u00c3\u00a9vign\u00c3\u00a9 \u00c2\u00a9INTERVALphoto\" data-id=\"9796\" data-link=\"https:\/\/intervalphoto.fr\/photographe-architecture-et-industrie\/portfolio\/dencohappel-polyclinique-cesson-sevigne\/20160819-dencohappel-polyclinique-cesson-sevigne-10\/\" data-url=\"https:\/\/intervalphoto.fr\/wp-content\/uploads\/2016\/09\/20160819-DENCOHAPPEL-polyclinique-Cesson-Sevigne-10.jpg\" src=\"https:\/\/i0.wp.com\/intervalphoto.fr\/wp-content\/uploads\/2016\/09\/20160819-DENCOHAPPEL-polyclinique-Cesson-Sevigne-10.jpg?ssl=1\" data-amp-layout=\"responsive\" tabindex=\"0\" role=\"button\" aria-label=\"Ouvrir l\u2019image 38 sur 40 en plein \u00e9cran\"\/><\/figure><\/div><div class=\"tiled-gallery__col\" style=\"flex-basis:33.33333%\"><figure class=\"tiled-gallery__item\"><img data-recalc-dims=\"1\" decoding=\"async\" data-attachment-id=\"9795\" data-permalink=\"https:\/\/intervalphoto.fr\/photographe-architecture-et-industrie\/portfolio\/dencohappel-polyclinique-cesson-sevigne\/20160819-dencohappel-polyclinique-cesson-sevigne-4\/\" data-orig-file=\"https:\/\/i0.wp.com\/intervalphoto.fr\/wp-content\/uploads\/2016\/09\/20160819-DENCOHAPPEL-polyclinique-Cesson-Sevigne-4.jpg?fit=%2C&amp;ssl=1\" data-orig-size=\"\" data-comments-opened=\"0\" data-image-meta=\"[]\" data-image-title=\"DENCOHAPPEL, plafond filtrants, polyclinique, Cesson S\u00c3\u00a9vign\u00c3\u00a9\" data-image-description=\"&lt;p&gt;\u00c2\u00a9INTERVALphoto, photographe d&amp;rsquo;architecture : DENCOHAPPEL, plafond filtrants, polyclinique, Cesson S\u00c3\u00a9vign\u00c3\u00a9 &lt;\/p&gt;\n\" data-image-caption=\"&lt;p&gt;\u00c2\u00a9INTERVALphoto, photographe d&amp;rsquo;architecture : DENCOHAPPEL, plafond filtrants, polyclinique, Cesson S\u00c3\u00a9vign\u00c3\u00a9 &lt;\/p&gt;\n\" data-large-file=\"https:\/\/i0.wp.com\/intervalphoto.fr\/wp-content\/uploads\/2016\/09\/20160819-DENCOHAPPEL-polyclinique-Cesson-Sevigne-4.jpg?fit=1024%2C1024&amp;ssl=1\" data-attachment-id=\"9795\" data-permalink=\"https:\/\/intervalphoto.fr\/photographe-architecture-et-industrie\/portfolio\/dencohappel-polyclinique-cesson-sevigne\/20160819-dencohappel-polyclinique-cesson-sevigne-4\/\" data-orig-file=\"https:\/\/i0.wp.com\/intervalphoto.fr\/wp-content\/uploads\/2016\/09\/20160819-DENCOHAPPEL-polyclinique-Cesson-Sevigne-4.jpg?fit=%2C&amp;ssl=1\" data-orig-size=\"\" data-comments-opened=\"0\" data-image-meta=\"[]\" data-image-title=\"DENCOHAPPEL, plafond filtrants, polyclinique, Cesson S\u00c3\u00a9vign\u00c3\u00a9\" data-image-description=\"&lt;p&gt;\u00c2\u00a9INTERVALphoto, photographe d&amp;rsquo;architecture : DENCOHAPPEL, plafond filtrants, polyclinique, Cesson S\u00c3\u00a9vign\u00c3\u00a9 &lt;\/p&gt;\n\" data-image-caption=\"&lt;p&gt;\u00c2\u00a9INTERVALphoto, photographe d&amp;rsquo;architecture : DENCOHAPPEL, plafond filtrants, polyclinique, Cesson S\u00c3\u00a9vign\u00c3\u00a9 &lt;\/p&gt;\n\" data-large-file=\"https:\/\/i0.wp.com\/intervalphoto.fr\/wp-content\/uploads\/2016\/09\/20160819-DENCOHAPPEL-polyclinique-Cesson-Sevigne-4.jpg?fit=1024%2C1024&amp;ssl=1\" alt=\"\u00c2\u00a9INTERVALphoto, photographe d'architecture : DENCOHAPPEL, plafond filtrants, polyclinique, Cesson S\u00c3\u00a9vign\u00c3\u00a9\" data-id=\"9795\" data-link=\"https:\/\/intervalphoto.fr\/photographe-architecture-et-industrie\/portfolio\/dencohappel-polyclinique-cesson-sevigne\/20160819-dencohappel-polyclinique-cesson-sevigne-4\/\" data-url=\"https:\/\/intervalphoto.fr\/wp-content\/uploads\/2016\/09\/20160819-DENCOHAPPEL-polyclinique-Cesson-Sevigne-4.jpg\" src=\"https:\/\/i0.wp.com\/intervalphoto.fr\/wp-content\/uploads\/2016\/09\/20160819-DENCOHAPPEL-polyclinique-Cesson-Sevigne-4.jpg?ssl=1\" data-amp-layout=\"responsive\" tabindex=\"0\" role=\"button\" aria-label=\"Ouvrir l\u2019image 39 sur 40 en plein \u00e9cran\"\/><\/figure><\/div><div class=\"tiled-gallery__col\" style=\"flex-basis:33.33333%\"><figure class=\"tiled-gallery__item\"><img data-recalc-dims=\"1\" decoding=\"async\" data-attachment-id=\"9794\" data-permalink=\"https:\/\/intervalphoto.fr\/photographe-architecture-et-industrie\/portfolio\/dencohappel-polyclinique-cesson-sevigne\/20160819-dencohappel-polyclinique-cesson-sevigne-1\/\" data-orig-file=\"https:\/\/i0.wp.com\/intervalphoto.fr\/wp-content\/uploads\/2016\/09\/20160819-DENCOHAPPEL-polyclinique-Cesson-Sevigne-1.jpg?fit=%2C&amp;ssl=1\" data-orig-size=\"\" data-comments-opened=\"0\" data-image-meta=\"[]\" data-image-title=\"20160819-DENCOHAPPEL-polyclinique-Cesson-Sevigne-1\" data-image-description=\"&lt;p&gt;DENCOHAPPEL, plafond filtrants, polyclinique, Cesson S\u00c3\u00a9vign\u00c3\u00a9 \u00c2\u00a9INTERVALphoto&lt;\/p&gt;\n\" data-image-caption=\"&lt;p&gt;DENCOHAPPEL, plafond filtrants, polyclinique, Cesson S\u00c3\u00a9vign\u00c3\u00a9 \u00c2\u00a9INTERVALphoto&lt;\/p&gt;\n\" data-large-file=\"https:\/\/i0.wp.com\/intervalphoto.fr\/wp-content\/uploads\/2016\/09\/20160819-DENCOHAPPEL-polyclinique-Cesson-Sevigne-1.jpg?fit=1024%2C1024&amp;ssl=1\" data-attachment-id=\"9794\" data-permalink=\"https:\/\/intervalphoto.fr\/photographe-architecture-et-industrie\/portfolio\/dencohappel-polyclinique-cesson-sevigne\/20160819-dencohappel-polyclinique-cesson-sevigne-1\/\" data-orig-file=\"https:\/\/i0.wp.com\/intervalphoto.fr\/wp-content\/uploads\/2016\/09\/20160819-DENCOHAPPEL-polyclinique-Cesson-Sevigne-1.jpg?fit=%2C&amp;ssl=1\" data-orig-size=\"\" data-comments-opened=\"0\" data-image-meta=\"[]\" data-image-title=\"20160819-DENCOHAPPEL-polyclinique-Cesson-Sevigne-1\" data-image-description=\"&lt;p&gt;DENCOHAPPEL, plafond filtrants, polyclinique, Cesson S\u00c3\u00a9vign\u00c3\u00a9 \u00c2\u00a9INTERVALphoto&lt;\/p&gt;\n\" data-image-caption=\"&lt;p&gt;DENCOHAPPEL, plafond filtrants, polyclinique, Cesson S\u00c3\u00a9vign\u00c3\u00a9 \u00c2\u00a9INTERVALphoto&lt;\/p&gt;\n\" data-large-file=\"https:\/\/i0.wp.com\/intervalphoto.fr\/wp-content\/uploads\/2016\/09\/20160819-DENCOHAPPEL-polyclinique-Cesson-Sevigne-1.jpg?fit=1024%2C1024&amp;ssl=1\" alt=\"DENCOHAPPEL, plafond filtrants, polyclinique, Cesson S\u00c3\u00a9vign\u00c3\u00a9 \u00c2\u00a9INTERVALphoto\" data-id=\"9794\" data-link=\"https:\/\/intervalphoto.fr\/photographe-architecture-et-industrie\/portfolio\/dencohappel-polyclinique-cesson-sevigne\/20160819-dencohappel-polyclinique-cesson-sevigne-1\/\" data-url=\"https:\/\/intervalphoto.fr\/wp-content\/uploads\/2016\/09\/20160819-DENCOHAPPEL-polyclinique-Cesson-Sevigne-1.jpg\" src=\"https:\/\/i0.wp.com\/intervalphoto.fr\/wp-content\/uploads\/2016\/09\/20160819-DENCOHAPPEL-polyclinique-Cesson-Sevigne-1.jpg?ssl=1\" data-amp-layout=\"responsive\" tabindex=\"0\" role=\"button\" aria-label=\"Ouvrir l\u2019image 40 sur 40 en plein \u00e9cran\"\/><\/figure><\/div><\/div><\/div><\/div><\/div>\n","protected":false},"excerpt":{"rendered":"<p>DENCOHAPPEL, plafond filtrant bloc op\u00e9ratoire, polyclinique Cesson S\u00e9vign\u00e9(35) 2016 \u00a0 www.dencohappel.com<\/p>\n","protected":false},"author":1,"featured_media":9795,"comment_status":"closed","ping_status":"closed","template":"","meta":{"jetpack_post_was_ever_published":false,"footnotes":""},"portfolio_category":[85],"reportages":[],"portfolio_tag":[130,800,806,796,802,807,804,797,799,803,808,805],"class_list":["post-9793","portfolio","type-portfolio","status-publish","has-post-thumbnail","hentry","portfolio_category-reportages-industriels-interval-photo","portfolio_tag-130","portfolio_tag-cesson","portfolio_tag-climatisation","portfolio_tag-dencohappel","portfolio_tag-faux-plafond","portfolio_tag-filtration","portfolio_tag-materiaux","portfolio_tag-plafond-filtrant","portfolio_tag-polyclinique","portfolio_tag-technique","portfolio_tag-traitement-dair","portfolio_tag-ventilation"],"yoast_head":"<!-- This site is optimized with the Yoast SEO plugin v27.4 - https:\/\/yoast.com\/product\/yoast-seo-wordpress\/ -->\n<title>DENCOHAPPEL, plafond filtrant, bloc op\u00e9ratoire, polyclinique de Cesson S\u00e9vign\u00e9 (35) - INTERVALphoto<\/title>\n<meta name=\"description\" content=\"DENCOHAPPEL, plafond filtrant, bloc op\u00e9ratoire, polyclinique de Cesson S\u00e9vign\u00e9 (35) \u00a9INTERVALphoto, photographe d&#039;architecture\" \/>\n<meta name=\"robots\" content=\"index, follow, max-snippet:-1, max-image-preview:large, max-video-preview:-1\" \/>\n<link rel=\"canonical\" href=\"https:\/\/intervalphoto.fr\/photographe-architecture-et-industrie\/portfolio\/dencohappel-polyclinique-cesson-sevigne\/\" \/>\n<meta property=\"og:locale\" content=\"fr_FR\" \/>\n<meta property=\"og:type\" content=\"article\" \/>\n<meta property=\"og:title\" content=\"DENCOHAPPEL, plafond filtrant, bloc op\u00e9ratoire, polyclinique de Cesson S\u00e9vign\u00e9 (35) - INTERVALphoto\" \/>\n<meta property=\"og:description\" content=\"DENCOHAPPEL, plafond filtrant, bloc op\u00e9ratoire, polyclinique de Cesson S\u00e9vign\u00e9 (35) \u00a9INTERVALphoto, photographe d&#039;architecture\" \/>\n<meta property=\"og:url\" content=\"https:\/\/intervalphoto.fr\/photographe-architecture-et-industrie\/portfolio\/dencohappel-polyclinique-cesson-sevigne\/\" \/>\n<meta property=\"og:site_name\" content=\"INTERVALphoto\" \/>\n<meta property=\"article:publisher\" content=\"https:\/\/www.facebook.com\/intervalphoto35\/\" \/>\n<meta property=\"article:modified_time\" content=\"2024-10-07T16:20:42+00:00\" \/>\n<meta name=\"twitter:card\" content=\"summary_large_image\" \/>\n<meta name=\"twitter:image\" content=\"https:\/\/i0.wp.com\/intervalphoto.fr\/wp-content\/uploads\/2016\/09\/20160819-DENCOHAPPEL-polyclinique-Cesson-Sevigne-4.jpg?fit=%2C&ssl=1\" \/>\n<meta name=\"twitter:site\" content=\"@intervalphoto35\" \/>\n<meta name=\"twitter:label1\" content=\"Dur\u00e9e de lecture estim\u00e9e\" \/>\n\t<meta name=\"twitter:data1\" content=\"9 minutes\" \/>\n<script type=\"application\/ld+json\" class=\"yoast-schema-graph\">{\"@context\":\"https:\\\/\\\/schema.org\",\"@graph\":[{\"@type\":\"WebPage\",\"@id\":\"https:\\\/\\\/intervalphoto.fr\\\/photographe-architecture-et-industrie\\\/portfolio\\\/dencohappel-polyclinique-cesson-sevigne\\\/\",\"url\":\"https:\\\/\\\/intervalphoto.fr\\\/photographe-architecture-et-industrie\\\/portfolio\\\/dencohappel-polyclinique-cesson-sevigne\\\/\",\"name\":\"DENCOHAPPEL, plafond filtrant, bloc op\u00e9ratoire, polyclinique de Cesson S\u00e9vign\u00e9 (35) - INTERVALphoto\",\"isPartOf\":{\"@id\":\"https:\\\/\\\/intervalphoto.fr\\\/photographe-architecture-et-industrie\\\/#website\"},\"primaryImageOfPage\":{\"@id\":\"https:\\\/\\\/intervalphoto.fr\\\/photographe-architecture-et-industrie\\\/portfolio\\\/dencohappel-polyclinique-cesson-sevigne\\\/#primaryimage\"},\"image\":{\"@id\":\"https:\\\/\\\/intervalphoto.fr\\\/photographe-architecture-et-industrie\\\/portfolio\\\/dencohappel-polyclinique-cesson-sevigne\\\/#primaryimage\"},\"thumbnailUrl\":\"https:\\\/\\\/i0.wp.com\\\/intervalphoto.fr\\\/wp-content\\\/uploads\\\/2016\\\/09\\\/20160819-DENCOHAPPEL-polyclinique-Cesson-Sevigne-4.jpg?fit=%2C&ssl=1\",\"datePublished\":\"2016-09-01T10:11:44+00:00\",\"dateModified\":\"2024-10-07T16:20:42+00:00\",\"description\":\"DENCOHAPPEL, plafond filtrant, bloc op\u00e9ratoire, polyclinique de Cesson S\u00e9vign\u00e9 (35) \u00a9INTERVALphoto, photographe d'architecture\",\"breadcrumb\":{\"@id\":\"https:\\\/\\\/intervalphoto.fr\\\/photographe-architecture-et-industrie\\\/portfolio\\\/dencohappel-polyclinique-cesson-sevigne\\\/#breadcrumb\"},\"inLanguage\":\"fr-FR\",\"potentialAction\":[{\"@type\":\"ReadAction\",\"target\":[\"https:\\\/\\\/intervalphoto.fr\\\/photographe-architecture-et-industrie\\\/portfolio\\\/dencohappel-polyclinique-cesson-sevigne\\\/\"]}]},{\"@type\":\"ImageObject\",\"inLanguage\":\"fr-FR\",\"@id\":\"https:\\\/\\\/intervalphoto.fr\\\/photographe-architecture-et-industrie\\\/portfolio\\\/dencohappel-polyclinique-cesson-sevigne\\\/#primaryimage\",\"url\":\"https:\\\/\\\/i0.wp.com\\\/intervalphoto.fr\\\/wp-content\\\/uploads\\\/2016\\\/09\\\/20160819-DENCOHAPPEL-polyclinique-Cesson-Sevigne-4.jpg?fit=%2C&ssl=1\",\"contentUrl\":\"https:\\\/\\\/i0.wp.com\\\/intervalphoto.fr\\\/wp-content\\\/uploads\\\/2016\\\/09\\\/20160819-DENCOHAPPEL-polyclinique-Cesson-Sevigne-4.jpg?fit=%2C&ssl=1\",\"caption\":\"\u00c2\u00a9INTERVALphoto, photographe d'architecture : DENCOHAPPEL, plafond filtrants, polyclinique, Cesson S\u00c3\u00a9vign\u00c3\u00a9\"},{\"@type\":\"BreadcrumbList\",\"@id\":\"https:\\\/\\\/intervalphoto.fr\\\/photographe-architecture-et-industrie\\\/portfolio\\\/dencohappel-polyclinique-cesson-sevigne\\\/#breadcrumb\",\"itemListElement\":[{\"@type\":\"ListItem\",\"position\":1,\"name\":\"Accueil\",\"item\":\"https:\\\/\\\/intervalphoto.fr\\\/photographe-architecture-et-industrie\\\/\"},{\"@type\":\"ListItem\",\"position\":2,\"name\":\"Portfolio\",\"item\":\"https:\\\/\\\/intervalphoto.fr\\\/photographe-architecture-et-industrie\\\/portfolio\\\/\"},{\"@type\":\"ListItem\",\"position\":3,\"name\":\"DENCOHAPPEL, plafond filtrant, bloc op\u00e9ratoire, polyclinique de Cesson S\u00e9vign\u00e9 (35)\"}]},{\"@type\":\"WebSite\",\"@id\":\"https:\\\/\\\/intervalphoto.fr\\\/photographe-architecture-et-industrie\\\/#website\",\"url\":\"https:\\\/\\\/intervalphoto.fr\\\/photographe-architecture-et-industrie\\\/\",\"name\":\"INTERVALphoto\",\"description\":\"revealing...\",\"potentialAction\":[{\"@type\":\"SearchAction\",\"target\":{\"@type\":\"EntryPoint\",\"urlTemplate\":\"https:\\\/\\\/intervalphoto.fr\\\/photographe-architecture-et-industrie\\\/?s={search_term_string}\"},\"query-input\":{\"@type\":\"PropertyValueSpecification\",\"valueRequired\":true,\"valueName\":\"search_term_string\"}}],\"inLanguage\":\"fr-FR\"}]}<\/script>\n<!-- \/ Yoast SEO plugin. -->","yoast_head_json":{"title":"DENCOHAPPEL, plafond filtrant, bloc op\u00e9ratoire, polyclinique de Cesson S\u00e9vign\u00e9 (35) - INTERVALphoto","description":"DENCOHAPPEL, plafond filtrant, bloc op\u00e9ratoire, polyclinique de Cesson S\u00e9vign\u00e9 (35) \u00a9INTERVALphoto, photographe d'architecture","robots":{"index":"index","follow":"follow","max-snippet":"max-snippet:-1","max-image-preview":"max-image-preview:large","max-video-preview":"max-video-preview:-1"},"canonical":"https:\/\/intervalphoto.fr\/photographe-architecture-et-industrie\/portfolio\/dencohappel-polyclinique-cesson-sevigne\/","og_locale":"fr_FR","og_type":"article","og_title":"DENCOHAPPEL, plafond filtrant, bloc op\u00e9ratoire, polyclinique de Cesson S\u00e9vign\u00e9 (35) - INTERVALphoto","og_description":"DENCOHAPPEL, plafond filtrant, bloc op\u00e9ratoire, polyclinique de Cesson S\u00e9vign\u00e9 (35) \u00a9INTERVALphoto, photographe d'architecture","og_url":"https:\/\/intervalphoto.fr\/photographe-architecture-et-industrie\/portfolio\/dencohappel-polyclinique-cesson-sevigne\/","og_site_name":"INTERVALphoto","article_publisher":"https:\/\/www.facebook.com\/intervalphoto35\/","article_modified_time":"2024-10-07T16:20:42+00:00","twitter_card":"summary_large_image","twitter_image":"https:\/\/i0.wp.com\/intervalphoto.fr\/wp-content\/uploads\/2016\/09\/20160819-DENCOHAPPEL-polyclinique-Cesson-Sevigne-4.jpg?fit=%2C&ssl=1","twitter_site":"@intervalphoto35","twitter_misc":{"Dur\u00e9e de lecture estim\u00e9e":"9 minutes"},"schema":{"@context":"https:\/\/schema.org","@graph":[{"@type":"WebPage","@id":"https:\/\/intervalphoto.fr\/photographe-architecture-et-industrie\/portfolio\/dencohappel-polyclinique-cesson-sevigne\/","url":"https:\/\/intervalphoto.fr\/photographe-architecture-et-industrie\/portfolio\/dencohappel-polyclinique-cesson-sevigne\/","name":"DENCOHAPPEL, plafond filtrant, bloc op\u00e9ratoire, polyclinique de Cesson S\u00e9vign\u00e9 (35) - INTERVALphoto","isPartOf":{"@id":"https:\/\/intervalphoto.fr\/photographe-architecture-et-industrie\/#website"},"primaryImageOfPage":{"@id":"https:\/\/intervalphoto.fr\/photographe-architecture-et-industrie\/portfolio\/dencohappel-polyclinique-cesson-sevigne\/#primaryimage"},"image":{"@id":"https:\/\/intervalphoto.fr\/photographe-architecture-et-industrie\/portfolio\/dencohappel-polyclinique-cesson-sevigne\/#primaryimage"},"thumbnailUrl":"https:\/\/i0.wp.com\/intervalphoto.fr\/wp-content\/uploads\/2016\/09\/20160819-DENCOHAPPEL-polyclinique-Cesson-Sevigne-4.jpg?fit=%2C&ssl=1","datePublished":"2016-09-01T10:11:44+00:00","dateModified":"2024-10-07T16:20:42+00:00","description":"DENCOHAPPEL, plafond filtrant, bloc op\u00e9ratoire, polyclinique de Cesson S\u00e9vign\u00e9 (35) \u00a9INTERVALphoto, photographe d'architecture","breadcrumb":{"@id":"https:\/\/intervalphoto.fr\/photographe-architecture-et-industrie\/portfolio\/dencohappel-polyclinique-cesson-sevigne\/#breadcrumb"},"inLanguage":"fr-FR","potentialAction":[{"@type":"ReadAction","target":["https:\/\/intervalphoto.fr\/photographe-architecture-et-industrie\/portfolio\/dencohappel-polyclinique-cesson-sevigne\/"]}]},{"@type":"ImageObject","inLanguage":"fr-FR","@id":"https:\/\/intervalphoto.fr\/photographe-architecture-et-industrie\/portfolio\/dencohappel-polyclinique-cesson-sevigne\/#primaryimage","url":"https:\/\/i0.wp.com\/intervalphoto.fr\/wp-content\/uploads\/2016\/09\/20160819-DENCOHAPPEL-polyclinique-Cesson-Sevigne-4.jpg?fit=%2C&ssl=1","contentUrl":"https:\/\/i0.wp.com\/intervalphoto.fr\/wp-content\/uploads\/2016\/09\/20160819-DENCOHAPPEL-polyclinique-Cesson-Sevigne-4.jpg?fit=%2C&ssl=1","caption":"\u00c2\u00a9INTERVALphoto, photographe d'architecture : DENCOHAPPEL, plafond filtrants, polyclinique, Cesson S\u00c3\u00a9vign\u00c3\u00a9"},{"@type":"BreadcrumbList","@id":"https:\/\/intervalphoto.fr\/photographe-architecture-et-industrie\/portfolio\/dencohappel-polyclinique-cesson-sevigne\/#breadcrumb","itemListElement":[{"@type":"ListItem","position":1,"name":"Accueil","item":"https:\/\/intervalphoto.fr\/photographe-architecture-et-industrie\/"},{"@type":"ListItem","position":2,"name":"Portfolio","item":"https:\/\/intervalphoto.fr\/photographe-architecture-et-industrie\/portfolio\/"},{"@type":"ListItem","position":3,"name":"DENCOHAPPEL, plafond filtrant, bloc op\u00e9ratoire, polyclinique de Cesson S\u00e9vign\u00e9 (35)"}]},{"@type":"WebSite","@id":"https:\/\/intervalphoto.fr\/photographe-architecture-et-industrie\/#website","url":"https:\/\/intervalphoto.fr\/photographe-architecture-et-industrie\/","name":"INTERVALphoto","description":"revealing...","potentialAction":[{"@type":"SearchAction","target":{"@type":"EntryPoint","urlTemplate":"https:\/\/intervalphoto.fr\/photographe-architecture-et-industrie\/?s={search_term_string}"},"query-input":{"@type":"PropertyValueSpecification","valueRequired":true,"valueName":"search_term_string"}}],"inLanguage":"fr-FR"}]}},"jetpack_sharing_enabled":true,"jetpack_likes_enabled":true,"_links":{"self":[{"href":"https:\/\/intervalphoto.fr\/photographe-architecture-et-industrie\/wp-json\/wp\/v2\/portfolio\/9793","targetHints":{"allow":["GET"]}}],"collection":[{"href":"https:\/\/intervalphoto.fr\/photographe-architecture-et-industrie\/wp-json\/wp\/v2\/portfolio"}],"about":[{"href":"https:\/\/intervalphoto.fr\/photographe-architecture-et-industrie\/wp-json\/wp\/v2\/types\/portfolio"}],"author":[{"embeddable":true,"href":"https:\/\/intervalphoto.fr\/photographe-architecture-et-industrie\/wp-json\/wp\/v2\/users\/1"}],"replies":[{"embeddable":true,"href":"https:\/\/intervalphoto.fr\/photographe-architecture-et-industrie\/wp-json\/wp\/v2\/comments?post=9793"}],"version-history":[{"count":0,"href":"https:\/\/intervalphoto.fr\/photographe-architecture-et-industrie\/wp-json\/wp\/v2\/portfolio\/9793\/revisions"}],"wp:featuredmedia":[{"embeddable":true,"href":"https:\/\/intervalphoto.fr\/photographe-architecture-et-industrie\/wp-json\/wp\/v2\/media\/9795"}],"wp:attachment":[{"href":"https:\/\/intervalphoto.fr\/photographe-architecture-et-industrie\/wp-json\/wp\/v2\/media?parent=9793"}],"wp:term":[{"taxonomy":"portfolio_category","embeddable":true,"href":"https:\/\/intervalphoto.fr\/photographe-architecture-et-industrie\/wp-json\/wp\/v2\/portfolio_category?post=9793"},{"taxonomy":"reportages","embeddable":true,"href":"https:\/\/intervalphoto.fr\/photographe-architecture-et-industrie\/wp-json\/wp\/v2\/reportages?post=9793"},{"taxonomy":"portfolio_tag","embeddable":true,"href":"https:\/\/intervalphoto.fr\/photographe-architecture-et-industrie\/wp-json\/wp\/v2\/portfolio_tag?post=9793"}],"curies":[{"name":"wp","href":"https:\/\/api.w.org\/{rel}","templated":true}]}}